{"id":6559,"date":"2026-02-17T11:17:30","date_gmt":"2026-02-17T16:17:30","guid":{"rendered":"https:\/\/afguayaquil.org.ec\/af\/?post_type=tribe_events&#038;p=6559"},"modified":"2026-02-17T11:29:49","modified_gmt":"2026-02-17T16:29:49","slug":"inscripciones-delf-dalf-abiertas-3","status":"publish","type":"tribe_events","link":"https:\/\/afguayaquil.org.ec\/af\/event\/inscripciones-delf-dalf-abiertas-3\/","title":{"rendered":"INSCRIPCIONES DELF\/DALF ABIERTAS"},"content":{"rendered":"<p>INSCRIPCIONES DELF\/DALF ABIERTAS<br \/>\n\u00a1Desde el 4 hasta el 23 de febrero! Obt\u00e9n tu certificaci\u00f3n oficial de franc\u00e9s con los ex\u00e1menes DELF\/DALF.<br \/>\nFechas de ex\u00e1menes: del 23 al 27 de marzo<\/p>\n<p><img loading=\"lazy\" decoding=\"async\" class=\"alignnone wp-image-6550 size-medium\" src=\"https:\/\/afguayaquil.org.ec\/af\/wp-content\/uploads\/2026\/02\/Certificacion-frances-portada-240x300.jpeg\" alt=\"Certificaci\u00f3n de franc\u00e9s en Guayaquil\" width=\"240\" height=\"300\" \/><\/p>\n<p><img loading=\"lazy\" decoding=\"async\" class=\"alignnone wp-image-6561\" src=\"https:\/\/afguayaquil.org.ec\/af\/wp-content\/uploads\/2026\/02\/certificacion-desc-240x300.jpeg\" alt=\"Descuento en certificaci\u00f3n DELF DALF\" width=\"300\" height=\"375\" \/><\/p>\n<p>\u00bfVas a rendir el DELF B1 o B2 y no tienes tiempo para estudiar?<br \/>\nCon nuestra plataforma PrepMyFuture puedes prepararte desde cualquier lugar y a cualquier hora:<br \/>\n&#x2714; De forma aut\u00f3noma<br \/>\n&#x2714; O con tutor\u00edas guiadas<br \/>\n&#x2714; Acceso ilimitado por 1 a\u00f1o<\/p>\n<p><img loading=\"lazy\" decoding=\"async\" class=\"alignnone wp-image-6563 size-large\" src=\"https:\/\/afguayaquil.org.ec\/af\/wp-content\/uploads\/2026\/02\/prepmyfuture2-819x1024.jpeg\" alt=\"\" width=\"819\" height=\"1024\" \/> <img loading=\"lazy\" decoding=\"async\" class=\"alignnone wp-image-6562 size-large\" src=\"https:\/\/afguayaquil.org.ec\/af\/wp-content\/uploads\/2026\/02\/prepmyfuture-819x1024.jpeg\" alt=\"\" width=\"819\" height=\"1024\" \/><\/p>\n<p>Solo necesitas una computadora con internet.<br \/>\nNo hay excusas. \u00a1Es tu momento de certificar tu franc\u00e9s!<\/p>\n<p>M\u00e1s informaci\u00f3n al: \u202a+593 99 780 7922<\/p>\n","protected":false},"excerpt":{"rendered":"<p>INSCRIPCIONES DELF\/DALF ABIERTAS \u00a1Desde el 4 hasta el 23 de febrero! Obt\u00e9n tu certificaci\u00f3n oficial de franc\u00e9s con los ex\u00e1menes DELF\/DALF. Fechas de ex\u00e1menes: del 23 al 27 de marzo [&hellip;]<\/p>\n","protected":false},"author":1,"featured_media":6560,"template":"","meta":{"_et_pb_use_builder":"","_et_pb_old_content":"","_et_gb_content_width":"","_tribe_events_status":"","_tribe_events_status_reason":"","footnotes":""},"tags":[],"tribe_events_cat":[6,21,30],"class_list":["post-6559","tribe_events","type-tribe_events","status-publish","has-post-thumbnail","hentry","tribe_events_cat-cursos","tribe_events_cat-ensenanza","tribe_events_cat-informativo","cat_cursos","cat_ensenanza","cat_informativo"],"yoast_head":"<!-- This site is optimized with the Yoast SEO Premium plugin v25.0 (Yoast SEO v27.5) - https:\/\/yoast.com\/product\/yoast-seo-premium-wordpress\/ -->\n<title>INSCRIPCIONES DELF\/DALF ABIERTAS - Alianza Francesa de Guayaquil<\/title>\n<meta name=\"description\" content=\"INSCRIPCIONES DELF\/DALF ABIERTAS, certifica tu franc\u00e9s, en Guayaquil, Samborondon, este es el momento\" \/>\n<meta name=\"robots\" content=\"index, follow, max-snippet:-1, max-image-preview:large, max-video-preview:-1\" \/>\n<link rel=\"canonical\" href=\"https:\/\/afguayaquil.org.ec\/af\/event\/inscripciones-delf-dalf-abiertas-3\/\" \/>\n<meta property=\"og:locale\" content=\"es_ES\" \/>\n<meta property=\"og:type\" content=\"article\" \/>\n<meta property=\"og:title\" content=\"INSCRIPCIONES DELF\/DALF ABIERTAS\" \/>\n<meta property=\"og:description\" content=\"INSCRIPCIONES DELF\/DALF ABIERTAS, certifica tu franc\u00e9s, en Guayaquil, Samborondon, este es el momento\" \/>\n<meta property=\"og:url\" content=\"https:\/\/afguayaquil.org.ec\/af\/event\/inscripciones-delf-dalf-abiertas-3\/\" \/>\n<meta property=\"og:site_name\" content=\"Alianza Francesa de Guayaquil\" \/>\n<meta property=\"article:publisher\" content=\"https:\/\/www.facebook.com\/afguayaquil?mibextid=ZbWKwL\" \/>\n<meta property=\"article:modified_time\" content=\"2026-02-17T16:29:49+00:00\" \/>\n<meta property=\"og:image\" content=\"https:\/\/afguayaquil.org.ec\/af\/wp-content\/uploads\/2026\/02\/DELF-DALF.jpeg\" \/>\n\t<meta property=\"og:image:width\" content=\"1080\" \/>\n\t<meta property=\"og:image:height\" content=\"1350\" \/>\n\t<meta property=\"og:image:type\" content=\"image\/jpeg\" \/>\n<meta name=\"twitter:card\" content=\"summary_large_image\" \/>\n<meta name=\"twitter:label1\" content=\"Tiempo de lectura\" \/>\n\t<meta name=\"twitter:data1\" content=\"2 minutos\" \/>\n<script type=\"application\/ld+json\" class=\"yoast-schema-graph\">{\"@context\":\"https:\\\/\\\/schema.org\",\"@graph\":[{\"@type\":\"WebPage\",\"@id\":\"https:\\\/\\\/afguayaquil.org.ec\\\/af\\\/event\\\/inscripciones-delf-dalf-abiertas-3\\\/\",\"url\":\"https:\\\/\\\/afguayaquil.org.ec\\\/af\\\/event\\\/inscripciones-delf-dalf-abiertas-3\\\/\",\"name\":\"INSCRIPCIONES DELF\\\/DALF ABIERTAS - Alianza Francesa de Guayaquil\",\"isPartOf\":{\"@id\":\"https:\\\/\\\/afguayaquil.org.ec\\\/af\\\/#website\"},\"primaryImageOfPage\":{\"@id\":\"https:\\\/\\\/afguayaquil.org.ec\\\/af\\\/event\\\/inscripciones-delf-dalf-abiertas-3\\\/#primaryimage\"},\"image\":{\"@id\":\"https:\\\/\\\/afguayaquil.org.ec\\\/af\\\/event\\\/inscripciones-delf-dalf-abiertas-3\\\/#primaryimage\"},\"thumbnailUrl\":\"https:\\\/\\\/afguayaquil.org.ec\\\/af\\\/wp-content\\\/uploads\\\/2026\\\/02\\\/DELF-DALF.jpeg\",\"datePublished\":\"2026-02-17T16:17:30+00:00\",\"dateModified\":\"2026-02-17T16:29:49+00:00\",\"description\":\"INSCRIPCIONES DELF\\\/DALF ABIERTAS, certifica tu franc\u00e9s, en Guayaquil, Samborondon, este es el momento\",\"breadcrumb\":{\"@id\":\"https:\\\/\\\/afguayaquil.org.ec\\\/af\\\/event\\\/inscripciones-delf-dalf-abiertas-3\\\/#breadcrumb\"},\"inLanguage\":\"es\",\"potentialAction\":[{\"@type\":\"ReadAction\",\"target\":[\"https:\\\/\\\/afguayaquil.org.ec\\\/af\\\/event\\\/inscripciones-delf-dalf-abiertas-3\\\/\"]}]},{\"@type\":\"ImageObject\",\"inLanguage\":\"es\",\"@id\":\"https:\\\/\\\/afguayaquil.org.ec\\\/af\\\/event\\\/inscripciones-delf-dalf-abiertas-3\\\/#primaryimage\",\"url\":\"https:\\\/\\\/afguayaquil.org.ec\\\/af\\\/wp-content\\\/uploads\\\/2026\\\/02\\\/DELF-DALF.jpeg\",\"contentUrl\":\"https:\\\/\\\/afguayaquil.org.ec\\\/af\\\/wp-content\\\/uploads\\\/2026\\\/02\\\/DELF-DALF.jpeg\",\"width\":1080,\"height\":1350,\"caption\":\"Certifica tu franc\u00e9s DELF DALF\"},{\"@type\":\"BreadcrumbList\",\"@id\":\"https:\\\/\\\/afguayaquil.org.ec\\\/af\\\/event\\\/inscripciones-delf-dalf-abiertas-3\\\/#breadcrumb\",\"itemListElement\":[{\"@type\":\"ListItem\",\"position\":1,\"name\":\"Portada\",\"item\":\"https:\\\/\\\/afguayaquil.org.ec\\\/af\\\/\"},{\"@type\":\"ListItem\",\"position\":2,\"name\":\"Eventos\",\"item\":\"https:\\\/\\\/afguayaquil.org.ec\\\/af\\\/events\\\/\"},{\"@type\":\"ListItem\",\"position\":3,\"name\":\"INSCRIPCIONES DELF\\\/DALF ABIERTAS\"}]},{\"@type\":\"WebSite\",\"@id\":\"https:\\\/\\\/afguayaquil.org.ec\\\/af\\\/#website\",\"url\":\"https:\\\/\\\/afguayaquil.org.ec\\\/af\\\/\",\"name\":\"Alianza Francesa de Guayaquil\",\"description\":\"Aprende Frances, cursos de frances, clases de frances, idioma frances, cultura francesa, hablar frances\",\"publisher\":{\"@id\":\"https:\\\/\\\/afguayaquil.org.ec\\\/af\\\/#organization\"},\"alternateName\":\"Cursos de frances\",\"potentialAction\":[{\"@type\":\"SearchAction\",\"target\":{\"@type\":\"EntryPoint\",\"urlTemplate\":\"https:\\\/\\\/afguayaquil.org.ec\\\/af\\\/?s={search_term_string}\"},\"query-input\":{\"@type\":\"PropertyValueSpecification\",\"valueRequired\":true,\"valueName\":\"search_term_string\"}}],\"inLanguage\":\"es\"},{\"@type\":\"Organization\",\"@id\":\"https:\\\/\\\/afguayaquil.org.ec\\\/af\\\/#organization\",\"name\":\"Alianza Francesa de Guayaquil\",\"alternateName\":\"Cursos de frances guayaquil\",\"url\":\"https:\\\/\\\/afguayaquil.org.ec\\\/af\\\/\",\"logo\":{\"@type\":\"ImageObject\",\"inLanguage\":\"es\",\"@id\":\"https:\\\/\\\/afguayaquil.org.ec\\\/af\\\/#\\\/schema\\\/logo\\\/image\\\/\",\"url\":\"https:\\\/\\\/afguayaquil.org.ec\\\/af\\\/wp-content\\\/uploads\\\/2024\\\/10\\\/logoaf.png\",\"contentUrl\":\"https:\\\/\\\/afguayaquil.org.ec\\\/af\\\/wp-content\\\/uploads\\\/2024\\\/10\\\/logoaf.png\",\"width\":125,\"height\":125,\"caption\":\"Alianza Francesa de Guayaquil\"},\"image\":{\"@id\":\"https:\\\/\\\/afguayaquil.org.ec\\\/af\\\/#\\\/schema\\\/logo\\\/image\\\/\"},\"sameAs\":[\"https:\\\/\\\/www.facebook.com\\\/afguayaquil?mibextid=ZbWKwL\",\"https:\\\/\\\/www.instagram.com\\\/afguayaquil?igsh=anE5M2Nyc3g5OTI=\",\"https:\\\/\\\/www.tiktok.com\\\/@afguayaquil?_t=8rcDNvQXJTk&_r=1\"]}]}<\/script>\n<!-- \/ Yoast SEO Premium plugin. -->","yoast_head_json":{"title":"INSCRIPCIONES DELF\/DALF ABIERTAS - Alianza Francesa de Guayaquil","description":"INSCRIPCIONES DELF\/DALF ABIERTAS, certifica tu franc\u00e9s, en Guayaquil, Samborondon, este es el momento","robots":{"index":"index","follow":"follow","max-snippet":"max-snippet:-1","max-image-preview":"max-image-preview:large","max-video-preview":"max-video-preview:-1"},"canonical":"https:\/\/afguayaquil.org.ec\/af\/event\/inscripciones-delf-dalf-abiertas-3\/","og_locale":"es_ES","og_type":"article","og_title":"INSCRIPCIONES DELF\/DALF ABIERTAS","og_description":"INSCRIPCIONES DELF\/DALF ABIERTAS, certifica tu franc\u00e9s, en Guayaquil, Samborondon, este es el momento","og_url":"https:\/\/afguayaquil.org.ec\/af\/event\/inscripciones-delf-dalf-abiertas-3\/","og_site_name":"Alianza Francesa de Guayaquil","article_publisher":"https:\/\/www.facebook.com\/afguayaquil?mibextid=ZbWKwL","article_modified_time":"2026-02-17T16:29:49+00:00","og_image":[{"width":1080,"height":1350,"url":"https:\/\/afguayaquil.org.ec\/af\/wp-content\/uploads\/2026\/02\/DELF-DALF.jpeg","type":"image\/jpeg"}],"twitter_card":"summary_large_image","twitter_misc":{"Tiempo de lectura":"2 minutos"},"schema":{"@context":"https:\/\/schema.org","@graph":[{"@type":"WebPage","@id":"https:\/\/afguayaquil.org.ec\/af\/event\/inscripciones-delf-dalf-abiertas-3\/","url":"https:\/\/afguayaquil.org.ec\/af\/event\/inscripciones-delf-dalf-abiertas-3\/","name":"INSCRIPCIONES DELF\/DALF ABIERTAS - Alianza Francesa de Guayaquil","isPartOf":{"@id":"https:\/\/afguayaquil.org.ec\/af\/#website"},"primaryImageOfPage":{"@id":"https:\/\/afguayaquil.org.ec\/af\/event\/inscripciones-delf-dalf-abiertas-3\/#primaryimage"},"image":{"@id":"https:\/\/afguayaquil.org.ec\/af\/event\/inscripciones-delf-dalf-abiertas-3\/#primaryimage"},"thumbnailUrl":"https:\/\/afguayaquil.org.ec\/af\/wp-content\/uploads\/2026\/02\/DELF-DALF.jpeg","datePublished":"2026-02-17T16:17:30+00:00","dateModified":"2026-02-17T16:29:49+00:00","description":"INSCRIPCIONES DELF\/DALF ABIERTAS, certifica tu franc\u00e9s, en Guayaquil, Samborondon, este es el momento","breadcrumb":{"@id":"https:\/\/afguayaquil.org.ec\/af\/event\/inscripciones-delf-dalf-abiertas-3\/#breadcrumb"},"inLanguage":"es","potentialAction":[{"@type":"ReadAction","target":["https:\/\/afguayaquil.org.ec\/af\/event\/inscripciones-delf-dalf-abiertas-3\/"]}]},{"@type":"ImageObject","inLanguage":"es","@id":"https:\/\/afguayaquil.org.ec\/af\/event\/inscripciones-delf-dalf-abiertas-3\/#primaryimage","url":"https:\/\/afguayaquil.org.ec\/af\/wp-content\/uploads\/2026\/02\/DELF-DALF.jpeg","contentUrl":"https:\/\/afguayaquil.org.ec\/af\/wp-content\/uploads\/2026\/02\/DELF-DALF.jpeg","width":1080,"height":1350,"caption":"Certifica tu franc\u00e9s DELF DALF"},{"@type":"BreadcrumbList","@id":"https:\/\/afguayaquil.org.ec\/af\/event\/inscripciones-delf-dalf-abiertas-3\/#breadcrumb","itemListElement":[{"@type":"ListItem","position":1,"name":"Portada","item":"https:\/\/afguayaquil.org.ec\/af\/"},{"@type":"ListItem","position":2,"name":"Eventos","item":"https:\/\/afguayaquil.org.ec\/af\/events\/"},{"@type":"ListItem","position":3,"name":"INSCRIPCIONES DELF\/DALF ABIERTAS"}]},{"@type":"WebSite","@id":"https:\/\/afguayaquil.org.ec\/af\/#website","url":"https:\/\/afguayaquil.org.ec\/af\/","name":"Alianza Francesa de Guayaquil","description":"Aprende Frances, cursos de frances, clases de frances, idioma frances, cultura francesa, hablar frances","publisher":{"@id":"https:\/\/afguayaquil.org.ec\/af\/#organization"},"alternateName":"Cursos de frances","potentialAction":[{"@type":"SearchAction","target":{"@type":"EntryPoint","urlTemplate":"https:\/\/afguayaquil.org.ec\/af\/?s={search_term_string}"},"query-input":{"@type":"PropertyValueSpecification","valueRequired":true,"valueName":"search_term_string"}}],"inLanguage":"es"},{"@type":"Organization","@id":"https:\/\/afguayaquil.org.ec\/af\/#organization","name":"Alianza Francesa de Guayaquil","alternateName":"Cursos de frances guayaquil","url":"https:\/\/afguayaquil.org.ec\/af\/","logo":{"@type":"ImageObject","inLanguage":"es","@id":"https:\/\/afguayaquil.org.ec\/af\/#\/schema\/logo\/image\/","url":"https:\/\/afguayaquil.org.ec\/af\/wp-content\/uploads\/2024\/10\/logoaf.png","contentUrl":"https:\/\/afguayaquil.org.ec\/af\/wp-content\/uploads\/2024\/10\/logoaf.png","width":125,"height":125,"caption":"Alianza Francesa de Guayaquil"},"image":{"@id":"https:\/\/afguayaquil.org.ec\/af\/#\/schema\/logo\/image\/"},"sameAs":["https:\/\/www.facebook.com\/afguayaquil?mibextid=ZbWKwL","https:\/\/www.instagram.com\/afguayaquil?igsh=anE5M2Nyc3g5OTI=","https:\/\/www.tiktok.com\/@afguayaquil?_t=8rcDNvQXJTk&_r=1"]}]}},"_links":{"self":[{"href":"https:\/\/afguayaquil.org.ec\/af\/wp-json\/wp\/v2\/tribe_events\/6559","targetHints":{"allow":["GET"]}}],"collection":[{"href":"https:\/\/afguayaquil.org.ec\/af\/wp-json\/wp\/v2\/tribe_events"}],"about":[{"href":"https:\/\/afguayaquil.org.ec\/af\/wp-json\/wp\/v2\/types\/tribe_events"}],"author":[{"embeddable":true,"href":"https:\/\/afguayaquil.org.ec\/af\/wp-json\/wp\/v2\/users\/1"}],"version-history":[{"count":3,"href":"https:\/\/afguayaquil.org.ec\/af\/wp-json\/wp\/v2\/tribe_events\/6559\/revisions"}],"predecessor-version":[{"id":6566,"href":"https:\/\/afguayaquil.org.ec\/af\/wp-json\/wp\/v2\/tribe_events\/6559\/revisions\/6566"}],"wp:featuredmedia":[{"embeddable":true,"href":"https:\/\/afguayaquil.org.ec\/af\/wp-json\/wp\/v2\/media\/6560"}],"wp:attachment":[{"href":"https:\/\/afguayaquil.org.ec\/af\/wp-json\/wp\/v2\/media?parent=6559"}],"wp:term":[{"taxonomy":"post_tag","embeddable":true,"href":"https:\/\/afguayaquil.org.ec\/af\/wp-json\/wp\/v2\/tags?post=6559"},{"taxonomy":"tribe_events_cat","embeddable":true,"href":"https:\/\/afguayaquil.org.ec\/af\/wp-json\/wp\/v2\/tribe_events_cat?post=6559"}],"curies":[{"name":"wp","href":"https:\/\/api.w.org\/{rel}","templated":true}]}}