{"id":6363,"date":"2025-09-15T12:50:19","date_gmt":"2025-09-15T17:50:19","guid":{"rendered":"https:\/\/afguayaquil.org.ec\/af\/?post_type=tribe_events&#038;p=6363"},"modified":"2025-09-15T12:52:41","modified_gmt":"2025-09-15T17:52:41","slug":"inscripciones-delf-dalf-abiertas-2","status":"publish","type":"tribe_events","link":"https:\/\/afguayaquil.org.ec\/af\/event\/inscripciones-delf-dalf-abiertas-2\/","title":{"rendered":"INSCRIPCIONES DELF\/DALF ABIERTAS"},"content":{"rendered":"<div class=\"x_gmail_default\"><span data-olk-copy-source=\"MessageBody\"> INSCRIPCIONES DELF\/DALF ABIERTAS <\/span><br \/>\n\u00a1Desde el 15 de septiembre hasta el 17 de octubre!Obt\u00e9n tu certificaci\u00f3n oficial de franc\u00e9s con los ex\u00e1menes DELF\/DALF.<br \/>\nFechas de ex\u00e1menes: del 11 al 14 de noviembre<\/p>\n<p>\u00bfVas a rendir el DELF B1 o B2 y no tienes tiempo para estudiar?<br \/>\nCon nuestra plataforma PrepMyFuture puedes prepararte desde cualquier lugar y a cualquier hora:<br \/>\n\u2714 De forma aut\u00f3noma<br \/>\n\u2714 O con tutor\u00edas guiadas<br \/>\n\u2714 Acceso ilimitado por 1 a\u00f1o<br \/>\n<img loading=\"lazy\" decoding=\"async\" class=\"alignnone wp-image-6366 size-large\" src=\"https:\/\/afguayaquil.org.ec\/af\/wp-content\/uploads\/2025\/09\/DELF1-819x1024.png\" alt=\"certifica tu frances, examen DELF guayaquil samborondon\" width=\"819\" height=\"1024\" \/> <img loading=\"lazy\" decoding=\"async\" class=\"alignnone wp-image-6364 size-large\" src=\"https:\/\/afguayaquil.org.ec\/af\/wp-content\/uploads\/2025\/09\/dELF2-819x1024.png\" alt=\"certifica tu frances, examen DELF guayaquil samborondon\" width=\"819\" height=\"1024\" \/><br \/>\n\u261d Solo necesitas una computadora con internet.<br \/>\nNo hay excusas. \u00a1Es tu momento de certificar tu franc\u00e9s!<\/p>\n<p>M\u00e1s informaci\u00f3n al: \u202a+593 99 780 7922\u202c<\/p>\n<\/div>\n","protected":false},"excerpt":{"rendered":"<p>INSCRIPCIONES DELF\/DALF ABIERTAS<\/p>\n","protected":false},"author":1,"featured_media":6365,"template":"","meta":{"_et_pb_use_builder":"","_et_pb_old_content":"","_et_gb_content_width":"","_tribe_events_status":"","_tribe_events_status_reason":"","footnotes":""},"tags":[],"tribe_events_cat":[6,21,30],"class_list":["post-6363","tribe_events","type-tribe_events","status-publish","has-post-thumbnail","hentry","tribe_events_cat-cursos","tribe_events_cat-ensenanza","tribe_events_cat-informativo","cat_cursos","cat_ensenanza","cat_informativo"],"yoast_head":"<!-- This site is optimized with the Yoast SEO Premium plugin v25.0 (Yoast SEO v27.5) - https:\/\/yoast.com\/product\/yoast-seo-premium-wordpress\/ -->\n<title>INSCRIPCIONES DELF\/DALF ABIERTAS - Alianza Francesa de Guayaquil<\/title>\n<meta name=\"description\" content=\"INSCRIPCIONES DELF\/DALF ABIERTAS, certificacion de frances, alianza francesa guayaquil, samborondon\" \/>\n<meta name=\"robots\" content=\"index, follow, max-snippet:-1, max-image-preview:large, max-video-preview:-1\" \/>\n<link rel=\"canonical\" href=\"https:\/\/afguayaquil.org.ec\/af\/event\/inscripciones-delf-dalf-abiertas-2\/\" \/>\n<meta property=\"og:locale\" content=\"es_ES\" \/>\n<meta property=\"og:type\" content=\"article\" \/>\n<meta property=\"og:title\" content=\"INSCRIPCIONES DELF\/DALF ABIERTAS\" \/>\n<meta property=\"og:description\" content=\"INSCRIPCIONES DELF\/DALF ABIERTAS, certificacion de frances, alianza francesa guayaquil, samborondon\" \/>\n<meta property=\"og:url\" content=\"https:\/\/afguayaquil.org.ec\/af\/event\/inscripciones-delf-dalf-abiertas-2\/\" \/>\n<meta property=\"og:site_name\" content=\"Alianza Francesa de Guayaquil\" \/>\n<meta property=\"article:publisher\" content=\"https:\/\/www.facebook.com\/afguayaquil?mibextid=ZbWKwL\" \/>\n<meta property=\"article:modified_time\" content=\"2025-09-15T17:52:41+00:00\" \/>\n<meta property=\"og:image\" content=\"https:\/\/afguayaquil.org.ec\/af\/wp-content\/uploads\/2025\/09\/DELF.png\" \/>\n\t<meta property=\"og:image:width\" content=\"1080\" \/>\n\t<meta property=\"og:image:height\" content=\"1350\" \/>\n\t<meta property=\"og:image:type\" content=\"image\/png\" \/>\n<meta name=\"twitter:card\" content=\"summary_large_image\" \/>\n<meta name=\"twitter:label1\" content=\"Tiempo de lectura\" \/>\n\t<meta name=\"twitter:data1\" content=\"2 minutos\" \/>\n<script type=\"application\/ld+json\" class=\"yoast-schema-graph\">{\"@context\":\"https:\\\/\\\/schema.org\",\"@graph\":[{\"@type\":\"WebPage\",\"@id\":\"https:\\\/\\\/afguayaquil.org.ec\\\/af\\\/event\\\/inscripciones-delf-dalf-abiertas-2\\\/\",\"url\":\"https:\\\/\\\/afguayaquil.org.ec\\\/af\\\/event\\\/inscripciones-delf-dalf-abiertas-2\\\/\",\"name\":\"INSCRIPCIONES DELF\\\/DALF ABIERTAS - Alianza Francesa de Guayaquil\",\"isPartOf\":{\"@id\":\"https:\\\/\\\/afguayaquil.org.ec\\\/af\\\/#website\"},\"primaryImageOfPage\":{\"@id\":\"https:\\\/\\\/afguayaquil.org.ec\\\/af\\\/event\\\/inscripciones-delf-dalf-abiertas-2\\\/#primaryimage\"},\"image\":{\"@id\":\"https:\\\/\\\/afguayaquil.org.ec\\\/af\\\/event\\\/inscripciones-delf-dalf-abiertas-2\\\/#primaryimage\"},\"thumbnailUrl\":\"https:\\\/\\\/afguayaquil.org.ec\\\/af\\\/wp-content\\\/uploads\\\/2025\\\/09\\\/DELF-e1757959587747.png\",\"datePublished\":\"2025-09-15T17:50:19+00:00\",\"dateModified\":\"2025-09-15T17:52:41+00:00\",\"description\":\"INSCRIPCIONES DELF\\\/DALF ABIERTAS, certificacion de frances, alianza francesa guayaquil, samborondon\",\"breadcrumb\":{\"@id\":\"https:\\\/\\\/afguayaquil.org.ec\\\/af\\\/event\\\/inscripciones-delf-dalf-abiertas-2\\\/#breadcrumb\"},\"inLanguage\":\"es\",\"potentialAction\":[{\"@type\":\"ReadAction\",\"target\":[\"https:\\\/\\\/afguayaquil.org.ec\\\/af\\\/event\\\/inscripciones-delf-dalf-abiertas-2\\\/\"]}]},{\"@type\":\"ImageObject\",\"inLanguage\":\"es\",\"@id\":\"https:\\\/\\\/afguayaquil.org.ec\\\/af\\\/event\\\/inscripciones-delf-dalf-abiertas-2\\\/#primaryimage\",\"url\":\"https:\\\/\\\/afguayaquil.org.ec\\\/af\\\/wp-content\\\/uploads\\\/2025\\\/09\\\/DELF-e1757959587747.png\",\"contentUrl\":\"https:\\\/\\\/afguayaquil.org.ec\\\/af\\\/wp-content\\\/uploads\\\/2025\\\/09\\\/DELF-e1757959587747.png\",\"width\":800,\"height\":1000,\"caption\":\"certifica tu frances, examen DELF guayaquil samborondon\"},{\"@type\":\"BreadcrumbList\",\"@id\":\"https:\\\/\\\/afguayaquil.org.ec\\\/af\\\/event\\\/inscripciones-delf-dalf-abiertas-2\\\/#breadcrumb\",\"itemListElement\":[{\"@type\":\"ListItem\",\"position\":1,\"name\":\"Portada\",\"item\":\"https:\\\/\\\/afguayaquil.org.ec\\\/af\\\/\"},{\"@type\":\"ListItem\",\"position\":2,\"name\":\"Eventos\",\"item\":\"https:\\\/\\\/afguayaquil.org.ec\\\/af\\\/events\\\/\"},{\"@type\":\"ListItem\",\"position\":3,\"name\":\"INSCRIPCIONES DELF\\\/DALF ABIERTAS\"}]},{\"@type\":\"WebSite\",\"@id\":\"https:\\\/\\\/afguayaquil.org.ec\\\/af\\\/#website\",\"url\":\"https:\\\/\\\/afguayaquil.org.ec\\\/af\\\/\",\"name\":\"Alianza Francesa de Guayaquil\",\"description\":\"Aprende Frances, cursos de frances, clases de frances, idioma frances, cultura francesa, hablar frances\",\"publisher\":{\"@id\":\"https:\\\/\\\/afguayaquil.org.ec\\\/af\\\/#organization\"},\"alternateName\":\"Cursos de frances\",\"potentialAction\":[{\"@type\":\"SearchAction\",\"target\":{\"@type\":\"EntryPoint\",\"urlTemplate\":\"https:\\\/\\\/afguayaquil.org.ec\\\/af\\\/?s={search_term_string}\"},\"query-input\":{\"@type\":\"PropertyValueSpecification\",\"valueRequired\":true,\"valueName\":\"search_term_string\"}}],\"inLanguage\":\"es\"},{\"@type\":\"Organization\",\"@id\":\"https:\\\/\\\/afguayaquil.org.ec\\\/af\\\/#organization\",\"name\":\"Alianza Francesa de Guayaquil\",\"alternateName\":\"Cursos de frances guayaquil\",\"url\":\"https:\\\/\\\/afguayaquil.org.ec\\\/af\\\/\",\"logo\":{\"@type\":\"ImageObject\",\"inLanguage\":\"es\",\"@id\":\"https:\\\/\\\/afguayaquil.org.ec\\\/af\\\/#\\\/schema\\\/logo\\\/image\\\/\",\"url\":\"https:\\\/\\\/afguayaquil.org.ec\\\/af\\\/wp-content\\\/uploads\\\/2024\\\/10\\\/logoaf.png\",\"contentUrl\":\"https:\\\/\\\/afguayaquil.org.ec\\\/af\\\/wp-content\\\/uploads\\\/2024\\\/10\\\/logoaf.png\",\"width\":125,\"height\":125,\"caption\":\"Alianza Francesa de Guayaquil\"},\"image\":{\"@id\":\"https:\\\/\\\/afguayaquil.org.ec\\\/af\\\/#\\\/schema\\\/logo\\\/image\\\/\"},\"sameAs\":[\"https:\\\/\\\/www.facebook.com\\\/afguayaquil?mibextid=ZbWKwL\",\"https:\\\/\\\/www.instagram.com\\\/afguayaquil?igsh=anE5M2Nyc3g5OTI=\",\"https:\\\/\\\/www.tiktok.com\\\/@afguayaquil?_t=8rcDNvQXJTk&_r=1\"]}]}<\/script>\n<!-- \/ Yoast SEO Premium plugin. -->","yoast_head_json":{"title":"INSCRIPCIONES DELF\/DALF ABIERTAS - Alianza Francesa de Guayaquil","description":"INSCRIPCIONES DELF\/DALF ABIERTAS, certificacion de frances, alianza francesa guayaquil, samborondon","robots":{"index":"index","follow":"follow","max-snippet":"max-snippet:-1","max-image-preview":"max-image-preview:large","max-video-preview":"max-video-preview:-1"},"canonical":"https:\/\/afguayaquil.org.ec\/af\/event\/inscripciones-delf-dalf-abiertas-2\/","og_locale":"es_ES","og_type":"article","og_title":"INSCRIPCIONES DELF\/DALF ABIERTAS","og_description":"INSCRIPCIONES DELF\/DALF ABIERTAS, certificacion de frances, alianza francesa guayaquil, samborondon","og_url":"https:\/\/afguayaquil.org.ec\/af\/event\/inscripciones-delf-dalf-abiertas-2\/","og_site_name":"Alianza Francesa de Guayaquil","article_publisher":"https:\/\/www.facebook.com\/afguayaquil?mibextid=ZbWKwL","article_modified_time":"2025-09-15T17:52:41+00:00","og_image":[{"width":1080,"height":1350,"url":"https:\/\/afguayaquil.org.ec\/af\/wp-content\/uploads\/2025\/09\/DELF.png","type":"image\/png"}],"twitter_card":"summary_large_image","twitter_misc":{"Tiempo de lectura":"2 minutos"},"schema":{"@context":"https:\/\/schema.org","@graph":[{"@type":"WebPage","@id":"https:\/\/afguayaquil.org.ec\/af\/event\/inscripciones-delf-dalf-abiertas-2\/","url":"https:\/\/afguayaquil.org.ec\/af\/event\/inscripciones-delf-dalf-abiertas-2\/","name":"INSCRIPCIONES DELF\/DALF ABIERTAS - Alianza Francesa de Guayaquil","isPartOf":{"@id":"https:\/\/afguayaquil.org.ec\/af\/#website"},"primaryImageOfPage":{"@id":"https:\/\/afguayaquil.org.ec\/af\/event\/inscripciones-delf-dalf-abiertas-2\/#primaryimage"},"image":{"@id":"https:\/\/afguayaquil.org.ec\/af\/event\/inscripciones-delf-dalf-abiertas-2\/#primaryimage"},"thumbnailUrl":"https:\/\/afguayaquil.org.ec\/af\/wp-content\/uploads\/2025\/09\/DELF-e1757959587747.png","datePublished":"2025-09-15T17:50:19+00:00","dateModified":"2025-09-15T17:52:41+00:00","description":"INSCRIPCIONES DELF\/DALF ABIERTAS, certificacion de frances, alianza francesa guayaquil, samborondon","breadcrumb":{"@id":"https:\/\/afguayaquil.org.ec\/af\/event\/inscripciones-delf-dalf-abiertas-2\/#breadcrumb"},"inLanguage":"es","potentialAction":[{"@type":"ReadAction","target":["https:\/\/afguayaquil.org.ec\/af\/event\/inscripciones-delf-dalf-abiertas-2\/"]}]},{"@type":"ImageObject","inLanguage":"es","@id":"https:\/\/afguayaquil.org.ec\/af\/event\/inscripciones-delf-dalf-abiertas-2\/#primaryimage","url":"https:\/\/afguayaquil.org.ec\/af\/wp-content\/uploads\/2025\/09\/DELF-e1757959587747.png","contentUrl":"https:\/\/afguayaquil.org.ec\/af\/wp-content\/uploads\/2025\/09\/DELF-e1757959587747.png","width":800,"height":1000,"caption":"certifica tu frances, examen DELF guayaquil samborondon"},{"@type":"BreadcrumbList","@id":"https:\/\/afguayaquil.org.ec\/af\/event\/inscripciones-delf-dalf-abiertas-2\/#breadcrumb","itemListElement":[{"@type":"ListItem","position":1,"name":"Portada","item":"https:\/\/afguayaquil.org.ec\/af\/"},{"@type":"ListItem","position":2,"name":"Eventos","item":"https:\/\/afguayaquil.org.ec\/af\/events\/"},{"@type":"ListItem","position":3,"name":"INSCRIPCIONES DELF\/DALF ABIERTAS"}]},{"@type":"WebSite","@id":"https:\/\/afguayaquil.org.ec\/af\/#website","url":"https:\/\/afguayaquil.org.ec\/af\/","name":"Alianza Francesa de Guayaquil","description":"Aprende Frances, cursos de frances, clases de frances, idioma frances, cultura francesa, hablar frances","publisher":{"@id":"https:\/\/afguayaquil.org.ec\/af\/#organization"},"alternateName":"Cursos de frances","potentialAction":[{"@type":"SearchAction","target":{"@type":"EntryPoint","urlTemplate":"https:\/\/afguayaquil.org.ec\/af\/?s={search_term_string}"},"query-input":{"@type":"PropertyValueSpecification","valueRequired":true,"valueName":"search_term_string"}}],"inLanguage":"es"},{"@type":"Organization","@id":"https:\/\/afguayaquil.org.ec\/af\/#organization","name":"Alianza Francesa de Guayaquil","alternateName":"Cursos de frances guayaquil","url":"https:\/\/afguayaquil.org.ec\/af\/","logo":{"@type":"ImageObject","inLanguage":"es","@id":"https:\/\/afguayaquil.org.ec\/af\/#\/schema\/logo\/image\/","url":"https:\/\/afguayaquil.org.ec\/af\/wp-content\/uploads\/2024\/10\/logoaf.png","contentUrl":"https:\/\/afguayaquil.org.ec\/af\/wp-content\/uploads\/2024\/10\/logoaf.png","width":125,"height":125,"caption":"Alianza Francesa de Guayaquil"},"image":{"@id":"https:\/\/afguayaquil.org.ec\/af\/#\/schema\/logo\/image\/"},"sameAs":["https:\/\/www.facebook.com\/afguayaquil?mibextid=ZbWKwL","https:\/\/www.instagram.com\/afguayaquil?igsh=anE5M2Nyc3g5OTI=","https:\/\/www.tiktok.com\/@afguayaquil?_t=8rcDNvQXJTk&_r=1"]}]}},"_links":{"self":[{"href":"https:\/\/afguayaquil.org.ec\/af\/wp-json\/wp\/v2\/tribe_events\/6363","targetHints":{"allow":["GET"]}}],"collection":[{"href":"https:\/\/afguayaquil.org.ec\/af\/wp-json\/wp\/v2\/tribe_events"}],"about":[{"href":"https:\/\/afguayaquil.org.ec\/af\/wp-json\/wp\/v2\/types\/tribe_events"}],"author":[{"embeddable":true,"href":"https:\/\/afguayaquil.org.ec\/af\/wp-json\/wp\/v2\/users\/1"}],"version-history":[{"count":2,"href":"https:\/\/afguayaquil.org.ec\/af\/wp-json\/wp\/v2\/tribe_events\/6363\/revisions"}],"predecessor-version":[{"id":6368,"href":"https:\/\/afguayaquil.org.ec\/af\/wp-json\/wp\/v2\/tribe_events\/6363\/revisions\/6368"}],"wp:featuredmedia":[{"embeddable":true,"href":"https:\/\/afguayaquil.org.ec\/af\/wp-json\/wp\/v2\/media\/6365"}],"wp:attachment":[{"href":"https:\/\/afguayaquil.org.ec\/af\/wp-json\/wp\/v2\/media?parent=6363"}],"wp:term":[{"taxonomy":"post_tag","embeddable":true,"href":"https:\/\/afguayaquil.org.ec\/af\/wp-json\/wp\/v2\/tags?post=6363"},{"taxonomy":"tribe_events_cat","embeddable":true,"href":"https:\/\/afguayaquil.org.ec\/af\/wp-json\/wp\/v2\/tribe_events_cat?post=6363"}],"curies":[{"name":"wp","href":"https:\/\/api.w.org\/{rel}","templated":true}]}}