{"id":6321,"date":"2025-08-21T00:10:43","date_gmt":"2025-08-21T05:10:43","guid":{"rendered":"https:\/\/afguayaquil.org.ec\/af\/?page_id=6321"},"modified":"2026-04-28T22:47:38","modified_gmt":"2026-04-29T03:47:38","slug":"proximos-cursos-de-frances-para-ninos","status":"publish","type":"page","link":"https:\/\/afguayaquil.org.ec\/af\/proximos-cursos-de-frances-para-ninos\/","title":{"rendered":"Pr\u00f3ximos cursos de Franc\u00e9s para ni\u00f1os"},"content":{"rendered":"<p>[et_pb_section fb_built=\u00bb1&#8243; _builder_version=\u00bb4.27.4&#8243; _module_preset=\u00bbdefault\u00bb da_disable_devices=\u00bboff|off|off\u00bb global_colors_info=\u00bb{}\u00bb da_is_popup=\u00bboff\u00bb da_exit_intent=\u00bboff\u00bb da_has_close=\u00bbon\u00bb da_alt_close=\u00bboff\u00bb da_dark_close=\u00bboff\u00bb da_not_modal=\u00bbon\u00bb da_is_singular=\u00bboff\u00bb da_with_loader=\u00bboff\u00bb da_has_shadow=\u00bbon\u00bb][et_pb_row _builder_version=\u00bb4.27.4&#8243; _module_preset=\u00bbdefault\u00bb global_colors_info=\u00bb{}\u00bb][et_pb_column type=\u00bb4_4&#8243; _builder_version=\u00bb4.27.4&#8243; _module_preset=\u00bbdefault\u00bb global_colors_info=\u00bb{}\u00bb][et_pb_heading title=\u00bbPr\u00f3ximos cursos de Franc\u00e9s para ni\u00f1os\u00bb url=\u00bb@ET-DC@eyJkeW5hbWljIjp0cnVlLCJjb250ZW50IjoicG9zdF9saW5rX3VybF9wYWdlIiwic2V0dGluZ3MiOnsicG9zdF9pZCI6IjMwMiJ9fQ==@\u00bb _builder_version=\u00bb4.27.4&#8243; _dynamic_attributes=\u00bburl\u00bb _module_preset=\u00bbdefault\u00bb title_font=\u00bbParis|||on|||||\u00bb title_text_align=\u00bbleft\u00bb module_alignment=\u00bbcenter\u00bb title_text_shadow_style=\u00bbpreset1&#8243; global_colors_info=\u00bb{}\u00bb][\/et_pb_heading][dnxte_masonary gallery_ids=\u00bb6663,6662&#8243; _builder_version=\u00bb4.27.6&#8243; _module_preset=\u00bbdefault\u00bb hover_enabled=\u00bb0&#8243; global_colors_info=\u00bb{}\u00bb sticky_enabled=\u00bb0&#8243;][\/dnxte_masonary][\/et_pb_column][\/et_pb_row][\/et_pb_section]<\/p>\n","protected":false},"excerpt":{"rendered":"<div class=\"et_pb_module dnxte_masonary dnxte_masonary_0\">\n\t\t\t\t\n\t\t\t\t\n\t\t\t\t\n\t\t\t\t\n\t\t\t\t\n\t\t\t\t\n\t\t\t\t<div class=\"et_pb_module_inner\">\n\t\t\t\t\t<div class=\"dnxte-msnary-wrapper\"><div class=\"dnxte-grid\"><div class=\"dnxte-msnary-grid\" id=\"dnxte-masonry-grid\" data-lightbox=\"1\" data-gutter=\"10\" data-columns=\"4\" data-gutter-map=\"10||\" data-column-map=\"4||\"><div class=\"grid-sizer\"><\/div><div class=\"gutter-sizer\"><\/div><div class=\"dnxte-msnary-item et_pb_gallery_image \"> <a class=\"image-link imghvr-msnary-none imghve-color\" href=\"https:\/\/afguayaquil.org.ec\/af\/wp-content\/uploads\/2026\/04\/cursos-ninos-semana-sambo-may.jpeg\" target=\"\" data-title=\"\" data-caption=\"\">\n                    <img width=\"540\" height=\"675\" src=\"https:\/\/afguayaquil.org.ec\/af\/wp-content\/uploads\/2026\/04\/cursos-ninos-semana-sambo-may.jpeg\" class=\"attachment-full size-full\" alt=\"curso de franc\u00e9s ni\u00f1os martes a jueves Sambo\" decoding=\"async\" loading=\"lazy\" srcset=\"https:\/\/afguayaquil.org.ec\/af\/wp-content\/uploads\/2026\/04\/cursos-ninos-semana-sambo-may.jpeg 540w, https:\/\/afguayaquil.org.ec\/af\/wp-content\/uploads\/2026\/04\/cursos-ninos-semana-sambo-may-480x600.jpeg 480w\" sizes=\"(min-width: 0px) and (max-width: 480px) 480px, (min-width: 481px) 540px, 100vw\" \/>\n                <\/a><span class=\"dnxte_ovl et_overlay\" data-icon=\"L\" data-icon-tablet=\"L\" data-icon-phone=\"L\" >\n                    <div class='dnxte-msnary-details'><\/div><\/div><!-- .dnxte-msnary-details -->\n                <\/span><div class=\"dnxte-msnary-item et_pb_gallery_image \"> <a class=\"image-link imghvr-msnary-none imghve-color\" href=\"https:\/\/afguayaquil.org.ec\/af\/wp-content\/uploads\/2026\/04\/cursos-ninos-semana-urdesa-may.jpeg\" target=\"\" data-title=\"\" data-caption=\"\">\n                    <img width=\"540\" height=\"675\" src=\"https:\/\/afguayaquil.org.ec\/af\/wp-content\/uploads\/2026\/04\/cursos-ninos-semana-urdesa-may.jpeg\" class=\"attachment-full size-full\" alt=\"curso de franc\u00e9s ni\u00f1os martes a jueves urdesa\" decoding=\"async\" loading=\"lazy\" srcset=\"https:\/\/afguayaquil.org.ec\/af\/wp-content\/uploads\/2026\/04\/cursos-ninos-semana-urdesa-may.jpeg 540w, https:\/\/afguayaquil.org.ec\/af\/wp-content\/uploads\/2026\/04\/cursos-ninos-semana-urdesa-may-480x600.jpeg 480w\" sizes=\"(min-width: 0px) and (max-width: 480px) 480px, (min-width: 481px) 540px, 100vw\" \/>\n                <\/a><span class=\"dnxte_ovl et_overlay\" data-icon=\"L\" data-icon-tablet=\"L\" data-icon-phone=\"L\" >\n                    <div class='dnxte-msnary-details'><\/div><\/div><!-- .dnxte-msnary-details -->\n                <\/span><\/div><\/div><\/div><!-- .dnxte-msnary-grid -->\n\t\t\t\t<\/div>\n\t\t\t<\/div>\n","protected":false},"author":1,"featured_media":0,"parent":0,"menu_order":0,"comment_status":"closed","ping_status":"closed","template":"","meta":{"_et_pb_use_builder":"on","_et_pb_old_content":"","_et_gb_content_width":"","footnotes":""},"class_list":["post-6321","page","type-page","status-publish","hentry"],"yoast_head":"<!-- This site is optimized with the Yoast SEO Premium plugin v25.0 (Yoast SEO v27.5) - https:\/\/yoast.com\/product\/yoast-seo-premium-wordpress\/ -->\n<title>Pr\u00f3ximos cursos de Franc\u00e9s para ni\u00f1os - Alianza Francesa de Guayaquil<\/title>\n<meta name=\"description\" content=\"Pr\u00f3ximos cursos de franc\u00e9s para ni\u00f1os en guayaquil, Urdesa y Samborondon, aprende a hablar franc\u00e9s, estudia franc\u00e9s\" \/>\n<meta name=\"robots\" content=\"index, follow, max-snippet:-1, max-image-preview:large, max-video-preview:-1\" \/>\n<link rel=\"canonical\" href=\"https:\/\/afguayaquil.org.ec\/af\/proximos-cursos-de-frances-para-ninos\/\" \/>\n<meta property=\"og:locale\" content=\"es_ES\" \/>\n<meta property=\"og:type\" content=\"article\" \/>\n<meta property=\"og:title\" content=\"Pr\u00f3ximos cursos de Franc\u00e9s para ni\u00f1os\" \/>\n<meta property=\"og:description\" content=\"Pr\u00f3ximos cursos de franc\u00e9s para ni\u00f1os en guayaquil, Urdesa y Samborondon, aprende a hablar franc\u00e9s, estudia franc\u00e9s\" \/>\n<meta property=\"og:url\" content=\"https:\/\/afguayaquil.org.ec\/af\/proximos-cursos-de-frances-para-ninos\/\" \/>\n<meta property=\"og:site_name\" content=\"Alianza Francesa de Guayaquil\" \/>\n<meta property=\"article:publisher\" content=\"https:\/\/www.facebook.com\/afguayaquil?mibextid=ZbWKwL\" \/>\n<meta property=\"article:modified_time\" content=\"2026-04-29T03:47:38+00:00\" \/>\n<meta name=\"twitter:card\" content=\"summary_large_image\" \/>\n<meta name=\"twitter:label1\" content=\"Tiempo de lectura\" \/>\n\t<meta name=\"twitter:data1\" content=\"1 minuto\" \/>\n<script type=\"application\/ld+json\" class=\"yoast-schema-graph\">{\"@context\":\"https:\\\/\\\/schema.org\",\"@graph\":[{\"@type\":\"WebPage\",\"@id\":\"https:\\\/\\\/afguayaquil.org.ec\\\/af\\\/proximos-cursos-de-frances-para-ninos\\\/\",\"url\":\"https:\\\/\\\/afguayaquil.org.ec\\\/af\\\/proximos-cursos-de-frances-para-ninos\\\/\",\"name\":\"Pr\u00f3ximos cursos de Franc\u00e9s para ni\u00f1os - Alianza Francesa de Guayaquil\",\"isPartOf\":{\"@id\":\"https:\\\/\\\/afguayaquil.org.ec\\\/af\\\/#website\"},\"datePublished\":\"2025-08-21T05:10:43+00:00\",\"dateModified\":\"2026-04-29T03:47:38+00:00\",\"description\":\"Pr\u00f3ximos cursos de franc\u00e9s para ni\u00f1os en guayaquil, Urdesa y Samborondon, aprende a hablar franc\u00e9s, estudia franc\u00e9s\",\"breadcrumb\":{\"@id\":\"https:\\\/\\\/afguayaquil.org.ec\\\/af\\\/proximos-cursos-de-frances-para-ninos\\\/#breadcrumb\"},\"inLanguage\":\"es\",\"potentialAction\":[{\"@type\":\"ReadAction\",\"target\":[\"https:\\\/\\\/afguayaquil.org.ec\\\/af\\\/proximos-cursos-de-frances-para-ninos\\\/\"]}]},{\"@type\":\"BreadcrumbList\",\"@id\":\"https:\\\/\\\/afguayaquil.org.ec\\\/af\\\/proximos-cursos-de-frances-para-ninos\\\/#breadcrumb\",\"itemListElement\":[{\"@type\":\"ListItem\",\"position\":1,\"name\":\"Portada\",\"item\":\"https:\\\/\\\/afguayaquil.org.ec\\\/af\\\/\"},{\"@type\":\"ListItem\",\"position\":2,\"name\":\"Pr\u00f3ximos cursos de Franc\u00e9s para ni\u00f1os\"}]},{\"@type\":\"WebSite\",\"@id\":\"https:\\\/\\\/afguayaquil.org.ec\\\/af\\\/#website\",\"url\":\"https:\\\/\\\/afguayaquil.org.ec\\\/af\\\/\",\"name\":\"Alianza Francesa de Guayaquil\",\"description\":\"Aprende Frances, cursos de frances, clases de frances, idioma frances, cultura francesa, hablar frances\",\"publisher\":{\"@id\":\"https:\\\/\\\/afguayaquil.org.ec\\\/af\\\/#organization\"},\"alternateName\":\"Cursos de frances\",\"potentialAction\":[{\"@type\":\"SearchAction\",\"target\":{\"@type\":\"EntryPoint\",\"urlTemplate\":\"https:\\\/\\\/afguayaquil.org.ec\\\/af\\\/?s={search_term_string}\"},\"query-input\":{\"@type\":\"PropertyValueSpecification\",\"valueRequired\":true,\"valueName\":\"search_term_string\"}}],\"inLanguage\":\"es\"},{\"@type\":\"Organization\",\"@id\":\"https:\\\/\\\/afguayaquil.org.ec\\\/af\\\/#organization\",\"name\":\"Alianza Francesa de Guayaquil\",\"alternateName\":\"Cursos de frances guayaquil\",\"url\":\"https:\\\/\\\/afguayaquil.org.ec\\\/af\\\/\",\"logo\":{\"@type\":\"ImageObject\",\"inLanguage\":\"es\",\"@id\":\"https:\\\/\\\/afguayaquil.org.ec\\\/af\\\/#\\\/schema\\\/logo\\\/image\\\/\",\"url\":\"https:\\\/\\\/afguayaquil.org.ec\\\/af\\\/wp-content\\\/uploads\\\/2024\\\/10\\\/logoaf.png\",\"contentUrl\":\"https:\\\/\\\/afguayaquil.org.ec\\\/af\\\/wp-content\\\/uploads\\\/2024\\\/10\\\/logoaf.png\",\"width\":125,\"height\":125,\"caption\":\"Alianza Francesa de Guayaquil\"},\"image\":{\"@id\":\"https:\\\/\\\/afguayaquil.org.ec\\\/af\\\/#\\\/schema\\\/logo\\\/image\\\/\"},\"sameAs\":[\"https:\\\/\\\/www.facebook.com\\\/afguayaquil?mibextid=ZbWKwL\",\"https:\\\/\\\/www.instagram.com\\\/afguayaquil?igsh=anE5M2Nyc3g5OTI=\",\"https:\\\/\\\/www.tiktok.com\\\/@afguayaquil?_t=8rcDNvQXJTk&_r=1\"]}]}<\/script>\n<!-- \/ Yoast SEO Premium plugin. -->","yoast_head_json":{"title":"Pr\u00f3ximos cursos de Franc\u00e9s para ni\u00f1os - Alianza Francesa de Guayaquil","description":"Pr\u00f3ximos cursos de franc\u00e9s para ni\u00f1os en guayaquil, Urdesa y Samborondon, aprende a hablar franc\u00e9s, estudia franc\u00e9s","robots":{"index":"index","follow":"follow","max-snippet":"max-snippet:-1","max-image-preview":"max-image-preview:large","max-video-preview":"max-video-preview:-1"},"canonical":"https:\/\/afguayaquil.org.ec\/af\/proximos-cursos-de-frances-para-ninos\/","og_locale":"es_ES","og_type":"article","og_title":"Pr\u00f3ximos cursos de Franc\u00e9s para ni\u00f1os","og_description":"Pr\u00f3ximos cursos de franc\u00e9s para ni\u00f1os en guayaquil, Urdesa y Samborondon, aprende a hablar franc\u00e9s, estudia franc\u00e9s","og_url":"https:\/\/afguayaquil.org.ec\/af\/proximos-cursos-de-frances-para-ninos\/","og_site_name":"Alianza Francesa de Guayaquil","article_publisher":"https:\/\/www.facebook.com\/afguayaquil?mibextid=ZbWKwL","article_modified_time":"2026-04-29T03:47:38+00:00","twitter_card":"summary_large_image","twitter_misc":{"Tiempo de lectura":"1 minuto"},"schema":{"@context":"https:\/\/schema.org","@graph":[{"@type":"WebPage","@id":"https:\/\/afguayaquil.org.ec\/af\/proximos-cursos-de-frances-para-ninos\/","url":"https:\/\/afguayaquil.org.ec\/af\/proximos-cursos-de-frances-para-ninos\/","name":"Pr\u00f3ximos cursos de Franc\u00e9s para ni\u00f1os - Alianza Francesa de Guayaquil","isPartOf":{"@id":"https:\/\/afguayaquil.org.ec\/af\/#website"},"datePublished":"2025-08-21T05:10:43+00:00","dateModified":"2026-04-29T03:47:38+00:00","description":"Pr\u00f3ximos cursos de franc\u00e9s para ni\u00f1os en guayaquil, Urdesa y Samborondon, aprende a hablar franc\u00e9s, estudia franc\u00e9s","breadcrumb":{"@id":"https:\/\/afguayaquil.org.ec\/af\/proximos-cursos-de-frances-para-ninos\/#breadcrumb"},"inLanguage":"es","potentialAction":[{"@type":"ReadAction","target":["https:\/\/afguayaquil.org.ec\/af\/proximos-cursos-de-frances-para-ninos\/"]}]},{"@type":"BreadcrumbList","@id":"https:\/\/afguayaquil.org.ec\/af\/proximos-cursos-de-frances-para-ninos\/#breadcrumb","itemListElement":[{"@type":"ListItem","position":1,"name":"Portada","item":"https:\/\/afguayaquil.org.ec\/af\/"},{"@type":"ListItem","position":2,"name":"Pr\u00f3ximos cursos de Franc\u00e9s para ni\u00f1os"}]},{"@type":"WebSite","@id":"https:\/\/afguayaquil.org.ec\/af\/#website","url":"https:\/\/afguayaquil.org.ec\/af\/","name":"Alianza Francesa de Guayaquil","description":"Aprende Frances, cursos de frances, clases de frances, idioma frances, cultura francesa, hablar frances","publisher":{"@id":"https:\/\/afguayaquil.org.ec\/af\/#organization"},"alternateName":"Cursos de frances","potentialAction":[{"@type":"SearchAction","target":{"@type":"EntryPoint","urlTemplate":"https:\/\/afguayaquil.org.ec\/af\/?s={search_term_string}"},"query-input":{"@type":"PropertyValueSpecification","valueRequired":true,"valueName":"search_term_string"}}],"inLanguage":"es"},{"@type":"Organization","@id":"https:\/\/afguayaquil.org.ec\/af\/#organization","name":"Alianza Francesa de Guayaquil","alternateName":"Cursos de frances guayaquil","url":"https:\/\/afguayaquil.org.ec\/af\/","logo":{"@type":"ImageObject","inLanguage":"es","@id":"https:\/\/afguayaquil.org.ec\/af\/#\/schema\/logo\/image\/","url":"https:\/\/afguayaquil.org.ec\/af\/wp-content\/uploads\/2024\/10\/logoaf.png","contentUrl":"https:\/\/afguayaquil.org.ec\/af\/wp-content\/uploads\/2024\/10\/logoaf.png","width":125,"height":125,"caption":"Alianza Francesa de Guayaquil"},"image":{"@id":"https:\/\/afguayaquil.org.ec\/af\/#\/schema\/logo\/image\/"},"sameAs":["https:\/\/www.facebook.com\/afguayaquil?mibextid=ZbWKwL","https:\/\/www.instagram.com\/afguayaquil?igsh=anE5M2Nyc3g5OTI=","https:\/\/www.tiktok.com\/@afguayaquil?_t=8rcDNvQXJTk&_r=1"]}]}},"_links":{"self":[{"href":"https:\/\/afguayaquil.org.ec\/af\/wp-json\/wp\/v2\/pages\/6321","targetHints":{"allow":["GET"]}}],"collection":[{"href":"https:\/\/afguayaquil.org.ec\/af\/wp-json\/wp\/v2\/pages"}],"about":[{"href":"https:\/\/afguayaquil.org.ec\/af\/wp-json\/wp\/v2\/types\/page"}],"author":[{"embeddable":true,"href":"https:\/\/afguayaquil.org.ec\/af\/wp-json\/wp\/v2\/users\/1"}],"replies":[{"embeddable":true,"href":"https:\/\/afguayaquil.org.ec\/af\/wp-json\/wp\/v2\/comments?post=6321"}],"version-history":[{"count":11,"href":"https:\/\/afguayaquil.org.ec\/af\/wp-json\/wp\/v2\/pages\/6321\/revisions"}],"predecessor-version":[{"id":6674,"href":"https:\/\/afguayaquil.org.ec\/af\/wp-json\/wp\/v2\/pages\/6321\/revisions\/6674"}],"wp:attachment":[{"href":"https:\/\/afguayaquil.org.ec\/af\/wp-json\/wp\/v2\/media?parent=6321"}],"curies":[{"name":"wp","href":"https:\/\/api.w.org\/{rel}","templated":true}]}}