{"id":234,"date":"2024-10-23T22:48:25","date_gmt":"2024-10-24T03:48:25","guid":{"rendered":"http:\/\/afguayaquil.org.ec\/af\/?page_id=234"},"modified":"2025-04-02T12:47:55","modified_gmt":"2025-04-02T17:47:55","slug":"auspicios","status":"publish","type":"page","link":"https:\/\/afguayaquil.org.ec\/af\/auspicios\/","title":{"rendered":"Auspicios"},"content":{"rendered":"<p>[et_pb_section fb_built=\u00bb1&#8243; next_background_color=\u00bb#ffffff\u00bb admin_label=\u00bbHero\u00bb _builder_version=\u00bb4.27.4&#8243; _module_preset=\u00bb74c69059-8e69-4122-b1e6-dfeabf6c5711&#8243; background_color=\u00bb#FFFFFF\u00bb background_enable_image=\u00bboff\u00bb custom_padding=\u00bb8vw||3vw||false|false\u00bb bottom_divider_style=\u00bbslant\u00bb bottom_divider_height=\u00bb10vw\u00bb bottom_divider_flip=\u00bbhorizontal\u00bb da_disable_devices=\u00bboff|off|off\u00bb locked=\u00bboff\u00bb collapsed=\u00bbon\u00bb global_colors_info=\u00bb{}\u00bb da_is_popup=\u00bboff\u00bb da_exit_intent=\u00bboff\u00bb da_has_close=\u00bbon\u00bb da_alt_close=\u00bboff\u00bb da_dark_close=\u00bboff\u00bb da_not_modal=\u00bbon\u00bb da_is_singular=\u00bboff\u00bb da_with_loader=\u00bboff\u00bb da_has_shadow=\u00bbon\u00bb][et_pb_row column_structure=\u00bb3_5,2_5&#8243; _builder_version=\u00bb4.18.0&#8243; _module_preset=\u00bb5138c454-be54-4233-bd3b-f8e6a8747976&#8243; custom_margin=\u00bb-93px|auto||auto||\u00bb locked=\u00bboff\u00bb global_colors_info=\u00bb{}\u00bb][et_pb_column type=\u00bb3_5&#8243; _builder_version=\u00bb4.16&#8243; _module_preset=\u00bb73121f80-a3ef-4484-8763-c3f18e3c56d2&#8243; global_colors_info=\u00bb{}\u00bb][et_pb_heading title=\u00bbContribuya a Nuestra Misi\u00f3n Cultural\u00bb disabled_on=\u00bbon|on|off\u00bb _builder_version=\u00bb4.27.4&#8243; _module_preset=\u00bbddeb8c09-9078-4424-bc15-2efb6572e28e\u00bb title_font=\u00bbParis|Playfair Display_weight|||||||\u00bb title_text_color=\u00bb#333333&#8243; title_font_size=\u00bb64px\u00bb custom_margin=\u00bb||4px|||\u00bb title_font_size_tablet=\u00bb40px\u00bb title_font_size_phone=\u00bb24px\u00bb title_font_size_last_edited=\u00bbon|phone\u00bb locked=\u00bboff\u00bb global_colors_info=\u00bb{}\u00bb][\/et_pb_heading][et_pb_heading title=\u00bbContribuya a Nuestra Misi\u00f3n Cultural\u00bb disabled_on=\u00bboff|off|on\u00bb _builder_version=\u00bb4.27.4&#8243; _module_preset=\u00bbddeb8c09-9078-4424-bc15-2efb6572e28e\u00bb title_font=\u00bbParis|Playfair Display_weight|||||||\u00bb title_text_color=\u00bb#333333&#8243; title_font_size=\u00bb68px\u00bb width=\u00bb89%\u00bb custom_margin=\u00bb||4px|||\u00bb custom_padding=\u00bb94px|||||\u00bb title_font_size_tablet=\u00bb40px\u00bb title_font_size_phone=\u00bb24px\u00bb title_font_size_last_edited=\u00bbon|phone\u00bb locked=\u00bboff\u00bb global_colors_info=\u00bb{}\u00bb][\/et_pb_heading][et_pb_heading title=\u00bbApoya la Cultura y el Idioma Franc\u00e9s\u00bb _builder_version=\u00bb4.27.4&#8243; _module_preset=\u00bbf0c675ea-2574-4d0e-b725-30f8550a8550&#8243; title_level=\u00bbh4&#8243; title_font=\u00bbMontserrat-Regular|Playfair Display_weight||on|||||\u00bb title_text_color=\u00bb#6B6B6B\u00bb title_font_size=\u00bb10px\u00bb title_letter_spacing=\u00bb1px\u00bb title_line_height=\u00bb1.4em\u00bb custom_margin=\u00bb||10px||false|false\u00bb title_font_size_tablet=\u00bb13px\u00bb title_font_size_phone=\u00bb13px\u00bb title_font_size_last_edited=\u00bbon|desktop\u00bb locked=\u00bboff\u00bb global_colors_info=\u00bb{}\u00bb][\/et_pb_heading][et_pb_text _builder_version=\u00bb4.27.4&#8243; _module_preset=\u00bbdefault\u00bb text_font=\u00bbMontserrat-Regular||||||||\u00bb text_font_size=\u00bb16px\u00bb global_colors_info=\u00bb{}\u00bb]<\/p>\n<p>En la Alianza Francesa de Guayaquil, trabajamos para fortalecer los lazos entre la cultura franc\u00f3fona y ecuatoriana a trav\u00e9s de eventos, programas educativos y actividades art\u00edsticas. Su colaboraci\u00f3n nos permitir\u00e1 seguir organizando conferencias, exposiciones, conciertos y festivales que promuevan el intercambio cultural y brinden oportunidades a j\u00f3venes talentos locales.<\/p>\n<p>[\/et_pb_text][\/et_pb_column][et_pb_column type=\u00bb2_5&#8243; _builder_version=\u00bb4.16&#8243; _module_preset=\u00bb73121f80-a3ef-4484-8763-c3f18e3c56d2&#8243; global_colors_info=\u00bb{}\u00bb][\/et_pb_column][\/et_pb_row][\/et_pb_section][et_pb_section fb_built=\u00bb1&#8243; admin_label=\u00bbAbout\u00bb _builder_version=\u00bb4.25.1&#8243; _module_preset=\u00bbdefault\u00bb custom_margin=\u00bb-11px|||||\u00bb da_disable_devices=\u00bboff|off|off\u00bb locked=\u00bboff\u00bb collapsed=\u00bbon\u00bb global_colors_info=\u00bb{}\u00bb da_is_popup=\u00bboff\u00bb da_exit_intent=\u00bboff\u00bb da_has_close=\u00bbon\u00bb da_alt_close=\u00bboff\u00bb da_dark_close=\u00bboff\u00bb da_not_modal=\u00bbon\u00bb da_is_singular=\u00bboff\u00bb da_with_loader=\u00bboff\u00bb da_has_shadow=\u00bbon\u00bb][et_pb_row column_structure=\u00bb3_5,2_5&#8243; _builder_version=\u00bb4.27.4&#8243; _module_preset=\u00bbdefault\u00bb global_colors_info=\u00bb{}\u00bb][et_pb_column type=\u00bb3_5&#8243; _builder_version=\u00bb4.27.4&#8243; _module_preset=\u00bbdefault\u00bb global_colors_info=\u00bb{}\u00bb][et_pb_text _builder_version=\u00bb4.27.4&#8243; _module_preset=\u00bbdefault\u00bb text_font=\u00bbMontserrat-Regular||||||||\u00bb text_font_size=\u00bb16px\u00bb min_height=\u00bb151.8px\u00bb custom_margin=\u00bb||50px|||\u00bb global_colors_info=\u00bb{}\u00bb]<\/p>\n<p>Somos un referente en la difusi\u00f3n de la cultura franc\u00f3fona y ecuatoriana. A trav\u00e9s de diversas iniciativas art\u00edsticas, educativas y culturales, promovemos el intercambio y el acceso a experiencias enriquecedoras para la comunidad. Su colaboraci\u00f3n nos permitir\u00e1 continuar con esta misi\u00f3n, fortaleciendo el impacto de nuestros proyectos y generando beneficios mutuos.<\/p>\n<p>[\/et_pb_text][\/et_pb_column][et_pb_column type=\u00bb2_5&#8243; _builder_version=\u00bb4.27.4&#8243; _module_preset=\u00bbdefault\u00bb global_colors_info=\u00bb{}\u00bb][et_pb_image src=\u00bbhttps:\/\/afguayaquil.org.ec\/af\/wp-content\/uploads\/2025\/01\/Fiestas-culturales-Alianza-Francesa-Guayaquil-1.jpeg\u00bb title_text=\u00bbDonaci\u00f3n eventos culturales- Alianza Francesa Guayaquil 1&#8243; _builder_version=\u00bb4.27.4&#8243; _module_preset=\u00bbdefault\u00bb custom_margin=\u00bb-22px|||||\u00bb border_radii=\u00bbon|9px|9px|9px|9px\u00bb box_shadow_style=\u00bbpreset1&#8243; global_colors_info=\u00bb{}\u00bb][\/et_pb_image][\/et_pb_column][\/et_pb_row][et_pb_row _builder_version=\u00bb4.27.4&#8243; _module_preset=\u00bbdefault\u00bb custom_margin=\u00bb39px|auto||auto||\u00bb global_colors_info=\u00bb{}\u00bb][et_pb_column type=\u00bb4_4&#8243; _builder_version=\u00bb4.27.4&#8243; _module_preset=\u00bbdefault\u00bb global_colors_info=\u00bb{}\u00bb][et_pb_text disabled_on=\u00bbon|on|off\u00bb _builder_version=\u00bb4.27.4&#8243; _module_preset=\u00bbdefault\u00bb text_font=\u00bbParis||||||||\u00bb text_text_color=\u00bb#474747&#8243; text_font_size=\u00bb41px\u00bb text_line_height=\u00bb1.1em\u00bb custom_margin=\u00bb||17px|||\u00bb global_colors_info=\u00bb{}\u00bb]<\/p>\n<p>Beneficios para empresas e instituciones<\/p>\n<p>[\/et_pb_text][et_pb_text disabled_on=\u00bboff|off|on\u00bb _builder_version=\u00bb4.27.4&#8243; _module_preset=\u00bbdefault\u00bb text_font=\u00bbParis||||||||\u00bb text_text_color=\u00bb#474747&#8243; text_font_size=\u00bb27px\u00bb text_line_height=\u00bb1.1em\u00bb global_colors_info=\u00bb{}\u00bb]<\/p>\n<p>Beneficios para empresas e instituciones<\/p>\n<p>[\/et_pb_text][\/et_pb_column][\/et_pb_row][et_pb_row column_structure=\u00bb1_3,1_3,1_3&#8243; _builder_version=\u00bb4.27.4&#8243; _module_preset=\u00bbdefault\u00bb custom_margin=\u00bb-22px|auto||auto||\u00bb custom_padding=\u00bb38px|||||\u00bb global_colors_info=\u00bb{}\u00bb][et_pb_column type=\u00bb1_3&#8243; _builder_version=\u00bb4.27.4&#8243; _module_preset=\u00bbdefault\u00bb global_colors_info=\u00bb{}\u00bb][et_pb_blurb title=\u00bbVisibilidad y prestigio\u00bb image=\u00bbhttps:\/\/afguayaquil.org.ec\/af\/wp-content\/uploads\/2025\/01\/Beneficios-donacion-de-Institucion-Visibilidad-y-prestigio-scaled.jpg\u00bb _builder_version=\u00bb4.27.4&#8243; _module_preset=\u00bbdefault\u00bb header_font=\u00bbParis||||||||\u00bb header_text_color=\u00bbgcid-primary-color\u00bb header_font_size=\u00bb23px\u00bb body_font=\u00bbMontserrat-Regular||||||||\u00bb text_orientation=\u00bbcenter\u00bb border_radii_image=\u00bbon|9px|9px|9px|9px\u00bb box_shadow_style_image=\u00bbpreset1&#8243; global_colors_info=\u00bb{%22gcid-primary-color%22:%91%22header_text_color%22%93}\u00bb]<\/p>\n<p>Asocia la marca con una instituci\u00f3n cultural de renombre, mejorando su imagen y reputaci\u00f3n.<\/p>\n<p>[\/et_pb_blurb][\/et_pb_column][et_pb_column type=\u00bb1_3&#8243; _builder_version=\u00bb4.27.4&#8243; _module_preset=\u00bbdefault\u00bb global_colors_info=\u00bb{}\u00bb][et_pb_blurb title=\u00bbAcceso a nuevos p\u00fablicos\u00bb image=\u00bbhttps:\/\/afguayaquil.org.ec\/af\/wp-content\/uploads\/2025\/01\/Beneficios-donacion-de-Institucion-Acceso-a-nuevos-publicos-1.jpg\u00bb _builder_version=\u00bb4.27.4&#8243; _module_preset=\u00bbdefault\u00bb header_font=\u00bbParis||||||||\u00bb header_text_color=\u00bbgcid-primary-color\u00bb header_font_size=\u00bb23px\u00bb body_font=\u00bbMontserrat-Regular||||||||\u00bb text_orientation=\u00bbcenter\u00bb border_radii_image=\u00bbon|9px|9px|9px|9px\u00bb box_shadow_style_image=\u00bbpreset1&#8243; global_colors_info=\u00bb{%22gcid-primary-color%22:%91%22header_text_color%22,%22header_text_color%22%93}\u00bb]<\/p>\n<p>Llega a una audiencia diversa a trav\u00e9s de eventos y programas educativos y culturales.<\/p>\n<p>[\/et_pb_blurb][\/et_pb_column][et_pb_column type=\u00bb1_3&#8243; _builder_version=\u00bb4.27.4&#8243; _module_preset=\u00bbdefault\u00bb global_colors_info=\u00bb{}\u00bb][et_pb_blurb title=\u00bbResponsabilidad social empresarial \u00bb image=\u00bbhttps:\/\/afguayaquil.org.ec\/af\/wp-content\/uploads\/2025\/01\/Beneficios-donacion-de-Institucion-Responsabilidad-social-empresarial-1-scaled.jpg\u00bb image_icon_width=\u00bb92%\u00bb _builder_version=\u00bb4.27.4&#8243; _module_preset=\u00bbdefault\u00bb header_font=\u00bbParis||||||||\u00bb header_text_color=\u00bbgcid-primary-color\u00bb header_font_size=\u00bb23px\u00bb body_font=\u00bbMontserrat-Regular||||||||\u00bb text_orientation=\u00bbcenter\u00bb border_radii_image=\u00bbon|9px|9px|9px|9px\u00bb box_shadow_style_image=\u00bbpreset1&#8243; global_colors_info=\u00bb{%22gcid-primary-color%22:%91%22header_text_color%22,%22header_text_color%22%93}\u00bb]<\/p>\n<p>Impulsa proyectos inclusivos y culturales, reforzando el compromiso social y educativo de la empresa.<\/p>\n<p>[\/et_pb_blurb][\/et_pb_column][\/et_pb_row][\/et_pb_section][et_pb_section fb_built=\u00bb1&#8243; disabled_on=\u00bbon|on|off\u00bb _builder_version=\u00bb4.27.4&#8243; _module_preset=\u00bbdefault\u00bb custom_padding=\u00bb12px|||||\u00bb da_disable_devices=\u00bboff|off|off\u00bb global_colors_info=\u00bb{}\u00bb da_is_popup=\u00bboff\u00bb da_exit_intent=\u00bboff\u00bb da_has_close=\u00bbon\u00bb da_alt_close=\u00bboff\u00bb da_dark_close=\u00bboff\u00bb da_not_modal=\u00bbon\u00bb da_is_singular=\u00bboff\u00bb da_with_loader=\u00bboff\u00bb da_has_shadow=\u00bbon\u00bb][et_pb_row column_structure=\u00bb1_3,1_3,1_3&#8243; use_custom_gutter=\u00bbon\u00bb make_equal=\u00bbon\u00bb _builder_version=\u00bb4.27.4&#8243; _module_preset=\u00bbdefault\u00bb custom_padding=\u00bb13px|||||\u00bb border_radii=\u00bbon|9px|9px|9px|9px\u00bb global_colors_info=\u00bb{}\u00bb][et_pb_column type=\u00bb1_3&#8243; _builder_version=\u00bb4.27.4&#8243; _module_preset=\u00bbdefault\u00bb global_colors_info=\u00bb{}\u00bb][et_pb_blurb image=\u00bbhttps:\/\/afguayaquil.org.ec\/af\/wp-content\/uploads\/2025\/01\/Beneficio-Mont-Saint-Michel-Donaciones-para-apoyar-la-cultura-y-el-arte.jpeg\u00bb image_icon_width=\u00bb200%\u00bb _builder_version=\u00bb4.27.4&#8243; _module_preset=\u00bbdefault\u00bb header_font=\u00bbParis||||||||\u00bb header_text_align=\u00bbcenter\u00bb header_text_color=\u00bb#FFFFFF\u00bb body_font=\u00bbMontserrat-Regular||||||||\u00bb body_text_color=\u00bb#FFFFFF\u00bb body_font_size=\u00bb13px\u00bb body_line_height=\u00bb1.2em\u00bb background_color=\u00bb#d8042a\u00bb image_icon_custom_margin=\u00bb17px||-9px||false|false\u00bb min_height=\u00bb405.4px\u00bb custom_padding=\u00bb0px|20px||20px|false|true\u00bb border_radii=\u00bbon|9px|9px|9px|9px\u00bb box_shadow_style=\u00bbpreset1&#8243; global_colors_info=\u00bb{}\u00bb]<\/p>\n<ul>\n<li>Logo en afiche impreso<\/li>\n<li>Logo en invitaci\u00f3n digital (13.132 contactos)<\/li>\n<li>Difusi\u00f3n invitaci\u00f3n en redes sociales<br \/>(Seguidores: 42.106 Facebook y 18.400 Instagram)<\/li>\n<li>Post de agradecimiento en redes sociales<\/li>\n<li>Email marketing<\/li>\n<li>Menci\u00f3n de agradecimiento durante el evento<\/li>\n<li>Roll Up o banner de la empresa<\/li>\n<li>Acceso prioritario a los eventos\u00a0 culturales<\/li>\n<li>Menci\u00f3n en redes sociales durante todo los eventos<\/li>\n<li>Descuento en clases de franc\u00e9s del 10% hasta 30 colaboradores<\/li>\n<li>Entrega de placa en ceremonia de<br \/>reconocimiento.<\/li>\n<\/ul>\n<p>&nbsp;<\/p>\n<p>&nbsp;<\/p>\n<p>&nbsp;<\/p>\n<p>&nbsp;<\/p>\n<p>&nbsp;<\/p>\n<p>&nbsp;<\/p>\n<p>&nbsp;<\/p>\n<p>&nbsp;<\/p>\n<h4 class=\"et_pb_module_header et-fb-editable-element et-fb-editable-element__editing\" data-shortcode-id=\"3.0.0.1-1738185172875\" data-quickaccess-id=\"header\" contenteditable=\"true\">Auspicios desde $500 hasta $1.499<\/h4>\n<p>&nbsp;<\/p>\n<p>[\/et_pb_blurb][\/et_pb_column][et_pb_column type=\u00bb1_3&#8243; _builder_version=\u00bb4.27.4&#8243; _module_preset=\u00bbdefault\u00bb global_colors_info=\u00bb{}\u00bb][et_pb_blurb image=\u00bbhttps:\/\/afguayaquil.org.ec\/af\/wp-content\/uploads\/2025\/01\/Beneficio-Viaduc-De-Millau-Donaciones-para-apoyar-la-cultura-y-el-arte.jpeg\u00bb image_icon_width=\u00bb81%\u00bb _builder_version=\u00bb4.27.4&#8243; _module_preset=\u00bbdefault\u00bb header_font=\u00bbParis||||||||\u00bb header_text_align=\u00bbcenter\u00bb header_text_color=\u00bb#FFFFFF\u00bb body_font=\u00bbMontserrat-Regular||||||||\u00bb body_text_color=\u00bb#FFFFFF\u00bb body_font_size=\u00bb13px\u00bb body_line_height=\u00bb1.2em\u00bb background_color=\u00bb#d8042a\u00bb image_icon_custom_margin=\u00bb13px||-12px||false|false\u00bb custom_padding=\u00bb|20px||20px|false|true\u00bb border_radii=\u00bbon|9px|9px|9px|9px\u00bb box_shadow_style=\u00bbpreset1&#8243; global_colors_info=\u00bb{}\u00bb]<\/p>\n<ul>\n<li>\u00a0Logo en afiche impreso<\/li>\n<li>Logo en invitaci\u00f3n digital (13.132<br \/>contactos)<\/li>\n<li>Difusi\u00f3n invitaci\u00f3n en redes sociales<br \/>(Seguidores: 42.106 Facebook y 18.400 Instagram)<\/li>\n<li>Post de agradecimiento en redes sociales<\/li>\n<li>Email marketing<\/li>\n<li>Menci\u00f3n de agradecimiento durante los eventos<\/li>\n<li>Roll Up o banner de la empresa<\/li>\n<li>Palabras de un representante de la<br \/>empresa durante el evento.<\/li>\n<li>Acceso prioritario a los eventos culturales<\/li>\n<li>Menci\u00f3n en redes sociales durante todo los eventos<\/li>\n<li>Descuento en clases de franc\u00e9s del 20% hasta 30 colaboradores, 20% de descuento en la Certificaci\u00f3n DELF<\/li>\n<li>1 beca de Responsabilidad Social<\/li>\n<li>Entrega de placa en ceremonia de<br \/>reconocimiento.<\/li>\n<\/ul>\n<p>&nbsp;<\/p>\n<p>&nbsp;<\/p>\n<p>&nbsp;<\/p>\n<p>&nbsp;<\/p>\n<p>&nbsp;<\/p>\n<h4 class=\"et_pb_module_header et-fb-editable-element et-fb-editable-element__editing\" data-shortcode-id=\"3.0.0.1-1738185172875\" data-quickaccess-id=\"header\" contenteditable=\"true\">Auspicios desde $1.500 hasta $2.499<\/h4>\n<p>&nbsp;<\/p>\n<p>[\/et_pb_blurb][\/et_pb_column][et_pb_column type=\u00bb1_3&#8243; _builder_version=\u00bb4.27.4&#8243; _module_preset=\u00bbdefault\u00bb global_colors_info=\u00bb{}\u00bb][et_pb_blurb image=\u00bbhttps:\/\/afguayaquil.org.ec\/af\/wp-content\/uploads\/2025\/01\/Beneficio-Tour-Eifel-Donaciones-para-apoyar-la-cultura.jpeg\u00bb image_icon_width=\u00bb81%\u00bb _builder_version=\u00bb4.27.4&#8243; _module_preset=\u00bbdefault\u00bb header_font=\u00bbParis||||||||\u00bb header_text_align=\u00bbcenter\u00bb header_text_color=\u00bb#FFFFFF\u00bb body_font=\u00bbMontserrat-Regular||||||||\u00bb body_text_color=\u00bb#FFFFFF\u00bb body_font_size=\u00bb13px\u00bb body_line_height=\u00bb1.2em\u00bb background_color=\u00bb#d8042a\u00bb image_icon_custom_margin=\u00bb13px||-12px||false|false\u00bb custom_padding=\u00bb|20px||20px|false|true\u00bb border_radii=\u00bbon|9px|9px|9px|9px\u00bb box_shadow_style=\u00bbpreset1&#8243; global_colors_info=\u00bb{}\u00bb]<\/p>\n<ul>\n<li>Logo en afiche impreso.<\/li>\n<li>Logo en invitaci\u00f3n digital (13.132 contactos)<\/li>\n<li>Difusi\u00f3n invitaci\u00f3n en redes sociales<br \/>(Seguidores: 42.106 Facebook y 18.400 Instagram)<\/li>\n<li>Post de agradecimiento en redes sociales<\/li>\n<li>Email marketing<\/li>\n<li>Menci\u00f3n de agradecimiento durante los eventos<\/li>\n<li>Roll Up o banner de la empresa<\/li>\n<li>Palabras de representante de la empresa durante el evento<\/li>\n<li>Cesi\u00f3n de espacio en una de nuestras sedes (Centro, Urdesa, Samborond\u00f3n) para un evento de la empresa<\/li>\n<li>Acceso prioritario a los eventos culturales<\/li>\n<li>Menci\u00f3n en redes sociales durante todo loseventos<\/li>\n<li>Descuentos: 30% clases de franc\u00e9s hasta 30 colaboradores, 30% en la Certificaci\u00f3n DELF<\/li>\n<li>2 becas de Responsabilidad Social<\/li>\n<li>2 Invitaciones a la Fiesta Nacional de Francia<\/li>\n<li>Placa de benefactores con su nombre para la entrada principal.<\/li>\n<\/ul>\n<h4 class=\"et_pb_module_header et-fb-editable-element et-fb-editable-element__editing\" data-shortcode-id=\"3.0.0.1-1738185172875\" data-quickaccess-id=\"header\" contenteditable=\"true\">Auspicios desde $2.500 hasta $4.500<\/h4>\n<p>[\/et_pb_blurb][\/et_pb_column][\/et_pb_row][\/et_pb_section][et_pb_section fb_built=\u00bb1&#8243; disabled_on=\u00bboff|off|on\u00bb _builder_version=\u00bb4.27.4&#8243; _module_preset=\u00bbdefault\u00bb custom_padding=\u00bb12px|||||\u00bb da_disable_devices=\u00bboff|off|off\u00bb global_colors_info=\u00bb{}\u00bb da_is_popup=\u00bboff\u00bb da_exit_intent=\u00bboff\u00bb da_has_close=\u00bbon\u00bb da_alt_close=\u00bboff\u00bb da_dark_close=\u00bboff\u00bb da_not_modal=\u00bbon\u00bb da_is_singular=\u00bboff\u00bb da_with_loader=\u00bboff\u00bb da_has_shadow=\u00bbon\u00bb][et_pb_row column_structure=\u00bb1_3,1_3,1_3&#8243; use_custom_gutter=\u00bbon\u00bb make_equal=\u00bbon\u00bb _builder_version=\u00bb4.27.4&#8243; _module_preset=\u00bbdefault\u00bb custom_padding=\u00bb13px|||||\u00bb border_radii=\u00bbon|9px|9px|9px|9px\u00bb global_colors_info=\u00bb{}\u00bb][et_pb_column type=\u00bb1_3&#8243; _builder_version=\u00bb4.27.4&#8243; _module_preset=\u00bbdefault\u00bb global_colors_info=\u00bb{}\u00bb][et_pb_blurb image=\u00bbhttps:\/\/afguayaquil.org.ec\/af\/wp-content\/uploads\/2025\/01\/Beneficio-Mont-Saint-Michel-Donaciones-para-apoyar-la-cultura-y-el-arte.jpeg\u00bb image_icon_width=\u00bb200%\u00bb _builder_version=\u00bb4.27.4&#8243; _module_preset=\u00bbdefault\u00bb header_font=\u00bbParis||||||||\u00bb header_text_align=\u00bbcenter\u00bb header_text_color=\u00bb#FFFFFF\u00bb body_font=\u00bbMontserrat-Regular||||||||\u00bb body_text_color=\u00bb#FFFFFF\u00bb body_font_size=\u00bb13px\u00bb body_line_height=\u00bb1.2em\u00bb background_color=\u00bb#d8042a\u00bb image_icon_custom_margin=\u00bb17px||-9px||false|false\u00bb min_height=\u00bb405.4px\u00bb custom_padding=\u00bb0px|20px||20px|false|true\u00bb border_radii=\u00bbon|9px|9px|9px|9px\u00bb box_shadow_style=\u00bbpreset1&#8243; global_colors_info=\u00bb{}\u00bb]<\/p>\n<ul>\n<li>Logo en afiche impreso<\/li>\n<li>Logo en invitaci\u00f3n digital (13.132 contactos)<\/li>\n<li>Difusi\u00f3n invitaci\u00f3n en redes sociales<br \/>(Seguidores: 42.106 Facebook y 18.400 Instagram)<\/li>\n<li>Post de agradecimiento en redes sociales<\/li>\n<li>Email marketing<\/li>\n<li>Menci\u00f3n de agradecimiento durante el evento<\/li>\n<li>Roll Up o banner de la empresa<\/li>\n<li>Acceso prioritario a los eventos\u00a0 culturales<\/li>\n<li>Menci\u00f3n en redes sociales durante todo los eventos<\/li>\n<li>Descuento en clases de franc\u00e9s del 10% hasta 30 colaboradores<\/li>\n<li>Entrega de placa en ceremonia de<br \/>reconocimiento.<\/li>\n<\/ul>\n<h4 class=\"et_pb_module_header et-fb-editable-element et-fb-editable-element__editing\" data-shortcode-id=\"3.0.0.1-1738185172875\" data-quickaccess-id=\"header\" contenteditable=\"true\">Auspicios desde $500 hasta $1.499<\/h4>\n<p>&nbsp;<\/p>\n<p>[\/et_pb_blurb][\/et_pb_column][et_pb_column type=\u00bb1_3&#8243; _builder_version=\u00bb4.27.4&#8243; _module_preset=\u00bbdefault\u00bb global_colors_info=\u00bb{}\u00bb][et_pb_blurb image=\u00bbhttps:\/\/afguayaquil.org.ec\/af\/wp-content\/uploads\/2025\/01\/Beneficio-Viaduc-De-Millau-Donaciones-para-apoyar-la-cultura-y-el-arte.jpeg\u00bb image_icon_width=\u00bb81%\u00bb _builder_version=\u00bb4.27.4&#8243; _module_preset=\u00bbdefault\u00bb header_font=\u00bbParis||||||||\u00bb header_text_align=\u00bbcenter\u00bb header_text_color=\u00bb#FFFFFF\u00bb body_font=\u00bbMontserrat-Regular||||||||\u00bb body_text_color=\u00bb#FFFFFF\u00bb body_font_size=\u00bb13px\u00bb body_line_height=\u00bb1.2em\u00bb background_color=\u00bb#d8042a\u00bb image_icon_custom_margin=\u00bb13px||-12px||false|false\u00bb custom_padding=\u00bb|20px||20px|false|true\u00bb border_radii=\u00bbon|9px|9px|9px|9px\u00bb box_shadow_style=\u00bbpreset1&#8243; global_colors_info=\u00bb{}\u00bb]<\/p>\n<ul>\n<li>\u00a0Logo en afiche impreso<\/li>\n<li>Logo en invitaci\u00f3n digital (13.132<br \/>contactos)<\/li>\n<li>Difusi\u00f3n invitaci\u00f3n en redes sociales<br \/>(Seguidores: 42.106 Facebook y 18.400 Instagram)<\/li>\n<li>Post de agradecimiento en redes sociales<\/li>\n<li>Email marketing<\/li>\n<li>Menci\u00f3n de agradecimiento durante los eventos<\/li>\n<li>Roll Up o banner de la empresa<\/li>\n<li>Palabras de un representante de la<br \/>empresa durante el evento.<\/li>\n<li>Acceso prioritario a los eventos culturales<\/li>\n<li>Menci\u00f3n en redes sociales durante todo los eventos<\/li>\n<li>Descuento en clases de franc\u00e9s del 20% hasta 30 colaboradores, 20% de descuento en la Certificaci\u00f3n DELF<\/li>\n<li>1 beca de Responsabilidad Social<\/li>\n<li>Entrega de placa en ceremonia de<br \/>reconocimiento.<\/li>\n<\/ul>\n<h4 class=\"et_pb_module_header et-fb-editable-element et-fb-editable-element__editing\" data-shortcode-id=\"3.0.0.1-1738185172875\" data-quickaccess-id=\"header\" contenteditable=\"true\">Auspicios desde $1.500 hasta $2.499<\/h4>\n<p>&nbsp;<\/p>\n<p>[\/et_pb_blurb][\/et_pb_column][et_pb_column type=\u00bb1_3&#8243; _builder_version=\u00bb4.27.4&#8243; _module_preset=\u00bbdefault\u00bb global_colors_info=\u00bb{}\u00bb][et_pb_blurb image=\u00bbhttps:\/\/afguayaquil.org.ec\/af\/wp-content\/uploads\/2025\/01\/Beneficio-Tour-Eifel-Donaciones-para-apoyar-la-cultura.jpeg\u00bb image_icon_width=\u00bb81%\u00bb _builder_version=\u00bb4.27.4&#8243; _module_preset=\u00bbdefault\u00bb header_font=\u00bbParis||||||||\u00bb header_text_align=\u00bbcenter\u00bb header_text_color=\u00bb#FFFFFF\u00bb body_font=\u00bbMontserrat-Regular||||||||\u00bb body_text_color=\u00bb#FFFFFF\u00bb body_font_size=\u00bb13px\u00bb body_line_height=\u00bb1.2em\u00bb background_color=\u00bb#d8042a\u00bb image_icon_custom_margin=\u00bb13px||-12px||false|false\u00bb custom_padding=\u00bb|20px||20px|false|true\u00bb border_radii=\u00bbon|9px|9px|9px|9px\u00bb box_shadow_style=\u00bbpreset1&#8243; global_colors_info=\u00bb{}\u00bb]<\/p>\n<ul>\n<li>Logo en afiche impreso.<\/li>\n<li>Logo en invitaci\u00f3n digital (13.132 contactos)<\/li>\n<li>Difusi\u00f3n invitaci\u00f3n en redes sociales<br \/>(Seguidores: 42.106 Facebook y 18.400 Instagram)<\/li>\n<li>Post de agradecimiento en redes sociales<\/li>\n<li>Email marketing<\/li>\n<li>Menci\u00f3n de agradecimiento durante los eventos<\/li>\n<li>Roll Up o banner de la empresa<\/li>\n<li>Palabras de representante de la empresa durante el evento<\/li>\n<li>Cesi\u00f3n de espacio en una de nuestras sedes (Centro, Urdesa, Samborond\u00f3n) para un evento de la empresa<\/li>\n<li>Acceso prioritario a los eventos culturales<\/li>\n<li>Menci\u00f3n en redes sociales durante todo loseventos<\/li>\n<li>Descuentos: 30% clases de franc\u00e9s hasta 30 colaboradores, 30% en la Certificaci\u00f3n DELF<\/li>\n<li>2 becas de Responsabilidad Social<\/li>\n<li>2 Invitaciones a la Fiesta Nacional de Francia<\/li>\n<li>Placa de benefactores con su nombre para la entrada principal.<\/li>\n<\/ul>\n<h4 class=\"et_pb_module_header et-fb-editable-element et-fb-editable-element__editing\" data-shortcode-id=\"3.0.0.1-1738185172875\" data-quickaccess-id=\"header\" contenteditable=\"true\">Auspicios desde $2.500 hasta $4.500<\/h4>\n<p>[\/et_pb_blurb][\/et_pb_column][\/et_pb_row][\/et_pb_section][et_pb_section fb_built=\u00bb1&#8243; admin_label=\u00bbAbout\u00bb _builder_version=\u00bb4.25.1&#8243; _module_preset=\u00bbdefault\u00bb custom_margin=\u00bb-11px|||||\u00bb custom_padding=\u00bb||34px|||\u00bb da_disable_devices=\u00bboff|off|off\u00bb locked=\u00bboff\u00bb collapsed=\u00bbon\u00bb global_colors_info=\u00bb{}\u00bb da_is_popup=\u00bboff\u00bb da_exit_intent=\u00bboff\u00bb da_has_close=\u00bbon\u00bb da_alt_close=\u00bboff\u00bb da_dark_close=\u00bboff\u00bb da_not_modal=\u00bbon\u00bb da_is_singular=\u00bboff\u00bb da_with_loader=\u00bboff\u00bb da_has_shadow=\u00bbon\u00bb][et_pb_row _builder_version=\u00bb4.27.4&#8243; _module_preset=\u00bbdefault\u00bb custom_margin=\u00bb39px|auto||auto||\u00bb global_colors_info=\u00bb{}\u00bb][et_pb_column type=\u00bb4_4&#8243; _builder_version=\u00bb4.27.4&#8243; _module_preset=\u00bbdefault\u00bb global_colors_info=\u00bb{}\u00bb][et_pb_text disabled_on=\u00bbon|on|off\u00bb _builder_version=\u00bb4.27.4&#8243; _module_preset=\u00bbdefault\u00bb text_font=\u00bbParis||||||||\u00bb text_text_color=\u00bb#474747&#8243; text_font_size=\u00bb41px\u00bb text_line_height=\u00bb1.1em\u00bb custom_margin=\u00bb-50px||17px|||\u00bb global_colors_info=\u00bb{}\u00bb]<\/p>\n<p>Beneficios para auspiciantes particulares<\/p>\n<p>[\/et_pb_text][et_pb_text disabled_on=\u00bboff|off|on\u00bb _builder_version=\u00bb4.27.4&#8243; _module_preset=\u00bbdefault\u00bb text_font=\u00bbParis||||||||\u00bb text_text_color=\u00bb#474747&#8243; text_font_size=\u00bb27px\u00bb text_line_height=\u00bb1.1em\u00bb global_colors_info=\u00bb{}\u00bb]<\/p>\n<p>Beneficios para auspiciantes particulares<\/p>\n<p>[\/et_pb_text][\/et_pb_column][\/et_pb_row][et_pb_row column_structure=\u00bb1_4,1_4,1_4,1_4&#8243; use_custom_gutter=\u00bbon\u00bb make_equal=\u00bbon\u00bb disabled_on=\u00bbon|on|off\u00bb _builder_version=\u00bb4.27.4&#8243; _module_preset=\u00bbdefault\u00bb custom_padding=\u00bb13px|||||\u00bb border_radii=\u00bbon|9px|9px|9px|9px\u00bb global_colors_info=\u00bb{}\u00bb][et_pb_column type=\u00bb1_4&#8243; _builder_version=\u00bb4.27.4&#8243; _module_preset=\u00bbdefault\u00bb global_colors_info=\u00bb{}\u00bb][et_pb_blurb title=\u00bb M\u00e9c\u00e8ne Cuivre\u00bb image_icon_width=\u00bb200%\u00bb _builder_version=\u00bb4.27.4&#8243; _module_preset=\u00bbdefault\u00bb header_font=\u00bbParis|300||on|||||\u00bb header_text_align=\u00bbcenter\u00bb header_text_color=\u00bb#FFFFFF\u00bb header_font_size=\u00bb28px\u00bb header_line_height=\u00bb1.8em\u00bb body_font=\u00bbMontserrat-Regular||||||||\u00bb body_text_color=\u00bb#FFFFFF\u00bb body_font_size=\u00bb13px\u00bb body_line_height=\u00bb1.3em\u00bb background_color=\u00bb#d8042a\u00bb image_icon_custom_margin=\u00bb17px||-1px||false|false\u00bb min_height=\u00bb660.4px\u00bb custom_padding=\u00bb21px|20px||20px|false|true\u00bb border_radii=\u00bbon|9px|9px|9px|9px\u00bb box_shadow_style=\u00bbpreset1&#8243; global_colors_info=\u00bb{}\u00bb]<\/p>\n<p>Se entrega a los donadores que hayan realizado una aportaci\u00f3n voluntaria superior a los<br \/>$20 hasta los $100.<\/p>\n<p>Beneficios:<\/p>\n<ul>\n<li>Acceso prioritario a eventos culturales.<\/li>\n<li>Menci\u00f3n en redes sociales<\/li>\n<li>Entrega de certificado de reconocimiento.<\/li>\n<\/ul>\n<p>[\/et_pb_blurb][\/et_pb_column][et_pb_column type=\u00bb1_4&#8243; _builder_version=\u00bb4.27.4&#8243; _module_preset=\u00bbdefault\u00bb global_colors_info=\u00bb{}\u00bb][et_pb_blurb title=\u00bbM\u00e9c\u00e8ne Argent\u00bb image_icon_width=\u00bb200%\u00bb _builder_version=\u00bb4.27.4&#8243; _module_preset=\u00bbdefault\u00bb header_font=\u00bbParis|300||on|||||\u00bb header_text_align=\u00bbcenter\u00bb header_text_color=\u00bb#FFFFFF\u00bb header_font_size=\u00bb27px\u00bb header_line_height=\u00bb1.8em\u00bb body_font=\u00bbMontserrat-Regular||||||||\u00bb body_text_color=\u00bb#FFFFFF\u00bb body_font_size=\u00bb13px\u00bb body_line_height=\u00bb1.3em\u00bb background_color=\u00bb#d8042a\u00bb image_icon_custom_margin=\u00bb17px||-1px||false|false\u00bb min_height=\u00bb660.3px\u00bb custom_padding=\u00bb21px|20px||20px|false|true\u00bb border_radii=\u00bbon|9px|9px|9px|9px\u00bb box_shadow_style=\u00bbpreset1&#8243; global_colors_info=\u00bb{}\u00bb]<\/p>\n<p>Se entrega a los donadores que hayan realizado una aportaci\u00f3n voluntaria superior a los<br \/>$101 hasta los $300.<\/p>\n<p>Beneficios:<\/p>\n<ul>\n<li>Acceso prioritario a eventos culturales.<\/li>\n<li>Menci\u00f3n en redes sociales.<\/li>\n<li>Descuento en clases de Franc\u00e9s del 10% en 5 m\u00f3dulos consecutivos.<\/li>\n<li>Entrega de certificado de reconocimiento.<\/li>\n<\/ul>\n<p>&nbsp;<\/p>\n<p>[\/et_pb_blurb][\/et_pb_column][et_pb_column type=\u00bb1_4&#8243; _builder_version=\u00bb4.27.4&#8243; _module_preset=\u00bbdefault\u00bb global_colors_info=\u00bb{}\u00bb][et_pb_blurb title=\u00bbM\u00c9C\u00c8NE OR\u00bb image_icon_width=\u00bb200%\u00bb _builder_version=\u00bb4.27.4&#8243; _module_preset=\u00bbdefault\u00bb header_font=\u00bbParis|300||on|||||\u00bb header_text_align=\u00bbcenter\u00bb header_text_color=\u00bb#FFFFFF\u00bb header_font_size=\u00bb28px\u00bb header_line_height=\u00bb1.8em\u00bb body_font=\u00bbMontserrat-Regular||||||||\u00bb body_text_color=\u00bb#FFFFFF\u00bb body_font_size=\u00bb13px\u00bb body_line_height=\u00bb1.3em\u00bb background_color=\u00bb#d8042a\u00bb image_icon_custom_margin=\u00bb17px||-1px||false|false\u00bb min_height=\u00bb664.2px\u00bb custom_margin=\u00bb||-28px|||\u00bb custom_padding=\u00bb21px|20px||20px|false|true\u00bb border_radii=\u00bbon|9px|9px|9px|9px\u00bb box_shadow_style=\u00bbpreset1&#8243; global_colors_info=\u00bb{}\u00bb]<\/p>\n<p>Se entrega a los donadores que hayan realizado una aportaci\u00f3n voluntaria superior a los<br \/>$301 hasta los $500.<\/p>\n<p>Beneficios:<\/p>\n<ul>\n<li>Acceso prioritario a eventos culturales.<\/li>\n<li>Menci\u00f3n en redes sociales.<\/li>\n<li>Descuento en clases de Franc\u00e9s del 20% en 5 m\u00f3dulos consecutivos.<\/li>\n<li>Entrega de placa en ceremonia de reconocimiento.<\/li>\n<li>Placa de benefactores con su nombre para la entrada principal.<\/li>\n<\/ul>\n<p>&nbsp;<\/p>\n<p>[\/et_pb_blurb][\/et_pb_column][et_pb_column type=\u00bb1_4&#8243; _builder_version=\u00bb4.27.4&#8243; _module_preset=\u00bbdefault\u00bb global_colors_info=\u00bb{}\u00bb][et_pb_blurb title=\u00bbM\u00c9C\u00c8NE IVOIRE\u00bb image_icon_width=\u00bb200%\u00bb _builder_version=\u00bb4.27.4&#8243; _module_preset=\u00bbdefault\u00bb header_font=\u00bbParis|300||on|||||\u00bb header_text_align=\u00bbcenter\u00bb header_text_color=\u00bb#FFFFFF\u00bb header_font_size=\u00bb28px\u00bb header_line_height=\u00bb2em\u00bb body_font=\u00bbMontserrat-Regular||||||||\u00bb body_text_color=\u00bb#FFFFFF\u00bb body_font_size=\u00bb13px\u00bb body_line_height=\u00bb1.3em\u00bb background_color=\u00bb#d8042a\u00bb image_icon_custom_margin=\u00bb17px||-1px||false|false\u00bb min_height=\u00bb481.5px\u00bb custom_margin=\u00bb||-17px|||\u00bb custom_padding=\u00bb22px|20px||20px|false|true\u00bb border_radii=\u00bbon|9px|9px|9px|9px\u00bb box_shadow_style=\u00bbpreset1&#8243; global_colors_info=\u00bb{}\u00bb]<\/p>\n<p>Se entrega a los donadores que hayan realizado una aportaci\u00f3n voluntaria superior<br \/>a los $500.<\/p>\n<p>Beneficios:<\/p>\n<ul>\n<li>Acceso prioritario a eventos culturales.<\/li>\n<li>Menci\u00f3n en redes sociales.<\/li>\n<li>Descuento en clases de Franc\u00e9s del 30% en 5 m\u00f3dulos consecutivos.<\/li>\n<li>Entrega de placa en ceremonia de reconocimiento<\/li>\n<li>Invitaci\u00f3n a la Fiesta Nacional de Francia el 14 de Julio.<\/li>\n<li>Agradecimiento en todos los eventos de AFG.<\/li>\n<li>Placa de benefactores con su nombre para la entrada principal.<\/li>\n<\/ul>\n<p>[\/et_pb_blurb][\/et_pb_column][\/et_pb_row][et_pb_row column_structure=\u00bb1_4,1_4,1_4,1_4&#8243; use_custom_gutter=\u00bbon\u00bb make_equal=\u00bbon\u00bb disabled_on=\u00bboff|off|on\u00bb _builder_version=\u00bb4.27.4&#8243; _module_preset=\u00bbdefault\u00bb custom_padding=\u00bb13px|||||\u00bb border_radii=\u00bbon|9px|9px|9px|9px\u00bb global_colors_info=\u00bb{}\u00bb][et_pb_column type=\u00bb1_4&#8243; _builder_version=\u00bb4.27.4&#8243; _module_preset=\u00bbdefault\u00bb global_colors_info=\u00bb{}\u00bb][et_pb_blurb title=\u00bb M\u00e9c\u00e8ne Cuivre\u00bb image_icon_width=\u00bb200%\u00bb _builder_version=\u00bb4.27.4&#8243; _module_preset=\u00bbdefault\u00bb header_font=\u00bbParis|300||on|||||\u00bb header_text_align=\u00bbcenter\u00bb header_text_color=\u00bb#FFFFFF\u00bb header_font_size=\u00bb28px\u00bb header_line_height=\u00bb1.8em\u00bb body_font=\u00bbMontserrat-Regular||||||||\u00bb body_text_color=\u00bb#FFFFFF\u00bb body_font_size=\u00bb13px\u00bb body_line_height=\u00bb1.3em\u00bb background_color=\u00bb#d8042a\u00bb image_icon_custom_margin=\u00bb17px||-1px||false|false\u00bb min_height=\u00bb344.4px\u00bb custom_padding=\u00bb21px|20px||20px|false|true\u00bb border_radii=\u00bbon|9px|9px|9px|9px\u00bb box_shadow_style=\u00bbpreset1&#8243; global_colors_info=\u00bb{}\u00bb]<\/p>\n<p>Se entrega a los donadores que hayan realizado una aportaci\u00f3n voluntaria superior a los<br \/>$20 hasta los $100.<\/p>\n<p>Beneficios:<\/p>\n<ul>\n<li>Acceso prioritario a eventos culturales.<\/li>\n<li>Menci\u00f3n en redes sociales<\/li>\n<li>Entrega de certificado de reconocimiento.<\/li>\n<\/ul>\n<p>[\/et_pb_blurb][\/et_pb_column][et_pb_column type=\u00bb1_4&#8243; _builder_version=\u00bb4.27.4&#8243; _module_preset=\u00bbdefault\u00bb global_colors_info=\u00bb{}\u00bb][et_pb_blurb title=\u00bbM\u00e9c\u00e8ne Argent\u00bb image_icon_width=\u00bb200%\u00bb _builder_version=\u00bb4.27.4&#8243; _module_preset=\u00bbdefault\u00bb header_font=\u00bbParis|300||on|||||\u00bb header_text_align=\u00bbcenter\u00bb header_text_color=\u00bb#FFFFFF\u00bb header_font_size=\u00bb27px\u00bb header_line_height=\u00bb1.8em\u00bb body_font=\u00bbMontserrat-Regular||||||||\u00bb body_text_color=\u00bb#FFFFFF\u00bb body_font_size=\u00bb13px\u00bb body_line_height=\u00bb1.3em\u00bb background_color=\u00bb#d8042a\u00bb image_icon_custom_margin=\u00bb17px||-1px||false|false\u00bb min_height=\u00bb381.3px\u00bb custom_padding=\u00bb21px|20px|0px|20px|false|true\u00bb border_radii=\u00bbon|9px|9px|9px|9px\u00bb box_shadow_style=\u00bbpreset1&#8243; global_colors_info=\u00bb{}\u00bb]<\/p>\n<p>Se entrega a los donadores que hayan realizado una aportaci\u00f3n voluntaria superior a los<br \/>$101 hasta los $300.<\/p>\n<p>Beneficios:<\/p>\n<ul>\n<li>Acceso prioritario a eventos culturales.<\/li>\n<li>Menci\u00f3n en redes sociales.<\/li>\n<li>Descuento en clases de Franc\u00e9s del 10% en 5 m\u00f3dulos consecutivos.<\/li>\n<li>Entrega de certificado de reconocimiento.<\/li>\n<\/ul>\n<p>&nbsp;<\/p>\n<p>[\/et_pb_blurb][\/et_pb_column][et_pb_column type=\u00bb1_4&#8243; _builder_version=\u00bb4.27.4&#8243; _module_preset=\u00bbdefault\u00bb global_colors_info=\u00bb{}\u00bb][et_pb_blurb title=\u00bbM\u00c9C\u00c8NE OR\u00bb image_icon_width=\u00bb200%\u00bb _builder_version=\u00bb4.27.4&#8243; _module_preset=\u00bbdefault\u00bb header_font=\u00bbParis|300||on|||||\u00bb header_text_align=\u00bbcenter\u00bb header_text_color=\u00bb#FFFFFF\u00bb header_font_size=\u00bb27px\u00bb header_line_height=\u00bb1.8em\u00bb body_font=\u00bbMontserrat-Regular||||||||\u00bb body_text_color=\u00bb#FFFFFF\u00bb body_font_size=\u00bb13px\u00bb body_line_height=\u00bb1.3em\u00bb background_color=\u00bb#d8042a\u00bb image_icon_custom_margin=\u00bb17px||-1px||false|false\u00bb min_height=\u00bb444.2px\u00bb custom_margin=\u00bb||-28px|||\u00bb custom_padding=\u00bb21px|20px|0px|20px|false|true\u00bb border_radii=\u00bbon|9px|9px|9px|9px\u00bb box_shadow_style=\u00bbpreset1&#8243; global_colors_info=\u00bb{}\u00bb]<\/p>\n<p>Se entrega a los donadores que hayan realizado una aportaci\u00f3n voluntaria superior a los<br \/>$301 hasta los $500.<\/p>\n<p>Beneficios:<\/p>\n<ul>\n<li>Acceso prioritario a eventos culturales.<\/li>\n<li>Menci\u00f3n en redes sociales.<\/li>\n<li>Descuento en clases de Franc\u00e9s del 20% en 5 m\u00f3dulos consecutivos.<\/li>\n<li>Entrega de placa en ceremonia de reconocimiento.<\/li>\n<li>Placa de benefactores con su nombre para la entrada principal.<\/li>\n<\/ul>\n<p>&nbsp;<\/p>\n<p>[\/et_pb_blurb][\/et_pb_column][et_pb_column type=\u00bb1_4&#8243; _builder_version=\u00bb4.27.4&#8243; _module_preset=\u00bbdefault\u00bb global_colors_info=\u00bb{}\u00bb][et_pb_blurb title=\u00bbM\u00c9C\u00c8NE IVOIRE\u00bb image_icon_width=\u00bb200%\u00bb _builder_version=\u00bb4.27.4&#8243; _module_preset=\u00bbdefault\u00bb header_font=\u00bbParis|300||on|||||\u00bb header_text_align=\u00bbcenter\u00bb header_text_color=\u00bb#FFFFFF\u00bb header_font_size=\u00bb28px\u00bb header_line_height=\u00bb2em\u00bb body_font=\u00bbMontserrat-Regular||||||||\u00bb body_text_color=\u00bb#FFFFFF\u00bb body_font_size=\u00bb13px\u00bb body_line_height=\u00bb1.3em\u00bb background_color=\u00bb#d8042a\u00bb image_icon_custom_margin=\u00bb17px||-1px||false|false\u00bb min_height=\u00bb481.5px\u00bb custom_margin=\u00bb24px||-17px|||\u00bb custom_padding=\u00bb22px|20px||20px|false|true\u00bb border_radii=\u00bbon|9px|9px|9px|9px\u00bb box_shadow_style=\u00bbpreset1&#8243; global_colors_info=\u00bb{}\u00bb]<\/p>\n<p>Se entrega a los donadores que hayan realizado una aportaci\u00f3n voluntaria superior<br \/>a los $500.<\/p>\n<p>Beneficios:<\/p>\n<ul>\n<li>Acceso prioritario a eventos culturales.<\/li>\n<li>Menci\u00f3n en redes sociales.<\/li>\n<li>Descuento en clases de Franc\u00e9s del 30% en 5 m\u00f3dulos consecutivos.<\/li>\n<li>Entrega de placa en ceremonia de reconocimiento<\/li>\n<li>Invitaci\u00f3n a la Fiesta Nacional de Francia el 14 de Julio.<\/li>\n<li>Agradecimiento en todos los eventos de AFG.<\/li>\n<li>Placa de benefactores con su nombre para la entrada principal.<\/li>\n<\/ul>\n<p>[\/et_pb_blurb][\/et_pb_column][\/et_pb_row][\/et_pb_section][et_pb_section fb_built=\u00bb1&#8243; admin_label=\u00bbCall to Action\u00bb _builder_version=\u00bb4.27.4&#8243; _module_preset=\u00bbdefault\u00bb background_enable_image=\u00bboff\u00bb custom_padding=\u00bb5vw||5vw||true|false\u00bb da_disable_devices=\u00bboff|off|off\u00bb locked=\u00bboff\u00bb collapsed=\u00bbon\u00bb global_colors_info=\u00bb{%22gcid-36fd78a7-34bc-404d-873c-dafa34efaae5%22:%91%22background_color%22%93}\u00bb da_is_popup=\u00bboff\u00bb da_exit_intent=\u00bboff\u00bb da_has_close=\u00bbon\u00bb da_alt_close=\u00bboff\u00bb da_dark_close=\u00bboff\u00bb da_not_modal=\u00bbon\u00bb da_is_singular=\u00bboff\u00bb da_with_loader=\u00bboff\u00bb da_has_shadow=\u00bbon\u00bb][et_pb_row _builder_version=\u00bb4.24.3&#8243; _module_preset=\u00bb5138c454-be54-4233-bd3b-f8e6a8747976&#8243; locked=\u00bboff\u00bb global_colors_info=\u00bb{}\u00bb][et_pb_column type=\u00bb4_4&#8243; _builder_version=\u00bb4.18.0&#8243; _module_preset=\u00bb73121f80-a3ef-4484-8763-c3f18e3c56d2&#8243; global_colors_info=\u00bb{}\u00bb][et_pb_cta title=\u00bb\u00danase a Nuestra Causa\u00bb button_url=\u00bb#\u00bb button_text=\u00bbDone aqu\u00ed\u00bb _builder_version=\u00bb4.27.4&#8243; _module_preset=\u00bb4c2ad5d0-871e-414e-a4be-aa9134d4ae8e\u00bb header_font=\u00bbParis|Playfair Display_weight|||||||\u00bb header_font_size=\u00bb50px\u00bb header_line_height=\u00bb1.2em\u00bb body_font=\u00bbMontserrat-Regular||||||||\u00bb body_text_color=\u00bbrgba(0,0,0,0.64)\u00bb body_font_size=\u00bb18px\u00bb body_line_height=\u00bb1.75em\u00bb background_color=\u00bb#FFFFFF\u00bb custom_button=\u00bbon\u00bb button_text_size=\u00bb15px\u00bb button_text_color=\u00bb#FFFFFF\u00bb button_bg_color=\u00bb#FFFFFF\u00bb button_border_width=\u00bb0px\u00bb button_border_radius=\u00bb100px\u00bb button_font=\u00bbMontserrat-Regular|700|||||||\u00bb button_custom_padding=\u00bb6px|24px|6px|24px|true|true\u00bb background_layout=\u00bblight\u00bb custom_padding=\u00bb60px|60px|60px|60px|true|true\u00bb custom_padding_tablet=\u00bb30px|30px|30px|30px|true|true\u00bb custom_padding_phone=\u00bb20px|20px|20px|20px|true|true\u00bb custom_padding_last_edited=\u00bbon|desktop\u00bb header_font_size_tablet=\u00bb28px\u00bb header_font_size_phone=\u00bb20px\u00bb header_font_size_last_edited=\u00bbon|phone\u00bb body_font_size_tablet=\u00bb16px\u00bb body_font_size_phone=\u00bb14px\u00bb body_font_size_last_edited=\u00bbon|phone\u00bb border_radii=\u00bbon|6px|6px|6px|6px\u00bb box_shadow_style=\u00bbpreset3&#8243; box_shadow_vertical=\u00bb24px\u00bb box_shadow_blur=\u00bb72px\u00bb box_shadow_spread=\u00bb-12px\u00bb box_shadow_color=\u00bbrgba(0,0,0,0.12)\u00bb locked=\u00bboff\u00bb global_colors_info=\u00bb{%22gcid-f2943306-fa6c-45f0-b632-5fc00151366a%22:%91%22button_text_color%22%93,%22gcid-36fd78a7-34bc-404d-873c-dafa34efaae5%22:%91%22button_text_color%22,%22color%22,%22background_color%22%93,%22gcid-7cadd8b3-5228-48e4-90c4-212d09232f7b%22:%91%22color%22,%22color%22,%22color%22,%22color%22%93,%22gcid-f113ad93-2527-46d7-862b-fc71181c6b5e%22:%91%22border_color_all%22,%22border_color_all%22%93}\u00bb text_font_size_tablet=\u00bb16px\u00bb text_font_size_phone=\u00bb14px\u00bb text_font_size_last_edited=\u00bbon|phone\u00bb]<\/p>\n<p>Contribuya a la Alianza Francesa y apoye nuestra misi\u00f3n de promover el aprendizaje del franc\u00e9s. Su donaci\u00f3n nos ayuda a seguir ofreciendo cursos de calidad y a expandir nuestras actividades culturales. \u00a1Sea parte del cambio!<\/p>\n<p>[\/et_pb_cta][et_pb_contact_form _builder_version=\u00bb4.27.4&#8243; _module_preset=\u00bbdefault\u00bb _unique_id=\u00bb8ea8af12-fca2-4d30-a0d1-a27aac481fe7&#8243; hover_enabled=\u00bb0&#8243; global_colors_info=\u00bb{}\u00bb email=\u00bbcultura@afguayaquil.org.ec\u00bb sticky_enabled=\u00bb0&#8243;][et_pb_contact_field field_id=\u00bbName\u00bb field_title=\u00bbNombre\u00bb _builder_version=\u00bb4.27.4&#8243; global_colors_info=\u00bb{}\u00bb button_text_size__hover_enabled=\u00bboff\u00bb button_one_text_size__hover_enabled=\u00bboff\u00bb button_two_text_size__hover_enabled=\u00bboff\u00bb button_text_color__hover_enabled=\u00bboff\u00bb button_one_text_color__hover_enabled=\u00bboff\u00bb button_two_text_color__hover_enabled=\u00bboff\u00bb button_border_width__hover_enabled=\u00bboff\u00bb button_one_border_width__hover_enabled=\u00bboff\u00bb button_two_border_width__hover_enabled=\u00bboff\u00bb button_border_color__hover_enabled=\u00bboff\u00bb button_one_border_color__hover_enabled=\u00bboff\u00bb button_two_border_color__hover_enabled=\u00bboff\u00bb button_border_radius__hover_enabled=\u00bboff\u00bb button_one_border_radius__hover_enabled=\u00bboff\u00bb button_two_border_radius__hover_enabled=\u00bboff\u00bb button_letter_spacing__hover_enabled=\u00bboff\u00bb button_one_letter_spacing__hover_enabled=\u00bboff\u00bb button_two_letter_spacing__hover_enabled=\u00bboff\u00bb button_bg_color__hover_enabled=\u00bboff\u00bb button_one_bg_color__hover_enabled=\u00bboff\u00bb button_two_bg_color__hover_enabled=\u00bboff\u00bb][\/et_pb_contact_field][et_pb_contact_field field_id=\u00bbTelefono\u00bb field_title=\u00bbTelefono\u00bb _builder_version=\u00bb4.27.4&#8243; _module_preset=\u00bbdefault\u00bb global_colors_info=\u00bb{}\u00bb][\/et_pb_contact_field][et_pb_contact_field field_id=\u00bbEmail\u00bb field_title=\u00bbDirecci\u00f3n de correo electr\u00f3nico\u00bb field_type=\u00bbemail\u00bb _builder_version=\u00bb4.16&#8243; global_colors_info=\u00bb{}\u00bb button_text_size__hover_enabled=\u00bboff\u00bb button_one_text_size__hover_enabled=\u00bboff\u00bb button_two_text_size__hover_enabled=\u00bboff\u00bb button_text_color__hover_enabled=\u00bboff\u00bb button_one_text_color__hover_enabled=\u00bboff\u00bb button_two_text_color__hover_enabled=\u00bboff\u00bb button_border_width__hover_enabled=\u00bboff\u00bb button_one_border_width__hover_enabled=\u00bboff\u00bb button_two_border_width__hover_enabled=\u00bboff\u00bb button_border_color__hover_enabled=\u00bboff\u00bb button_one_border_color__hover_enabled=\u00bboff\u00bb button_two_border_color__hover_enabled=\u00bboff\u00bb button_border_radius__hover_enabled=\u00bboff\u00bb button_one_border_radius__hover_enabled=\u00bboff\u00bb button_two_border_radius__hover_enabled=\u00bboff\u00bb button_letter_spacing__hover_enabled=\u00bboff\u00bb button_one_letter_spacing__hover_enabled=\u00bboff\u00bb button_two_letter_spacing__hover_enabled=\u00bboff\u00bb button_bg_color__hover_enabled=\u00bboff\u00bb button_one_bg_color__hover_enabled=\u00bboff\u00bb button_two_bg_color__hover_enabled=\u00bboff\u00bb][\/et_pb_contact_field][et_pb_contact_field field_id=\u00bbMessage\u00bb field_title=\u00bbMensaje\u00bb field_type=\u00bbtext\u00bb fullwidth_field=\u00bbon\u00bb _builder_version=\u00bb4.16&#8243; global_colors_info=\u00bb{}\u00bb button_text_size__hover_enabled=\u00bboff\u00bb button_one_text_size__hover_enabled=\u00bboff\u00bb button_two_text_size__hover_enabled=\u00bboff\u00bb button_text_color__hover_enabled=\u00bboff\u00bb button_one_text_color__hover_enabled=\u00bboff\u00bb button_two_text_color__hover_enabled=\u00bboff\u00bb button_border_width__hover_enabled=\u00bboff\u00bb button_one_border_width__hover_enabled=\u00bboff\u00bb button_two_border_width__hover_enabled=\u00bboff\u00bb button_border_color__hover_enabled=\u00bboff\u00bb button_one_border_color__hover_enabled=\u00bboff\u00bb button_two_border_color__hover_enabled=\u00bboff\u00bb button_border_radius__hover_enabled=\u00bboff\u00bb button_one_border_radius__hover_enabled=\u00bboff\u00bb button_two_border_radius__hover_enabled=\u00bboff\u00bb button_letter_spacing__hover_enabled=\u00bboff\u00bb button_one_letter_spacing__hover_enabled=\u00bboff\u00bb button_two_letter_spacing__hover_enabled=\u00bboff\u00bb button_bg_color__hover_enabled=\u00bboff\u00bb button_one_bg_color__hover_enabled=\u00bboff\u00bb button_two_bg_color__hover_enabled=\u00bboff\u00bb][\/et_pb_contact_field][\/et_pb_contact_form][\/et_pb_column][\/et_pb_row][\/et_pb_section]<\/p>\n","protected":false},"excerpt":{"rendered":"<p>En la Alianza Francesa de Guayaquil, trabajamos para fortalecer los lazos entre la cultura franc\u00f3fona y ecuatoriana a trav\u00e9s de eventos, programas educativos y actividades art\u00edsticas. Su colaboraci\u00f3n nos permitir\u00e1 [&hellip;]<\/p>\n","protected":false},"author":1,"featured_media":0,"parent":0,"menu_order":0,"comment_status":"closed","ping_status":"closed","template":"","meta":{"_et_pb_use_builder":"on","_et_pb_old_content":"","_et_gb_content_width":"","footnotes":""},"class_list":["post-234","page","type-page","status-publish","hentry"],"yoast_head":"<!-- This site is optimized with the Yoast SEO Premium plugin v25.0 (Yoast SEO v27.5) - https:\/\/yoast.com\/product\/yoast-seo-premium-wordpress\/ -->\n<title>Auspicios - Alianza Francesa de Guayaquil<\/title>\n<meta name=\"robots\" content=\"index, follow, max-snippet:-1, max-image-preview:large, max-video-preview:-1\" \/>\n<link rel=\"canonical\" href=\"https:\/\/afguayaquil.org.ec\/af\/auspicios\/\" \/>\n<meta property=\"og:locale\" content=\"es_ES\" \/>\n<meta property=\"og:type\" content=\"article\" \/>\n<meta property=\"og:title\" content=\"Auspicios\" \/>\n<meta property=\"og:description\" content=\"En la Alianza Francesa de Guayaquil, trabajamos para fortalecer los lazos entre la cultura franc\u00f3fona y ecuatoriana a trav\u00e9s de eventos, programas educativos y actividades art\u00edsticas. Su colaboraci\u00f3n nos permitir\u00e1 [&hellip;]\" \/>\n<meta property=\"og:url\" content=\"https:\/\/afguayaquil.org.ec\/af\/auspicios\/\" \/>\n<meta property=\"og:site_name\" content=\"Alianza Francesa de Guayaquil\" \/>\n<meta property=\"article:publisher\" content=\"https:\/\/www.facebook.com\/afguayaquil?mibextid=ZbWKwL\" \/>\n<meta property=\"article:modified_time\" content=\"2025-04-02T17:47:55+00:00\" \/>\n<meta name=\"twitter:card\" content=\"summary_large_image\" \/>\n<meta name=\"twitter:label1\" content=\"Tiempo de lectura\" \/>\n\t<meta name=\"twitter:data1\" content=\"25 minutos\" \/>\n<script type=\"application\/ld+json\" class=\"yoast-schema-graph\">{\"@context\":\"https:\\\/\\\/schema.org\",\"@graph\":[{\"@type\":\"WebPage\",\"@id\":\"https:\\\/\\\/afguayaquil.org.ec\\\/af\\\/auspicios\\\/\",\"url\":\"https:\\\/\\\/afguayaquil.org.ec\\\/af\\\/auspicios\\\/\",\"name\":\"Auspicios - Alianza Francesa de Guayaquil\",\"isPartOf\":{\"@id\":\"https:\\\/\\\/afguayaquil.org.ec\\\/af\\\/#website\"},\"datePublished\":\"2024-10-24T03:48:25+00:00\",\"dateModified\":\"2025-04-02T17:47:55+00:00\",\"breadcrumb\":{\"@id\":\"https:\\\/\\\/afguayaquil.org.ec\\\/af\\\/auspicios\\\/#breadcrumb\"},\"inLanguage\":\"es\",\"potentialAction\":[{\"@type\":\"ReadAction\",\"target\":[\"https:\\\/\\\/afguayaquil.org.ec\\\/af\\\/auspicios\\\/\"]}]},{\"@type\":\"BreadcrumbList\",\"@id\":\"https:\\\/\\\/afguayaquil.org.ec\\\/af\\\/auspicios\\\/#breadcrumb\",\"itemListElement\":[{\"@type\":\"ListItem\",\"position\":1,\"name\":\"Portada\",\"item\":\"https:\\\/\\\/afguayaquil.org.ec\\\/af\\\/\"},{\"@type\":\"ListItem\",\"position\":2,\"name\":\"Auspicios\"}]},{\"@type\":\"WebSite\",\"@id\":\"https:\\\/\\\/afguayaquil.org.ec\\\/af\\\/#website\",\"url\":\"https:\\\/\\\/afguayaquil.org.ec\\\/af\\\/\",\"name\":\"Alianza Francesa de Guayaquil\",\"description\":\"Aprende Frances, cursos de frances, clases de frances, idioma frances, cultura francesa, hablar frances\",\"publisher\":{\"@id\":\"https:\\\/\\\/afguayaquil.org.ec\\\/af\\\/#organization\"},\"alternateName\":\"Cursos de frances\",\"potentialAction\":[{\"@type\":\"SearchAction\",\"target\":{\"@type\":\"EntryPoint\",\"urlTemplate\":\"https:\\\/\\\/afguayaquil.org.ec\\\/af\\\/?s={search_term_string}\"},\"query-input\":{\"@type\":\"PropertyValueSpecification\",\"valueRequired\":true,\"valueName\":\"search_term_string\"}}],\"inLanguage\":\"es\"},{\"@type\":\"Organization\",\"@id\":\"https:\\\/\\\/afguayaquil.org.ec\\\/af\\\/#organization\",\"name\":\"Alianza Francesa de Guayaquil\",\"alternateName\":\"Cursos de frances guayaquil\",\"url\":\"https:\\\/\\\/afguayaquil.org.ec\\\/af\\\/\",\"logo\":{\"@type\":\"ImageObject\",\"inLanguage\":\"es\",\"@id\":\"https:\\\/\\\/afguayaquil.org.ec\\\/af\\\/#\\\/schema\\\/logo\\\/image\\\/\",\"url\":\"https:\\\/\\\/afguayaquil.org.ec\\\/af\\\/wp-content\\\/uploads\\\/2024\\\/10\\\/logoaf.png\",\"contentUrl\":\"https:\\\/\\\/afguayaquil.org.ec\\\/af\\\/wp-content\\\/uploads\\\/2024\\\/10\\\/logoaf.png\",\"width\":125,\"height\":125,\"caption\":\"Alianza Francesa de Guayaquil\"},\"image\":{\"@id\":\"https:\\\/\\\/afguayaquil.org.ec\\\/af\\\/#\\\/schema\\\/logo\\\/image\\\/\"},\"sameAs\":[\"https:\\\/\\\/www.facebook.com\\\/afguayaquil?mibextid=ZbWKwL\",\"https:\\\/\\\/www.instagram.com\\\/afguayaquil?igsh=anE5M2Nyc3g5OTI=\",\"https:\\\/\\\/www.tiktok.com\\\/@afguayaquil?_t=8rcDNvQXJTk&_r=1\"]}]}<\/script>\n<!-- \/ Yoast SEO Premium plugin. -->","yoast_head_json":{"title":"Auspicios - Alianza Francesa de Guayaquil","robots":{"index":"index","follow":"follow","max-snippet":"max-snippet:-1","max-image-preview":"max-image-preview:large","max-video-preview":"max-video-preview:-1"},"canonical":"https:\/\/afguayaquil.org.ec\/af\/auspicios\/","og_locale":"es_ES","og_type":"article","og_title":"Auspicios","og_description":"En la Alianza Francesa de Guayaquil, trabajamos para fortalecer los lazos entre la cultura franc\u00f3fona y ecuatoriana a trav\u00e9s de eventos, programas educativos y actividades art\u00edsticas. Su colaboraci\u00f3n nos permitir\u00e1 [&hellip;]","og_url":"https:\/\/afguayaquil.org.ec\/af\/auspicios\/","og_site_name":"Alianza Francesa de Guayaquil","article_publisher":"https:\/\/www.facebook.com\/afguayaquil?mibextid=ZbWKwL","article_modified_time":"2025-04-02T17:47:55+00:00","twitter_card":"summary_large_image","twitter_misc":{"Tiempo de lectura":"25 minutos"},"schema":{"@context":"https:\/\/schema.org","@graph":[{"@type":"WebPage","@id":"https:\/\/afguayaquil.org.ec\/af\/auspicios\/","url":"https:\/\/afguayaquil.org.ec\/af\/auspicios\/","name":"Auspicios - Alianza Francesa de Guayaquil","isPartOf":{"@id":"https:\/\/afguayaquil.org.ec\/af\/#website"},"datePublished":"2024-10-24T03:48:25+00:00","dateModified":"2025-04-02T17:47:55+00:00","breadcrumb":{"@id":"https:\/\/afguayaquil.org.ec\/af\/auspicios\/#breadcrumb"},"inLanguage":"es","potentialAction":[{"@type":"ReadAction","target":["https:\/\/afguayaquil.org.ec\/af\/auspicios\/"]}]},{"@type":"BreadcrumbList","@id":"https:\/\/afguayaquil.org.ec\/af\/auspicios\/#breadcrumb","itemListElement":[{"@type":"ListItem","position":1,"name":"Portada","item":"https:\/\/afguayaquil.org.ec\/af\/"},{"@type":"ListItem","position":2,"name":"Auspicios"}]},{"@type":"WebSite","@id":"https:\/\/afguayaquil.org.ec\/af\/#website","url":"https:\/\/afguayaquil.org.ec\/af\/","name":"Alianza Francesa de Guayaquil","description":"Aprende Frances, cursos de frances, clases de frances, idioma frances, cultura francesa, hablar frances","publisher":{"@id":"https:\/\/afguayaquil.org.ec\/af\/#organization"},"alternateName":"Cursos de frances","potentialAction":[{"@type":"SearchAction","target":{"@type":"EntryPoint","urlTemplate":"https:\/\/afguayaquil.org.ec\/af\/?s={search_term_string}"},"query-input":{"@type":"PropertyValueSpecification","valueRequired":true,"valueName":"search_term_string"}}],"inLanguage":"es"},{"@type":"Organization","@id":"https:\/\/afguayaquil.org.ec\/af\/#organization","name":"Alianza Francesa de Guayaquil","alternateName":"Cursos de frances guayaquil","url":"https:\/\/afguayaquil.org.ec\/af\/","logo":{"@type":"ImageObject","inLanguage":"es","@id":"https:\/\/afguayaquil.org.ec\/af\/#\/schema\/logo\/image\/","url":"https:\/\/afguayaquil.org.ec\/af\/wp-content\/uploads\/2024\/10\/logoaf.png","contentUrl":"https:\/\/afguayaquil.org.ec\/af\/wp-content\/uploads\/2024\/10\/logoaf.png","width":125,"height":125,"caption":"Alianza Francesa de Guayaquil"},"image":{"@id":"https:\/\/afguayaquil.org.ec\/af\/#\/schema\/logo\/image\/"},"sameAs":["https:\/\/www.facebook.com\/afguayaquil?mibextid=ZbWKwL","https:\/\/www.instagram.com\/afguayaquil?igsh=anE5M2Nyc3g5OTI=","https:\/\/www.tiktok.com\/@afguayaquil?_t=8rcDNvQXJTk&_r=1"]}]}},"_links":{"self":[{"href":"https:\/\/afguayaquil.org.ec\/af\/wp-json\/wp\/v2\/pages\/234","targetHints":{"allow":["GET"]}}],"collection":[{"href":"https:\/\/afguayaquil.org.ec\/af\/wp-json\/wp\/v2\/pages"}],"about":[{"href":"https:\/\/afguayaquil.org.ec\/af\/wp-json\/wp\/v2\/types\/page"}],"author":[{"embeddable":true,"href":"https:\/\/afguayaquil.org.ec\/af\/wp-json\/wp\/v2\/users\/1"}],"replies":[{"embeddable":true,"href":"https:\/\/afguayaquil.org.ec\/af\/wp-json\/wp\/v2\/comments?post=234"}],"version-history":[{"count":54,"href":"https:\/\/afguayaquil.org.ec\/af\/wp-json\/wp\/v2\/pages\/234\/revisions"}],"predecessor-version":[{"id":5709,"href":"https:\/\/afguayaquil.org.ec\/af\/wp-json\/wp\/v2\/pages\/234\/revisions\/5709"}],"wp:attachment":[{"href":"https:\/\/afguayaquil.org.ec\/af\/wp-json\/wp\/v2\/media?parent=234"}],"curies":[{"name":"wp","href":"https:\/\/api.w.org\/{rel}","templated":true}]}}