{"id":204,"date":"2024-10-23T22:29:50","date_gmt":"2024-10-24T03:29:50","guid":{"rendered":"http:\/\/afguayaquil.org.ec\/af\/?page_id=204"},"modified":"2025-05-20T15:40:37","modified_gmt":"2025-05-20T20:40:37","slug":"cultura-francesa","status":"publish","type":"page","link":"https:\/\/afguayaquil.org.ec\/af\/cultura-francesa\/","title":{"rendered":"Cultura"},"content":{"rendered":"<p>[et_pb_section fb_built=\u00bb1&#8243; _builder_version=\u00bb4.27.2&#8243; _module_preset=\u00bbdefault\u00bb custom_padding=\u00bb51px|||||\u00bb global_colors_info=\u00bb{}\u00bb da_is_popup=\u00bboff\u00bb da_exit_intent=\u00bboff\u00bb da_has_close=\u00bbon\u00bb da_alt_close=\u00bboff\u00bb da_dark_close=\u00bboff\u00bb da_not_modal=\u00bbon\u00bb da_is_singular=\u00bboff\u00bb da_with_loader=\u00bboff\u00bb da_has_shadow=\u00bbon\u00bb da_disable_devices=\u00bboff|off|off\u00bb][et_pb_row disabled_on=\u00bbon|on|off\u00bb _builder_version=\u00bb4.27.4&#8243; _module_preset=\u00bbdefault\u00bb width=\u00bb76.8%\u00bb custom_margin=\u00bb|auto||106px||\u00bb custom_padding=\u00bb0px|||||\u00bb locked=\u00bboff\u00bb global_colors_info=\u00bb{}\u00bb][et_pb_column type=\u00bb4_4&#8243; _builder_version=\u00bb4.27.2&#8243; _module_preset=\u00bbdefault\u00bb global_colors_info=\u00bb{}\u00bb][et_pb_text _builder_version=\u00bb4.27.4&#8243; _module_preset=\u00bbdefault\u00bb text_font=\u00bbParis||||||||\u00bb text_text_color=\u00bb#333333&#8243; text_font_size=\u00bb63px\u00bb text_orientation=\u00bbcenter\u00bb custom_margin=\u00bb15px||2px|||\u00bb custom_padding=\u00bb0px||0px|||\u00bb global_colors_info=\u00bb{}\u00bb]<\/p>\n<p>Alianza Francesa Guayaquil<\/p>\n<p>[\/et_pb_text][dnxte_text_highlight before_text=\u00bbSu conexi\u00f3n con la \u00bb highlight_text=\u00bbCultura Franc\u00f3fona\u00bb after_text=\u00bb \u00bb highlight_alignment=\u00bbcenter\u00bb stroke_color=\u00bb#e0261d\u00bb dnxt_svg_select=\u00bbzigzag\u00bb _builder_version=\u00bb4.27.4&#8243; _module_preset=\u00bbdefault\u00bb heading_fonts_font=\u00bbParis|300|||||||\u00bb heading_fonts_font_size=\u00bb53px\u00bb heading_fonts_line_height=\u00bb1.2em\u00bb animation_fonts_font=\u00bbParis|300|||||||\u00bb animation_fonts_text_color=\u00bb#e0261d\u00bb animation_fonts_font_size=\u00bb53px\u00bb width=\u00bb100%\u00bb custom_margin=\u00bb-14px|||||\u00bb custom_padding=\u00bb52px|0px||0px||\u00bb global_colors_info=\u00bb{}\u00bb][\/dnxte_text_highlight][\/et_pb_column][\/et_pb_row][et_pb_row disabled_on=\u00bboff|off|on\u00bb _builder_version=\u00bb4.27.4&#8243; _module_preset=\u00bbdefault\u00bb width=\u00bb76.8%\u00bb custom_margin=\u00bb-18px|auto|9px|47px|false|false\u00bb custom_padding=\u00bb0px|||||\u00bb global_colors_info=\u00bb{}\u00bb][et_pb_column type=\u00bb4_4&#8243; _builder_version=\u00bb4.27.2&#8243; _module_preset=\u00bbdefault\u00bb global_colors_info=\u00bb{}\u00bb][et_pb_text _builder_version=\u00bb4.27.4&#8243; _module_preset=\u00bbdefault\u00bb text_font=\u00bbParis||||||||\u00bb text_text_color=\u00bb#333333&#8243; text_font_size=\u00bb36px\u00bb text_line_height=\u00bb1.1em\u00bb max_width=\u00bb170%\u00bb custom_margin=\u00bb3px||2px|2px||\u00bb custom_padding=\u00bb4px||0px|||\u00bb global_colors_info=\u00bb{}\u00bb]<\/p>\n<p>Alianza Francesa<\/p>\n<p>[\/et_pb_text][dnxte_text_highlight before_text=\u00bbSu conexi\u00f3n con la \u00bb highlight_text=\u00bbCultura Franc\u00f3fona\u00bb after_text=\u00bb \u00bb highlight_alignment=\u00bbleft\u00bb stroke_color=\u00bb#e0261d\u00bb stroke_width=\u00bb5px\u00bb dnxt_svg_select=\u00bbzigzag\u00bb _builder_version=\u00bb4.27.4&#8243; _module_preset=\u00bbdefault\u00bb heading_fonts_font=\u00bbParis|300|||||||\u00bb heading_fonts_line_height=\u00bb1.1em\u00bb animation_fonts_font=\u00bbParis|300|||||||\u00bb animation_fonts_text_color=\u00bb#e0261d\u00bb width=\u00bb100%\u00bb custom_margin=\u00bb-14px||13px|20px||\u00bb custom_padding=\u00bb18px|78px||3px||\u00bb global_colors_info=\u00bb{}\u00bb][\/dnxte_text_highlight][\/et_pb_column][\/et_pb_row][et_pb_row _builder_version=\u00bb4.27.2&#8243; _module_preset=\u00bbdefault\u00bb custom_margin=\u00bb-29px|auto||auto||\u00bb custom_padding=\u00bb28px|||||\u00bb global_colors_info=\u00bb{}\u00bb][et_pb_column type=\u00bb4_4&#8243; _builder_version=\u00bb4.27.2&#8243; _module_preset=\u00bbdefault\u00bb global_colors_info=\u00bb{}\u00bb][et_pb_text _builder_version=\u00bb4.27.4&#8243; _module_preset=\u00bbdefault\u00bb text_font=\u00bbMontserrat-Regular||||||||\u00bb text_text_color=\u00bb#6B6B6B\u00bb text_font_size=\u00bb17px\u00bb text_orientation=\u00bbjustified\u00bb width=\u00bb96.2%\u00bb custom_margin=\u00bb|206px||||\u00bb global_colors_info=\u00bb{}\u00bb]<\/p>\n<p>La Alianza Francesa trabaja incansablemente para cultivar el inter\u00e9s por el idioma franc\u00e9s y promover su estudio a trav\u00e9s de <a href=\"https:\/\/afguayaquil.org.ec\/af\/cursos-de-frances-en-guayaquil\/#\/\">cursos<\/a> de lengua y literatura, as\u00ed como mediante el desarrollo de recursos como <a href=\"https:\/\/afguayaquil.org.ec\/af\/mediateca-espacios-culturales\/#\/\">bibliotecas y mediatecas<\/a> que facilitan el acceso a la cultura y civilizaci\u00f3n francesas. Nuestro compromiso incluye la difusi\u00f3n de las culturas francesas y ecuatorianas en todas sus expresiones, organizando <a href=\"https:\/\/afguayaquil.org.ec\/af\/events\/mes\/?tribe-bar-search=cultura#\/\">actividades<\/a> como conferencias, proyecciones cinematogr\u00e1ficas, exposiciones, conciertos y encuentros art\u00edsticos que celebran la diversidad cultural.<\/p>\n<p>Adem\u00e1s, fortalecemos los lazos de amistad y cooperaci\u00f3n entre Ecuador y Francia al facilitar el intercambio cultural mediante visitas de personalidades destacadas en los campos de la ciencia, el arte y la cultura, tanto en Ecuador como en Francia. Trabajamos de la mano con <a href=\"https:\/\/afguayaquil.org.ec\/af\/alianza-institucionales-con-convenio-con-la-alianza-francesa-guayaquil\/#\/\">entidades culturales p\u00fablicas y privadas<\/a> para fomentar un di\u00e1logo enriquecedor entre ambas naciones, llevando al p\u00fablico experiencias que trascienden fronteras. \u00a1En la Alianza Francesa le invitamos a vivir de cerca la riqueza del idioma y la cultura francesa!<\/p>\n<p>[\/et_pb_text][\/et_pb_column][\/et_pb_row][\/et_pb_section][et_pb_section fb_built=\u00bb1&#8243; _builder_version=\u00bb4.27.2&#8243; _module_preset=\u00bbdefault\u00bb custom_padding=\u00bb8px|||||\u00bb global_colors_info=\u00bb{}\u00bb da_is_popup=\u00bboff\u00bb da_exit_intent=\u00bboff\u00bb da_has_close=\u00bbon\u00bb da_alt_close=\u00bboff\u00bb da_dark_close=\u00bboff\u00bb da_not_modal=\u00bbon\u00bb da_is_singular=\u00bboff\u00bb da_with_loader=\u00bboff\u00bb da_has_shadow=\u00bbon\u00bb da_disable_devices=\u00bboff|off|off\u00bb][et_pb_row disabled_on=\u00bbon|on|off\u00bb _builder_version=\u00bb4.27.4&#8243; _module_preset=\u00bbdefault\u00bb min_height=\u00bb12.5px\u00bb custom_margin=\u00bb-1px|auto||auto||\u00bb custom_padding=\u00bb2px||0px|||\u00bb global_colors_info=\u00bb{}\u00bb][et_pb_column type=\u00bb4_4&#8243; _builder_version=\u00bb4.27.2&#8243; _module_preset=\u00bbdefault\u00bb global_colors_info=\u00bb{}\u00bb][et_pb_text _builder_version=\u00bb4.27.4&#8243; _module_preset=\u00bbdefault\u00bb text_font=\u00bbParis|500|||||||\u00bb text_text_color=\u00bb#333333&#8243; text_font_size=\u00bb64px\u00bb text_orientation=\u00bbcenter\u00bb custom_margin=\u00bb8px||35px|||\u00bb global_colors_info=\u00bb{}\u00bb]<\/p>\n<p>Eventos destacados\u00a0<\/p>\n<p>[\/et_pb_text][\/et_pb_column][\/et_pb_row][et_pb_row disabled_on=\u00bboff|off|on\u00bb _builder_version=\u00bb4.27.4&#8243; _module_preset=\u00bbdefault\u00bb min_height=\u00bb12.5px\u00bb custom_margin=\u00bb-1px|auto||auto||\u00bb custom_padding=\u00bb2px||0px|||\u00bb global_colors_info=\u00bb{}\u00bb][et_pb_column type=\u00bb4_4&#8243; _builder_version=\u00bb4.27.2&#8243; _module_preset=\u00bbdefault\u00bb global_colors_info=\u00bb{}\u00bb][et_pb_text _builder_version=\u00bb4.27.4&#8243; _module_preset=\u00bbdefault\u00bb text_font=\u00bbParis|500|||||||\u00bb text_text_color=\u00bb#333333&#8243; text_font_size=\u00bb33px\u00bb text_orientation=\u00bbcenter\u00bb custom_margin=\u00bb8px||35px|||\u00bb global_colors_info=\u00bb{}\u00bb]<\/p>\n<p>Eventos destacados<\/p>\n<p>[\/et_pb_text][\/et_pb_column][\/et_pb_row][et_pb_row column_structure=\u00bb1_3,1_3,1_3&#8243; make_equal=\u00bbon\u00bb _builder_version=\u00bb4.27.2&#8243; _module_preset=\u00bb5138c454-be54-4233-bd3b-f8e6a8747976&#8243; width=\u00bb85%\u00bb custom_padding=\u00bb13px|||||\u00bb global_colors_info=\u00bb{}\u00bb][et_pb_column type=\u00bb1_3&#8243; _builder_version=\u00bb4.27.2&#8243; _module_preset=\u00bb50607da8-57bc-4d4b-aaef-f02e41c2cc4a\u00bb background_color=\u00bb#FFFFFF\u00bb custom_padding=\u00bb30px|30px|30px|30px|true|true\u00bb custom_padding_tablet=\u00bb30px|30px|30px|30px|true|true\u00bb custom_padding_phone=\u00bb20px|20px|20px|20px|true|true\u00bb custom_padding_last_edited=\u00bboff|desktop\u00bb border_radii=\u00bbon|6px|6px|6px|6px\u00bb box_shadow_style=\u00bbpreset1&#8243; box_shadow_vertical=\u00bb24px\u00bb box_shadow_blur=\u00bb72px\u00bb box_shadow_spread=\u00bb-12px\u00bb box_shadow_color=\u00bbrgba(0,0,0,0.12)\u00bb global_colors_info=\u00bb{%22gcid-7cadd8b3-5228-48e4-90c4-212d09232f7b%22:%91%22color%22%93}\u00bb][et_pb_blurb title=\u00bbMes de la Francofon\u00eda  &#8211;  Marzo\u00bb image=\u00bbhttps:\/\/afguayaquil.org.ec\/af\/wp-content\/uploads\/2024\/12\/Dia-de-la-Francofonia-Alianza-Francesa-de-guayaquil-1-1-scaled.jpg\u00bb image_icon_width=\u00bb200%\u00bb icon_alignment=\u00bbleft\u00bb content_max_width=\u00bb768%\u00bb _builder_version=\u00bb4.27.4&#8243; _module_preset=\u00bb203c76fc-aee0-4484-9be1-f0e2ebd81a8f\u00bb header_font=\u00bbParis|600|||||||\u00bb header_text_align=\u00bbleft\u00bb header_text_color=\u00bb#e0261d\u00bb header_font_size=\u00bb24px\u00bb body_font=\u00bbMontserrat-Regular|Source Sans Pro_weight|||||||\u00bb body_text_color=\u00bbrgba(0,0,0,0.64)\u00bb body_font_size=\u00bb13px\u00bb body_line_height=\u00bb1.3em\u00bb body_link_text_color=\u00bb#03045e\u00bb image_icon_custom_margin=\u00bb-11px||-10px||false|false\u00bb image_icon_custom_padding=\u00bb||||false|false\u00bb width=\u00bb107%\u00bb custom_margin=\u00bb|||-8px|false|false\u00bb animation=\u00bboff\u00bb header_font_size_tablet=\u00bb15px\u00bb header_font_size_phone=\u00bb13px\u00bb header_font_size_last_edited=\u00bbon|phone\u00bb body_font_size_tablet=\u00bb15px\u00bb body_font_size_phone=\u00bb14px\u00bb body_font_size_last_edited=\u00bbon|desktop\u00bb locked=\u00bboff\u00bb global_colors_info=\u00bb{%22#0e0c19%22:%91%22header_text_color%22,%22header_text_color%22,%22header_text_color%22,%22header_text_color%22,%22header_text_color%22%93,%22#03045e%22:%91%22icon_color%22%93}\u00bb]<\/p>\n<p>Celebramos el Mes de la Francofon\u00eda con actividades culturales que destacan la diversidad de los pa\u00edses de habla francesa. Talleres, exposiciones, cine y gastronom\u00eda forman parte de esta programaci\u00f3n, que invita al p\u00fablico a descubrir y disfrutar la riqueza de la cultura franc\u00f3fona.<\/p>\n<p>[\/et_pb_blurb][\/et_pb_column][et_pb_column type=\u00bb1_3&#8243; _builder_version=\u00bb4.24.3&#8243; _module_preset=\u00bb50607da8-57bc-4d4b-aaef-f02e41c2cc4a\u00bb background_color=\u00bb#ffffff\u00bb custom_padding=\u00bb30px|30px|30px|30px|true|true\u00bb custom_padding_tablet=\u00bb30px|30px|30px|30px|true|true\u00bb custom_padding_phone=\u00bb20px|20px|20px|20px|true|true\u00bb custom_padding_last_edited=\u00bboff|desktop\u00bb border_radii=\u00bbon|6px|6px|6px|6px\u00bb box_shadow_style=\u00bbpreset1&#8243; box_shadow_vertical=\u00bb24px\u00bb box_shadow_blur=\u00bb72px\u00bb box_shadow_spread=\u00bb-12px\u00bb box_shadow_color=\u00bbrgba(0,0,0,0.12)\u00bb global_colors_info=\u00bb{%22gcid-7cadd8b3-5228-48e4-90c4-212d09232f7b%22:%91%22color%22%93}\u00bb][et_pb_blurb title=\u00bbMes de la Educaci\u00f3n Medi\u00e1tica &#8211; Mayo\u00bb image=\u00bbhttps:\/\/afguayaquil.org.ec\/af\/wp-content\/uploads\/2024\/12\/Mes-de-la-educacion-mediatica-Alianza-Francesa-de-guayaquil&#8211;scaled.jpg\u00bb image_icon_width=\u00bb200%\u00bb icon_alignment=\u00bbleft\u00bb content_max_width=\u00bb768%\u00bb _builder_version=\u00bb4.27.4&#8243; _module_preset=\u00bb203c76fc-aee0-4484-9be1-f0e2ebd81a8f\u00bb header_font=\u00bbParis|600|||||||\u00bb header_text_align=\u00bbleft\u00bb header_text_color=\u00bb#e0261d\u00bb header_font_size=\u00bb24px\u00bb body_font=\u00bbMontserrat-Regular|500|||||||\u00bb body_text_color=\u00bbrgba(0,0,0,0.64)\u00bb body_font_size=\u00bb13px\u00bb body_line_height=\u00bb1.4em\u00bb body_link_text_color=\u00bb#03045e\u00bb image_icon_custom_margin=\u00bb-11px||-10px||false|false\u00bb image_icon_custom_padding=\u00bb||0px||false|false\u00bb width=\u00bb107%\u00bb custom_margin=\u00bb|||-8px|false|false\u00bb animation=\u00bboff\u00bb header_font_size_tablet=\u00bb15px\u00bb header_font_size_phone=\u00bb13px\u00bb header_font_size_last_edited=\u00bbon|phone\u00bb body_font_size_tablet=\u00bb15px\u00bb body_font_size_phone=\u00bb14px\u00bb body_font_size_last_edited=\u00bbon|desktop\u00bb locked=\u00bboff\u00bb global_colors_info=\u00bb{%22#0e0c19%22:%91%22header_text_color%22,%22header_text_color%22,%22header_text_color%22,%22header_text_color%22,%22header_text_color%22,%22header_text_color%22,%22header_text_color%22,%22header_text_color%22,%22header_text_color%22,%22header_text_color%22,%22header_text_color%22,%22header_text_color%22,%22header_text_color%22,%22header_text_color%22,%22header_text_color%22,%22header_text_color%22,%22header_text_color%22,%22header_text_color%22,%22header_text_color%22,%22header_text_color%22%93,%22#03045e%22:%91%22icon_color%22,%22icon_color%22,%22icon_color%22,%22icon_color%22%93}\u00bb]<\/p>\n<p>Por el 3 de mayo el D\u00eda Mundial de la Libertad de Prensa, la Alianza Francesa de Guayaquil organiza este evento con talleres, proyecciones y conferencias para promover el pensamiento cr\u00edtico y la alfabetizaci\u00f3n medi\u00e1tica. Un espacio para reflexionar sobre el impacto de los medios y su consumo responsable.<\/p>\n<p>[\/et_pb_blurb][\/et_pb_column][et_pb_column type=\u00bb1_3&#8243; _builder_version=\u00bb4.24.3&#8243; _module_preset=\u00bb50607da8-57bc-4d4b-aaef-f02e41c2cc4a\u00bb background_color=\u00bb#ffffff\u00bb custom_padding=\u00bb30px|30px|30px|30px|true|true\u00bb custom_padding_tablet=\u00bb30px|30px|30px|30px|true|true\u00bb custom_padding_phone=\u00bb20px|20px|20px|20px|true|true\u00bb custom_padding_last_edited=\u00bboff|desktop\u00bb border_radii=\u00bbon|6px|6px|6px|6px\u00bb box_shadow_style=\u00bbpreset1&#8243; box_shadow_vertical=\u00bb24px\u00bb box_shadow_blur=\u00bb72px\u00bb box_shadow_spread=\u00bb-12px\u00bb box_shadow_color=\u00bbrgba(0,0,0,0.12)\u00bb global_colors_info=\u00bb{%22gcid-7cadd8b3-5228-48e4-90c4-212d09232f7b%22:%91%22color%22%93}\u00bb][et_pb_blurb title=\u00bbFiesta de la M\u00fasica &#8211; Junio\u00bb image=\u00bbhttps:\/\/afguayaquil.org.ec\/af\/wp-content\/uploads\/2024\/12\/Fiesta-de-la-musica-Alianza-Francesa-de-Guayaquil-.jpeg\u00bb image_icon_width=\u00bb200%\u00bb icon_alignment=\u00bbleft\u00bb content_max_width=\u00bb768%\u00bb _builder_version=\u00bb4.27.4&#8243; _module_preset=\u00bb203c76fc-aee0-4484-9be1-f0e2ebd81a8f\u00bb header_font=\u00bbParis|600|||||||\u00bb header_text_align=\u00bbleft\u00bb header_text_color=\u00bb#e0261d\u00bb header_font_size=\u00bb24px\u00bb header_line_height=\u00bb1.4em\u00bb body_font=\u00bbMontserrat-Regular|Source Sans Pro_weight|||||||\u00bb body_text_color=\u00bbrgba(0,0,0,0.64)\u00bb body_font_size=\u00bb13px\u00bb body_line_height=\u00bb1.4em\u00bb body_link_text_color=\u00bb#03045e\u00bb image_icon_custom_margin=\u00bb-11px||-10px||false|false\u00bb image_icon_custom_padding=\u00bb||||false|false\u00bb width=\u00bb107%\u00bb min_height=\u00bb451px\u00bb custom_margin=\u00bb|||-8px|false|false\u00bb custom_padding=\u00bb||0px|||\u00bb animation=\u00bboff\u00bb header_font_size_tablet=\u00bb15px\u00bb header_font_size_phone=\u00bb13px\u00bb header_font_size_last_edited=\u00bbon|phone\u00bb body_font_size_tablet=\u00bb15px\u00bb body_font_size_phone=\u00bb14px\u00bb body_font_size_last_edited=\u00bbon|desktop\u00bb locked=\u00bboff\u00bb global_colors_info=\u00bb{%22#0e0c19%22:%91%22header_text_color%22,%22header_text_color%22,%22header_text_color%22,%22header_text_color%22,%22header_text_color%22,%22header_text_color%22,%22header_text_color%22,%22header_text_color%22,%22header_text_color%22,%22header_text_color%22,%22header_text_color%22,%22header_text_color%22,%22header_text_color%22,%22header_text_color%22,%22header_text_color%22,%22header_text_color%22,%22header_text_color%22,%22header_text_color%22,%22header_text_color%22,%22header_text_color%22%93,%22#03045e%22:%91%22icon_color%22,%22icon_color%22,%22icon_color%22,%22icon_color%22%93}\u00bb]<\/p>\n<p>La Fiesta de la M\u00fasica es un evento global iniciado en Francia en 1982 y celebrado en m\u00e1s de 120 pa\u00edses. Desde el a\u00f1o 2000, la Alianza Francesa de Guayaquil organiza esta festividad para promover la m\u00fasica en espacios p\u00fablicos y ofrecer acceso gratuito a conciertos de diversos g\u00e9neros. Un encuentro anual que celebra la diversidad cultural y el talento art\u00edstico local e internacional.<\/p>\n<p>[\/et_pb_blurb][\/et_pb_column][\/et_pb_row][et_pb_row column_structure=\u00bb1_2,1_2&#8243; make_equal=\u00bbon\u00bb disabled_on=\u00bbon|on|off\u00bb _builder_version=\u00bb4.27.4&#8243; _module_preset=\u00bb5138c454-be54-4233-bd3b-f8e6a8747976&#8243; width=\u00bb55.3%\u00bb max_height=\u00bb624px\u00bb custom_padding=\u00bb13px|||||\u00bb global_colors_info=\u00bb{}\u00bb][et_pb_column type=\u00bb1_2&#8243; _builder_version=\u00bb4.27.2&#8243; _module_preset=\u00bb50607da8-57bc-4d4b-aaef-f02e41c2cc4a\u00bb background_color=\u00bb#FFFFFF\u00bb custom_padding=\u00bb30px|30px|30px|30px|true|true\u00bb custom_padding_tablet=\u00bb30px|30px|30px|30px|true|true\u00bb custom_padding_phone=\u00bb20px|20px|20px|20px|true|true\u00bb custom_padding_last_edited=\u00bboff|desktop\u00bb border_radii=\u00bbon|6px|6px|6px|6px\u00bb box_shadow_style=\u00bbpreset1&#8243; box_shadow_vertical=\u00bb24px\u00bb box_shadow_blur=\u00bb72px\u00bb box_shadow_spread=\u00bb-12px\u00bb box_shadow_color=\u00bbrgba(0,0,0,0.12)\u00bb global_colors_info=\u00bb{%22gcid-7cadd8b3-5228-48e4-90c4-212d09232f7b%22:%91%22color%22%93}\u00bb][et_pb_blurb title=\u00bbFestival de Culturas Urbanas Octubre\u00bb image=\u00bbhttps:\/\/afguayaquil.org.ec\/af\/wp-content\/uploads\/2025\/01\/Festival-de-culaturas-Urbanas-Alianza-Francesa-Guayaquil-scaled.jpg\u00bb image_icon_width=\u00bb200%\u00bb icon_alignment=\u00bbleft\u00bb content_max_width=\u00bb768%\u00bb _builder_version=\u00bb4.27.4&#8243; _module_preset=\u00bb203c76fc-aee0-4484-9be1-f0e2ebd81a8f\u00bb header_font=\u00bbParis|600|||||||\u00bb header_text_align=\u00bbleft\u00bb header_text_color=\u00bb#e0261d\u00bb header_font_size=\u00bb24px\u00bb body_font=\u00bbMontserrat-Regular|Source Sans Pro_weight|||||||\u00bb body_text_color=\u00bbrgba(0,0,0,0.64)\u00bb body_font_size=\u00bb13px\u00bb body_line_height=\u00bb1.3em\u00bb body_link_text_color=\u00bb#03045e\u00bb image_icon_custom_margin=\u00bb-11px||-10px||false|false\u00bb image_icon_custom_padding=\u00bb||||false|false\u00bb width=\u00bb107%\u00bb min_height=\u00bb451.2px\u00bb custom_margin=\u00bb||-13px|-8px|false|false\u00bb animation=\u00bboff\u00bb header_font_size_tablet=\u00bb15px\u00bb header_font_size_phone=\u00bb13px\u00bb header_font_size_last_edited=\u00bbon|phone\u00bb body_font_size_tablet=\u00bb15px\u00bb body_font_size_phone=\u00bb14px\u00bb body_font_size_last_edited=\u00bbon|desktop\u00bb locked=\u00bboff\u00bb global_colors_info=\u00bb{%22#0e0c19%22:%91%22header_text_color%22,%22header_text_color%22,%22header_text_color%22,%22header_text_color%22,%22header_text_color%22%93,%22#03045e%22:%91%22icon_color%22%93}\u00bb]<\/p>\n<p>Desde 2019, organizamos el Festival de Culturas Urbanas, un espacio que celebra el arte y la creatividad en todas sus formas. Con actividades como murales, m\u00fasica, danza y talleres, el festival promueve el talento local y el intercambio cultural en la ciudad.<\/p>\n<p>[\/et_pb_blurb][\/et_pb_column][et_pb_column type=\u00bb1_2&#8243; _builder_version=\u00bb4.24.3&#8243; _module_preset=\u00bb50607da8-57bc-4d4b-aaef-f02e41c2cc4a\u00bb background_color=\u00bb#ffffff\u00bb custom_padding=\u00bb30px|30px|30px|30px|true|true\u00bb custom_padding_tablet=\u00bb30px|30px|30px|30px|true|true\u00bb custom_padding_phone=\u00bb20px|20px|20px|20px|true|true\u00bb custom_padding_last_edited=\u00bboff|desktop\u00bb border_radii=\u00bbon|6px|6px|6px|6px\u00bb box_shadow_style=\u00bbpreset1&#8243; box_shadow_vertical=\u00bb24px\u00bb box_shadow_blur=\u00bb72px\u00bb box_shadow_spread=\u00bb-12px\u00bb box_shadow_color=\u00bbrgba(0,0,0,0.12)\u00bb global_colors_info=\u00bb{%22gcid-7cadd8b3-5228-48e4-90c4-212d09232f7b%22:%91%22color%22%93}\u00bb][et_pb_blurb title=\u00bbJornadas de Patrimonio Septiembre\u00bb image=\u00bbhttps:\/\/afguayaquil.org.ec\/af\/wp-content\/uploads\/2024\/12\/Exposicion-de-munecas-Mujeres-de-Poder-Siglos-XVI-al-XX-Alianza-francesa-de-Guayaquil-2024.jpg\u00bb image_icon_width=\u00bb99%\u00bb icon_alignment=\u00bbleft\u00bb content_max_width=\u00bb768%\u00bb _builder_version=\u00bb4.27.4&#8243; _module_preset=\u00bb203c76fc-aee0-4484-9be1-f0e2ebd81a8f\u00bb header_font=\u00bbParis|600|||||||\u00bb header_text_align=\u00bbleft\u00bb header_text_color=\u00bb#e0261d\u00bb header_font_size=\u00bb24px\u00bb header_line_height=\u00bb1.1em\u00bb body_font=\u00bbMontserrat-Regular|Source Sans Pro_weight|||||||\u00bb body_text_color=\u00bbrgba(0,0,0,0.64)\u00bb body_font_size=\u00bb13px\u00bb body_line_height=\u00bb1.3em\u00bb body_link_text_color=\u00bb#03045e\u00bb image_icon_custom_margin=\u00bb-11px||-10px||false|false\u00bb image_icon_custom_padding=\u00bb||||false|false\u00bb width=\u00bb107%\u00bb custom_margin=\u00bb|||-8px|false|false\u00bb animation=\u00bboff\u00bb header_font_size_tablet=\u00bb15px\u00bb header_font_size_phone=\u00bb13px\u00bb header_font_size_last_edited=\u00bbon|phone\u00bb body_font_size_tablet=\u00bb15px\u00bb body_font_size_phone=\u00bb14px\u00bb body_font_size_last_edited=\u00bbon|desktop\u00bb locked=\u00bboff\u00bb global_colors_info=\u00bb{%22#0e0c19%22:%91%22header_text_color%22,%22header_text_color%22,%22header_text_color%22,%22header_text_color%22,%22header_text_color%22,%22header_text_color%22,%22header_text_color%22,%22header_text_color%22,%22header_text_color%22,%22header_text_color%22,%22header_text_color%22,%22header_text_color%22,%22header_text_color%22,%22header_text_color%22,%22header_text_color%22,%22header_text_color%22,%22header_text_color%22,%22header_text_color%22,%22header_text_color%22,%22header_text_color%22%93,%22#03045e%22:%91%22icon_color%22,%22icon_color%22,%22icon_color%22,%22icon_color%22%93}\u00bb]<\/p>\n<p>Las Jornadas del Patrimonio promueven la valoraci\u00f3n y conservaci\u00f3n del patrimonio cultural. Con visitas guiadas, talleres y exposiciones, este evento conecta a la comunidad con la historia y riqueza cultural local y franc\u00f3fona.<\/p>\n<p>[\/et_pb_blurb][\/et_pb_column][\/et_pb_row][et_pb_row column_structure=\u00bb1_3,1_3,1_3&#8243; make_equal=\u00bbon\u00bb disabled_on=\u00bboff|off|on\u00bb _builder_version=\u00bb4.27.4&#8243; _module_preset=\u00bb5138c454-be54-4233-bd3b-f8e6a8747976&#8243; width=\u00bb84.9%\u00bb max_height=\u00bb624px\u00bb custom_padding=\u00bb13px|||||\u00bb global_colors_info=\u00bb{}\u00bb][et_pb_column type=\u00bb1_3&#8243; _builder_version=\u00bb4.27.2&#8243; _module_preset=\u00bb50607da8-57bc-4d4b-aaef-f02e41c2cc4a\u00bb background_color=\u00bb#FFFFFF\u00bb custom_padding=\u00bb30px|30px|30px|30px|true|true\u00bb custom_padding_tablet=\u00bb30px|30px|30px|30px|true|true\u00bb custom_padding_phone=\u00bb20px|20px|20px|20px|true|true\u00bb custom_padding_last_edited=\u00bboff|desktop\u00bb border_radii=\u00bbon|6px|6px|6px|6px\u00bb box_shadow_style=\u00bbpreset1&#8243; box_shadow_vertical=\u00bb24px\u00bb box_shadow_blur=\u00bb72px\u00bb box_shadow_spread=\u00bb-12px\u00bb box_shadow_color=\u00bbrgba(0,0,0,0.12)\u00bb global_colors_info=\u00bb{%22gcid-7cadd8b3-5228-48e4-90c4-212d09232f7b%22:%91%22color%22%93}\u00bb][et_pb_blurb title=\u00bbFestival de Culturas Urbanas Octubre\u00bb image=\u00bbhttps:\/\/afguayaquil.org.ec\/af\/wp-content\/uploads\/2025\/01\/Festival-de-culaturas-Urbanas-Alianza-Francesa-Guayaquil-scaled.jpg\u00bb image_icon_width=\u00bb200%\u00bb icon_alignment=\u00bbleft\u00bb content_max_width=\u00bb768%\u00bb _builder_version=\u00bb4.27.4&#8243; _module_preset=\u00bb203c76fc-aee0-4484-9be1-f0e2ebd81a8f\u00bb header_font=\u00bbParis|600|||||||\u00bb header_text_align=\u00bbleft\u00bb header_text_color=\u00bb#e0261d\u00bb header_font_size=\u00bb24px\u00bb body_font=\u00bbMontserrat-Regular|Source Sans Pro_weight|||||||\u00bb body_text_color=\u00bbrgba(0,0,0,0.64)\u00bb body_font_size=\u00bb13px\u00bb body_line_height=\u00bb1.3em\u00bb body_link_text_color=\u00bb#03045e\u00bb image_icon_custom_margin=\u00bb-11px||-10px||false|false\u00bb image_icon_custom_padding=\u00bb||||false|false\u00bb width=\u00bb107%\u00bb min_height=\u00bb456.2px\u00bb custom_margin=\u00bb||-13px|-8px|false|false\u00bb animation=\u00bboff\u00bb header_font_size_tablet=\u00bb15px\u00bb header_font_size_phone=\u00bb13px\u00bb header_font_size_last_edited=\u00bbon|phone\u00bb body_font_size_tablet=\u00bb15px\u00bb body_font_size_phone=\u00bb14px\u00bb body_font_size_last_edited=\u00bbon|desktop\u00bb locked=\u00bboff\u00bb global_colors_info=\u00bb{%22#0e0c19%22:%91%22header_text_color%22,%22header_text_color%22,%22header_text_color%22,%22header_text_color%22,%22header_text_color%22%93,%22#03045e%22:%91%22icon_color%22%93}\u00bb]<\/p>\n<p>Desde 2019, organizamos el Festival de Culturas Urbanas, un espacio que celebra el arte y la creatividad en todas sus formas. Con actividades como murales, m\u00fasica, danza y talleres, el festival promueve el talento local y el intercambio cultural en la ciudad.<\/p>\n<p>[\/et_pb_blurb][\/et_pb_column][et_pb_column type=\u00bb1_3&#8243; _builder_version=\u00bb4.24.3&#8243; _module_preset=\u00bb50607da8-57bc-4d4b-aaef-f02e41c2cc4a\u00bb background_color=\u00bb#ffffff\u00bb custom_padding=\u00bb30px|30px|30px|30px|true|true\u00bb custom_padding_tablet=\u00bb30px|30px|30px|30px|true|true\u00bb custom_padding_phone=\u00bb20px|20px|20px|20px|true|true\u00bb custom_padding_last_edited=\u00bboff|desktop\u00bb border_radii=\u00bbon|6px|6px|6px|6px\u00bb box_shadow_style=\u00bbpreset1&#8243; box_shadow_vertical=\u00bb24px\u00bb box_shadow_blur=\u00bb72px\u00bb box_shadow_spread=\u00bb-12px\u00bb box_shadow_color=\u00bbrgba(0,0,0,0.12)\u00bb global_colors_info=\u00bb{%22gcid-7cadd8b3-5228-48e4-90c4-212d09232f7b%22:%91%22color%22%93}\u00bb][et_pb_blurb title=\u00bbJornadas de Patrimonio Septiembre\u00bb image=\u00bbhttps:\/\/afguayaquil.org.ec\/af\/wp-content\/uploads\/2024\/12\/Exposicion-de-munecas-Mujeres-de-Poder-Siglos-XVI-al-XX-Alianza-francesa-de-Guayaquil-2024.jpg\u00bb image_icon_width=\u00bb99%\u00bb icon_alignment=\u00bbleft\u00bb content_max_width=\u00bb768%\u00bb _builder_version=\u00bb4.27.4&#8243; _module_preset=\u00bb203c76fc-aee0-4484-9be1-f0e2ebd81a8f\u00bb header_font=\u00bbParis|600|||||||\u00bb header_text_align=\u00bbleft\u00bb header_text_color=\u00bb#e0261d\u00bb header_font_size=\u00bb24px\u00bb header_line_height=\u00bb1.1em\u00bb body_font=\u00bbMontserrat-Regular|Source Sans Pro_weight|||||||\u00bb body_text_color=\u00bbrgba(0,0,0,0.64)\u00bb body_font_size=\u00bb13px\u00bb body_line_height=\u00bb1.3em\u00bb body_link_text_color=\u00bb#03045e\u00bb image_icon_custom_margin=\u00bb-11px||-10px||false|false\u00bb image_icon_custom_padding=\u00bb||||false|false\u00bb width=\u00bb107%\u00bb custom_margin=\u00bb|||-8px|false|false\u00bb animation=\u00bboff\u00bb header_font_size_tablet=\u00bb15px\u00bb header_font_size_phone=\u00bb13px\u00bb header_font_size_last_edited=\u00bbon|phone\u00bb body_font_size_tablet=\u00bb15px\u00bb body_font_size_phone=\u00bb14px\u00bb body_font_size_last_edited=\u00bbon|desktop\u00bb locked=\u00bboff\u00bb global_colors_info=\u00bb{%22#0e0c19%22:%91%22header_text_color%22,%22header_text_color%22,%22header_text_color%22,%22header_text_color%22,%22header_text_color%22,%22header_text_color%22,%22header_text_color%22,%22header_text_color%22,%22header_text_color%22,%22header_text_color%22,%22header_text_color%22,%22header_text_color%22,%22header_text_color%22,%22header_text_color%22,%22header_text_color%22,%22header_text_color%22,%22header_text_color%22,%22header_text_color%22,%22header_text_color%22,%22header_text_color%22%93,%22#03045e%22:%91%22icon_color%22,%22icon_color%22,%22icon_color%22,%22icon_color%22%93}\u00bb]<\/p>\n<p>Las Jornadas del Patrimonio promueven la valoraci\u00f3n y conservaci\u00f3n del patrimonio cultural. Con visitas guiadas, talleres y exposiciones, este evento conecta a la comunidad con la historia y riqueza cultural local y franc\u00f3fona.<\/p>\n<p>[\/et_pb_blurb][\/et_pb_column][et_pb_column type=\u00bb1_3&#8243; _builder_version=\u00bb4.27.4&#8243; _module_preset=\u00bb50607da8-57bc-4d4b-aaef-f02e41c2cc4a\u00bb background_color=\u00bbRGBA(255,255,255,0)\u00bb custom_padding=\u00bb30px|30px|30px|30px|true|true\u00bb custom_padding_tablet=\u00bb30px|30px|30px|30px|true|true\u00bb custom_padding_phone=\u00bb20px|20px|20px|20px|true|true\u00bb custom_padding_last_edited=\u00bboff|desktop\u00bb border_radii=\u00bbon|6px|6px|6px|6px\u00bb global_colors_info=\u00bb{%22gcid-7cadd8b3-5228-48e4-90c4-212d09232f7b%22:%91%22color%22%93}\u00bb][\/et_pb_column][\/et_pb_row][\/et_pb_section][et_pb_section fb_built=\u00bb1&#8243; _builder_version=\u00bb4.27.2&#8243; _module_preset=\u00bbdefault\u00bb custom_padding=\u00bb||19px|||\u00bb global_colors_info=\u00bb{}\u00bb da_is_popup=\u00bboff\u00bb da_exit_intent=\u00bboff\u00bb da_has_close=\u00bbon\u00bb da_alt_close=\u00bboff\u00bb da_dark_close=\u00bboff\u00bb da_not_modal=\u00bbon\u00bb da_is_singular=\u00bboff\u00bb da_with_loader=\u00bboff\u00bb da_has_shadow=\u00bbon\u00bb da_disable_devices=\u00bboff|off|off\u00bb][et_pb_row disabled_on=\u00bbon|on|off\u00bb _builder_version=\u00bb4.27.4&#8243; _module_preset=\u00bbdefault\u00bb custom_padding=\u00bb||6px|||\u00bb global_colors_info=\u00bb{}\u00bb][et_pb_column type=\u00bb4_4&#8243; _builder_version=\u00bb4.27.2&#8243; _module_preset=\u00bbdefault\u00bb global_colors_info=\u00bb{}\u00bb][dnxte_text_highlight before_text=\u00bb\u00a1\u00bb highlight_text=\u00bbEventos Culturales \u00bb after_text=\u00bbque ofrecemos!\u00bb highlight_alignment=\u00bbcenter\u00bb stroke_color=\u00bb#e0261d\u00bb stroke_width=\u00bb10px\u00bb dnxt_svg_select=\u00bbzigzag\u00bb _builder_version=\u00bb4.27.4&#8243; _module_preset=\u00bbdefault\u00bb heading_fonts_font=\u00bbParis|500|||||||\u00bb heading_fonts_font_size=\u00bb65px\u00bb animation_fonts_font=\u00bbParis|500|||||||\u00bb animation_fonts_text_color=\u00bb#333333&#8243; animation_fonts_font_size=\u00bb61px\u00bb animation_fonts_line_height=\u00bb1.9em\u00bb custom_margin=\u00bb||0px||false|false\u00bb custom_padding=\u00bb|11px||11px||true\u00bb global_colors_info=\u00bb{}\u00bb][\/dnxte_text_highlight][\/et_pb_column][\/et_pb_row][et_pb_row disabled_on=\u00bboff|off|on\u00bb _builder_version=\u00bb4.27.4&#8243; _module_preset=\u00bbdefault\u00bb custom_padding=\u00bb53px||0px|||\u00bb global_colors_info=\u00bb{}\u00bb][et_pb_column type=\u00bb4_4&#8243; _builder_version=\u00bb4.27.2&#8243; _module_preset=\u00bbdefault\u00bb global_colors_info=\u00bb{}\u00bb][dnxte_text_highlight before_text=\u00bb\u00a1\u00bb highlight_text=\u00bbEventos Culturales \u00bb after_text=\u00bbque ofrecemos!\u00bb highlight_alignment=\u00bbcenter\u00bb stroke_color=\u00bb#e0261d\u00bb stroke_width=\u00bb5px\u00bb dnxt_svg_select=\u00bbzigzag\u00bb _builder_version=\u00bb4.27.4&#8243; _module_preset=\u00bbdefault\u00bb heading_fonts_font=\u00bbParis|500|||||||\u00bb heading_fonts_font_size=\u00bb29px\u00bb heading_fonts_line_height=\u00bb1.4em\u00bb animation_fonts_font=\u00bbParis|500|||||||\u00bb animation_fonts_text_color=\u00bb#333333&#8243; animation_fonts_font_size=\u00bb29px\u00bb animation_fonts_line_height=\u00bb1.6em\u00bb custom_margin=\u00bb8px||0px||false|false\u00bb global_colors_info=\u00bb{}\u00bb][\/dnxte_text_highlight][\/et_pb_column][\/et_pb_row][\/et_pb_section][et_pb_section fb_built=\u00bb1&#8243; _builder_version=\u00bb4.27.2&#8243; _module_preset=\u00bbdefault\u00bb global_colors_info=\u00bb{}\u00bb da_is_popup=\u00bboff\u00bb da_exit_intent=\u00bboff\u00bb da_has_close=\u00bbon\u00bb da_alt_close=\u00bboff\u00bb da_dark_close=\u00bboff\u00bb da_not_modal=\u00bbon\u00bb da_is_singular=\u00bboff\u00bb da_with_loader=\u00bboff\u00bb da_has_shadow=\u00bbon\u00bb da_disable_devices=\u00bboff|off|off\u00bb][et_pb_row _builder_version=\u00bb4.27.4&#8243; _module_preset=\u00bbdefault\u00bb custom_margin=\u00bb-20px|auto||auto||\u00bb custom_padding=\u00bb12px|||||\u00bb global_colors_info=\u00bb{}\u00bb][et_pb_column type=\u00bb4_4&#8243; _builder_version=\u00bb4.27.4&#8243; _module_preset=\u00bbdefault\u00bb global_colors_info=\u00bb{}\u00bb][et_pb_text _builder_version=\u00bb4.27.4&#8243; _module_preset=\u00bbdefault\u00bb text_font=\u00bbMontserrat-Regular||||||||\u00bb text_text_color=\u00bb#6B6B6B\u00bb text_font_size=\u00bb17px\u00bb width=\u00bb96.2%\u00bb custom_margin=\u00bb|206px||||\u00bb global_colors_info=\u00bb{}\u00bb]<\/p>\n<p>Organizamos una amplia variedad de eventos culturales, educativos y art\u00edsticos que buscan acercar al p\u00fablico a la riqueza de la cultura franc\u00f3fona y fomentar el intercambio culturales, nos esforzamos por crear experiencias \u00fanicas y enriquecedoras para nuestra comunidad, promoviendo siempre la diversidad, el aprendizaje y la creatividad. Entre nuestros eventos destacan:<\/p>\n<p>[\/et_pb_text][\/et_pb_column][\/et_pb_row][et_pb_row column_structure=\u00bb1_3,1_3,1_3&#8243; make_equal=\u00bbon\u00bb _builder_version=\u00bb4.27.4&#8243; _module_preset=\u00bb5138c454-be54-4233-bd3b-f8e6a8747976&#8243; width=\u00bb85%\u00bb custom_padding=\u00bb13px|||||\u00bb global_colors_info=\u00bb{}\u00bb][et_pb_column type=\u00bb1_3&#8243; _builder_version=\u00bb4.27.4&#8243; _module_preset=\u00bb50607da8-57bc-4d4b-aaef-f02e41c2cc4a\u00bb background_color=\u00bb#FFFFFF\u00bb custom_padding=\u00bb30px|39px|30px|10px|true|false\u00bb custom_padding_tablet=\u00bb30px|30px|30px|30px|true|true\u00bb custom_padding_phone=\u00bb20px|20px|20px|20px|true|true\u00bb custom_padding_last_edited=\u00bboff|desktop\u00bb border_radii=\u00bbon|6px|6px|6px|6px\u00bb box_shadow_style=\u00bbpreset1&#8243; box_shadow_vertical=\u00bb24px\u00bb box_shadow_blur=\u00bb72px\u00bb box_shadow_spread=\u00bb-12px\u00bb box_shadow_color=\u00bbrgba(0,0,0,0.12)\u00bb global_colors_info=\u00bb{%22gcid-7cadd8b3-5228-48e4-90c4-212d09232f7b%22:%91%22color%22%93}\u00bb][et_pb_blurb title=\u00bbCineclubes\u00bb image=\u00bbhttps:\/\/afguayaquil.org.ec\/af\/wp-content\/uploads\/2025\/01\/Cineclub-Alianza-Francesa-Guayaquil-1-scaled.jpg\u00bb image_icon_width=\u00bb200%\u00bb icon_alignment=\u00bbleft\u00bb content_max_width=\u00bb1100%\u00bb _builder_version=\u00bb4.27.4&#8243; _module_preset=\u00bb203c76fc-aee0-4484-9be1-f0e2ebd81a8f\u00bb header_font=\u00bbParis|600|||||||\u00bb header_text_align=\u00bbleft\u00bb header_text_color=\u00bb#e0261d\u00bb header_font_size=\u00bb24px\u00bb body_font=\u00bbMontserrat-Regular|Source Sans Pro_weight|||||||\u00bb body_text_color=\u00bbrgba(0,0,0,0.64)\u00bb body_font_size=\u00bb13px\u00bb body_line_height=\u00bb1.3em\u00bb body_link_text_color=\u00bb#03045e\u00bb image_icon_custom_margin=\u00bb-11px||-10px||false|false\u00bb image_icon_custom_padding=\u00bb||||false|false\u00bb width=\u00bb98%\u00bb custom_margin=\u00bb|||13px|false|false\u00bb animation=\u00bboff\u00bb header_font_size_tablet=\u00bb15px\u00bb header_font_size_phone=\u00bb13px\u00bb header_font_size_last_edited=\u00bbon|phone\u00bb body_font_size_tablet=\u00bb15px\u00bb body_font_size_phone=\u00bb14px\u00bb body_font_size_last_edited=\u00bbon|desktop\u00bb locked=\u00bboff\u00bb global_colors_info=\u00bb{%22#0e0c19%22:%91%22header_text_color%22,%22header_text_color%22,%22header_text_color%22,%22header_text_color%22,%22header_text_color%22,%22header_text_color%22,%22header_text_color%22,%22header_text_color%22,%22header_text_color%22,%22header_text_color%22%93,%22#03045e%22:%91%22icon_color%22,%22icon_color%22%93}\u00bb]<\/p>\n<p>Proyecciones de pel\u00edculas francesas y franc\u00f3fonas, seguidas de debates y an\u00e1lisis.<\/p>\n<p>[\/et_pb_blurb][\/et_pb_column][et_pb_column type=\u00bb1_3&#8243; _builder_version=\u00bb4.24.3&#8243; _module_preset=\u00bb50607da8-57bc-4d4b-aaef-f02e41c2cc4a\u00bb background_color=\u00bb#FFFFFF\u00bb custom_padding=\u00bb30px|39px|30px|10px|true|false\u00bb border_radii=\u00bbon|6px|6px|6px|6px\u00bb box_shadow_style=\u00bbpreset1&#8243; box_shadow_vertical=\u00bb24px\u00bb box_shadow_blur=\u00bb72px\u00bb box_shadow_spread=\u00bb-12px\u00bb box_shadow_color=\u00bbrgba(0,0,0,0.12)\u00bb global_colors_info=\u00bb{%22gcid-7cadd8b3-5228-48e4-90c4-212d09232f7b%22:%91%22color%22,%22color%22%93}\u00bb][et_pb_blurb title=\u00bbConciertos y Festivales\u00bb image=\u00bbhttps:\/\/afguayaquil.org.ec\/af\/wp-content\/uploads\/2024\/12\/Concierto-de-Minor-Sing-Alianza-Francesa-de-Guayaquil&#8211;scaled.jpg\u00bb image_icon_width=\u00bb200%\u00bb icon_alignment=\u00bbleft\u00bb content_max_width=\u00bb1100%\u00bb _builder_version=\u00bb4.27.4&#8243; _module_preset=\u00bb203c76fc-aee0-4484-9be1-f0e2ebd81a8f\u00bb header_font=\u00bbParis|600|||||||\u00bb header_text_align=\u00bbleft\u00bb header_text_color=\u00bb#e0261d\u00bb header_font_size=\u00bb24px\u00bb body_font=\u00bbMontserrat-Regular|Source Sans Pro_weight|||||||\u00bb body_text_color=\u00bbrgba(0,0,0,0.64)\u00bb body_font_size=\u00bb13px\u00bb body_line_height=\u00bb1.3em\u00bb body_link_text_color=\u00bb#03045e\u00bb image_icon_custom_margin=\u00bb-11px||-10px||false|false\u00bb image_icon_custom_padding=\u00bb||||false|false\u00bb width=\u00bb98%\u00bb custom_margin=\u00bb|||13px|false|false\u00bb animation=\u00bboff\u00bb header_font_size_tablet=\u00bb15px\u00bb header_font_size_phone=\u00bb13px\u00bb header_font_size_last_edited=\u00bbon|phone\u00bb body_font_size_tablet=\u00bb15px\u00bb body_font_size_phone=\u00bb14px\u00bb body_font_size_last_edited=\u00bbon|desktop\u00bb locked=\u00bboff\u00bb global_colors_info=\u00bb{%22#0e0c19%22:%91%22header_text_color%22,%22header_text_color%22,%22header_text_color%22,%22header_text_color%22,%22header_text_color%22,%22header_text_color%22,%22header_text_color%22,%22header_text_color%22,%22header_text_color%22,%22header_text_color%22,%22header_text_color%22,%22header_text_color%22,%22header_text_color%22,%22header_text_color%22,%22header_text_color%22,%22header_text_color%22,%22header_text_color%22,%22header_text_color%22,%22header_text_color%22,%22header_text_color%22,%22header_text_color%22,%22header_text_color%22,%22header_text_color%22,%22header_text_color%22,%22header_text_color%22,%22header_text_color%22,%22header_text_color%22,%22header_text_color%22,%22header_text_color%22,%22header_text_color%22,%22header_text_color%22,%22header_text_color%22,%22header_text_color%22,%22header_text_color%22,%22header_text_color%22,%22header_text_color%22,%22header_text_color%22,%22header_text_color%22,%22header_text_color%22,%22header_text_color%22,%22header_text_color%22,%22header_text_color%22,%22header_text_color%22,%22header_text_color%22,%22header_text_color%22%93,%22#03045e%22:%91%22icon_color%22,%22icon_color%22,%22icon_color%22,%22icon_color%22,%22icon_color%22,%22icon_color%22,%22icon_color%22,%22icon_color%22,%22icon_color%22%93}\u00bb]<\/p>\n<p>Presentaciones musicales que abarcan diversos g\u00e9neros, incluyendo jazz, m\u00fasica cl\u00e1sica, y m\u00e1s.<\/p>\n<p>[\/et_pb_blurb][\/et_pb_column][et_pb_column type=\u00bb1_3&#8243; _builder_version=\u00bb4.24.3&#8243; _module_preset=\u00bb50607da8-57bc-4d4b-aaef-f02e41c2cc4a\u00bb background_color=\u00bb#FFFFFF\u00bb custom_padding=\u00bb30px|39px|30px|10px|true|false\u00bb border_radii=\u00bbon|6px|6px|6px|6px\u00bb box_shadow_style=\u00bbpreset1&#8243; box_shadow_vertical=\u00bb24px\u00bb box_shadow_blur=\u00bb72px\u00bb box_shadow_spread=\u00bb-12px\u00bb box_shadow_color=\u00bbrgba(0,0,0,0.12)\u00bb global_colors_info=\u00bb{%22gcid-7cadd8b3-5228-48e4-90c4-212d09232f7b%22:%91%22color%22,%22color%22%93}\u00bb][et_pb_blurb title=\u00bbExposiciones de Arte\u00bb image=\u00bbhttps:\/\/afguayaquil.org.ec\/af\/wp-content\/uploads\/2025\/01\/Exposicion-de-arte-Alianza-Francesa-Guayaquil-scaled.jpg\u00bb image_icon_width=\u00bb200%\u00bb icon_alignment=\u00bbleft\u00bb content_max_width=\u00bb1100%\u00bb _builder_version=\u00bb4.27.4&#8243; _module_preset=\u00bb203c76fc-aee0-4484-9be1-f0e2ebd81a8f\u00bb header_font=\u00bbParis|600|||||||\u00bb header_text_align=\u00bbleft\u00bb header_text_color=\u00bb#e0261d\u00bb header_font_size=\u00bb24px\u00bb body_font=\u00bbMontserrat-Regular|Source Sans Pro_weight|||||||\u00bb body_text_color=\u00bbrgba(0,0,0,0.64)\u00bb body_font_size=\u00bb13px\u00bb body_line_height=\u00bb1.3em\u00bb body_link_text_color=\u00bb#03045e\u00bb image_icon_custom_margin=\u00bb-11px||-10px||false|false\u00bb image_icon_custom_padding=\u00bb||||false|false\u00bb width=\u00bb98%\u00bb custom_margin=\u00bb|||13px|false|false\u00bb animation=\u00bboff\u00bb header_font_size_tablet=\u00bb15px\u00bb header_font_size_phone=\u00bb13px\u00bb header_font_size_last_edited=\u00bbon|phone\u00bb body_font_size_tablet=\u00bb15px\u00bb body_font_size_phone=\u00bb14px\u00bb body_font_size_last_edited=\u00bbon|desktop\u00bb locked=\u00bboff\u00bb global_colors_info=\u00bb{%22#0e0c19%22:%91%22header_text_color%22,%22header_text_color%22,%22header_text_color%22,%22header_text_color%22,%22header_text_color%22,%22header_text_color%22,%22header_text_color%22,%22header_text_color%22,%22header_text_color%22,%22header_text_color%22,%22header_text_color%22,%22header_text_color%22,%22header_text_color%22,%22header_text_color%22,%22header_text_color%22,%22header_text_color%22,%22header_text_color%22,%22header_text_color%22,%22header_text_color%22,%22header_text_color%22,%22header_text_color%22,%22header_text_color%22,%22header_text_color%22,%22header_text_color%22,%22header_text_color%22,%22header_text_color%22,%22header_text_color%22,%22header_text_color%22,%22header_text_color%22,%22header_text_color%22,%22header_text_color%22,%22header_text_color%22,%22header_text_color%22,%22header_text_color%22,%22header_text_color%22,%22header_text_color%22,%22header_text_color%22,%22header_text_color%22,%22header_text_color%22,%22header_text_color%22,%22header_text_color%22,%22header_text_color%22,%22header_text_color%22,%22header_text_color%22,%22header_text_color%22%93,%22#03045e%22:%91%22icon_color%22,%22icon_color%22,%22icon_color%22,%22icon_color%22,%22icon_color%22,%22icon_color%22,%22icon_color%22,%22icon_color%22,%22icon_color%22%93}\u00bb]<\/p>\n<p>Muestras de artistas locales e internacionales, en diferentes formatos, como pintura, fotograf\u00eda y arte urbano.<\/p>\n<p>[\/et_pb_blurb][\/et_pb_column][\/et_pb_row][et_pb_row column_structure=\u00bb1_2,1_2&#8243; make_equal=\u00bbon\u00bb disabled_on=\u00bbon|on|off\u00bb _builder_version=\u00bb4.27.4&#8243; _module_preset=\u00bb5138c454-be54-4233-bd3b-f8e6a8747976&#8243; width=\u00bb55.3%\u00bb max_height=\u00bb624px\u00bb custom_padding=\u00bb13px|||||\u00bb global_colors_info=\u00bb{}\u00bb][et_pb_column type=\u00bb1_2&#8243; _builder_version=\u00bb4.27.4&#8243; _module_preset=\u00bb50607da8-57bc-4d4b-aaef-f02e41c2cc4a\u00bb background_color=\u00bb#FFFFFF\u00bb custom_padding=\u00bb30px|39px|30px|10px|true|false\u00bb custom_padding_tablet=\u00bb30px|30px|30px|30px|true|true\u00bb custom_padding_phone=\u00bb20px|20px|20px|20px|true|true\u00bb custom_padding_last_edited=\u00bboff|desktop\u00bb border_radii=\u00bbon|6px|6px|6px|6px\u00bb box_shadow_style=\u00bbpreset1&#8243; box_shadow_vertical=\u00bb24px\u00bb box_shadow_blur=\u00bb72px\u00bb box_shadow_spread=\u00bb-12px\u00bb box_shadow_color=\u00bbrgba(0,0,0,0.12)\u00bb global_colors_info=\u00bb{%22gcid-7cadd8b3-5228-48e4-90c4-212d09232f7b%22:%91%22color%22%93}\u00bb][et_pb_blurb title=\u00bbTalleres y Conferencias\u00bb image=\u00bbhttps:\/\/afguayaquil.org.ec\/af\/wp-content\/uploads\/2025\/01\/Conferencias-Alianza-Francesa-Guayaquil-scaled.jpg\u00bb image_icon_width=\u00bb200%\u00bb icon_alignment=\u00bbleft\u00bb content_max_width=\u00bb1100%\u00bb _builder_version=\u00bb4.27.4&#8243; _module_preset=\u00bb203c76fc-aee0-4484-9be1-f0e2ebd81a8f\u00bb header_font=\u00bbParis|600|||||||\u00bb header_text_align=\u00bbleft\u00bb header_text_color=\u00bb#e0261d\u00bb header_font_size=\u00bb24px\u00bb body_font=\u00bbMontserrat-Regular|Source Sans Pro_weight|||||||\u00bb body_text_color=\u00bbrgba(0,0,0,0.64)\u00bb body_font_size=\u00bb13px\u00bb body_line_height=\u00bb1.3em\u00bb body_link_text_color=\u00bb#03045e\u00bb image_icon_custom_margin=\u00bb-11px||-10px||false|false\u00bb image_icon_custom_padding=\u00bb||||false|false\u00bb width=\u00bb98%\u00bb custom_margin=\u00bb|||13px|false|false\u00bb animation=\u00bboff\u00bb header_font_size_tablet=\u00bb15px\u00bb header_font_size_phone=\u00bb13px\u00bb header_font_size_last_edited=\u00bbon|phone\u00bb body_font_size_tablet=\u00bb15px\u00bb body_font_size_phone=\u00bb14px\u00bb body_font_size_last_edited=\u00bbon|desktop\u00bb locked=\u00bboff\u00bb global_colors_info=\u00bb{%22#0e0c19%22:%91%22header_text_color%22,%22header_text_color%22,%22header_text_color%22,%22header_text_color%22,%22header_text_color%22,%22header_text_color%22,%22header_text_color%22,%22header_text_color%22,%22header_text_color%22,%22header_text_color%22,%22header_text_color%22,%22header_text_color%22,%22header_text_color%22,%22header_text_color%22,%22header_text_color%22,%22header_text_color%22,%22header_text_color%22,%22header_text_color%22,%22header_text_color%22,%22header_text_color%22,%22header_text_color%22,%22header_text_color%22,%22header_text_color%22,%22header_text_color%22,%22header_text_color%22,%22header_text_color%22,%22header_text_color%22,%22header_text_color%22,%22header_text_color%22,%22header_text_color%22,%22header_text_color%22,%22header_text_color%22,%22header_text_color%22,%22header_text_color%22,%22header_text_color%22,%22header_text_color%22,%22header_text_color%22,%22header_text_color%22,%22header_text_color%22,%22header_text_color%22,%22header_text_color%22,%22header_text_color%22,%22header_text_color%22,%22header_text_color%22,%22header_text_color%22%93,%22#03045e%22:%91%22icon_color%22,%22icon_color%22,%22icon_color%22,%22icon_color%22,%22icon_color%22,%22icon_color%22,%22icon_color%22,%22icon_color%22,%22icon_color%22%93}\u00bb]<\/p>\n<p>Actividades interactivas y educativas que fomentan el aprendizaje de la lengua y cultura francesa<\/p>\n<p>[\/et_pb_blurb][\/et_pb_column][et_pb_column type=\u00bb1_2&#8243; _builder_version=\u00bb4.24.3&#8243; _module_preset=\u00bb50607da8-57bc-4d4b-aaef-f02e41c2cc4a\u00bb background_color=\u00bb#FFFFFF\u00bb custom_padding=\u00bb30px|39px|30px|10px|true|false\u00bb border_radii=\u00bbon|6px|6px|6px|6px\u00bb box_shadow_style=\u00bbpreset1&#8243; box_shadow_vertical=\u00bb24px\u00bb box_shadow_blur=\u00bb72px\u00bb box_shadow_spread=\u00bb-12px\u00bb box_shadow_color=\u00bbrgba(0,0,0,0.12)\u00bb global_colors_info=\u00bb{%22gcid-7cadd8b3-5228-48e4-90c4-212d09232f7b%22:%91%22color%22,%22color%22%93}\u00bb][et_pb_blurb title=\u00bbFiestas Culturales\u00bb image=\u00bbhttps:\/\/afguayaquil.org.ec\/af\/wp-content\/uploads\/2025\/01\/Fiestas-culturales-Alianza-Francesa-Guayaquil-scaled.jpg\u00bb image_icon_width=\u00bb200%\u00bb icon_alignment=\u00bbleft\u00bb content_max_width=\u00bb1100%\u00bb _builder_version=\u00bb4.27.4&#8243; _module_preset=\u00bb203c76fc-aee0-4484-9be1-f0e2ebd81a8f\u00bb header_font=\u00bbParis|600|||||||\u00bb header_text_align=\u00bbleft\u00bb header_text_color=\u00bb#e0261d\u00bb header_font_size=\u00bb24px\u00bb body_font=\u00bbMontserrat-Regular|Source Sans Pro_weight|||||||\u00bb body_text_color=\u00bbrgba(0,0,0,0.64)\u00bb body_font_size=\u00bb13px\u00bb body_line_height=\u00bb1.3em\u00bb body_link_text_color=\u00bb#03045e\u00bb image_icon_custom_margin=\u00bb-11px||-10px||false|false\u00bb image_icon_custom_padding=\u00bb||||false|false\u00bb width=\u00bb98%\u00bb custom_margin=\u00bb|||13px|false|false\u00bb animation=\u00bboff\u00bb header_font_size_tablet=\u00bb15px\u00bb header_font_size_phone=\u00bb13px\u00bb header_font_size_last_edited=\u00bbon|phone\u00bb body_font_size_tablet=\u00bb15px\u00bb body_font_size_phone=\u00bb14px\u00bb body_font_size_last_edited=\u00bbon|desktop\u00bb locked=\u00bboff\u00bb global_colors_info=\u00bb{%22#0e0c19%22:%91%22header_text_color%22,%22header_text_color%22,%22header_text_color%22,%22header_text_color%22,%22header_text_color%22,%22header_text_color%22,%22header_text_color%22,%22header_text_color%22,%22header_text_color%22,%22header_text_color%22,%22header_text_color%22,%22header_text_color%22,%22header_text_color%22,%22header_text_color%22,%22header_text_color%22,%22header_text_color%22,%22header_text_color%22,%22header_text_color%22,%22header_text_color%22,%22header_text_color%22,%22header_text_color%22,%22header_text_color%22,%22header_text_color%22,%22header_text_color%22,%22header_text_color%22,%22header_text_color%22,%22header_text_color%22,%22header_text_color%22,%22header_text_color%22,%22header_text_color%22,%22header_text_color%22,%22header_text_color%22,%22header_text_color%22,%22header_text_color%22,%22header_text_color%22,%22header_text_color%22,%22header_text_color%22,%22header_text_color%22,%22header_text_color%22,%22header_text_color%22,%22header_text_color%22,%22header_text_color%22,%22header_text_color%22,%22header_text_color%22,%22header_text_color%22%93,%22#03045e%22:%91%22icon_color%22,%22icon_color%22,%22icon_color%22,%22icon_color%22,%22icon_color%22,%22icon_color%22,%22icon_color%22,%22icon_color%22,%22icon_color%22%93}\u00bb]<\/p>\n<p>Celebraciones y festividades tem\u00e1ticas como la Fiesta de la M\u00fasica y el Mes de la Francofon\u00eda, donde la m\u00fasica, la gastronom\u00eda y las tradiciones se unen.<\/p>\n<p>[\/et_pb_blurb][\/et_pb_column][\/et_pb_row][et_pb_row column_structure=\u00bb1_3,1_3,1_3&#8243; make_equal=\u00bbon\u00bb disabled_on=\u00bboff|off|on\u00bb _builder_version=\u00bb4.27.4&#8243; _module_preset=\u00bb5138c454-be54-4233-bd3b-f8e6a8747976&#8243; width=\u00bb84.9%\u00bb max_height=\u00bb624px\u00bb custom_padding=\u00bb13px|||||\u00bb global_colors_info=\u00bb{}\u00bb][et_pb_column type=\u00bb1_3&#8243; _builder_version=\u00bb4.27.4&#8243; _module_preset=\u00bb50607da8-57bc-4d4b-aaef-f02e41c2cc4a\u00bb background_color=\u00bb#FFFFFF\u00bb custom_padding=\u00bb30px|39px|30px|10px|true|false\u00bb custom_padding_tablet=\u00bb30px|30px|30px|30px|true|true\u00bb custom_padding_phone=\u00bb20px|20px|20px|20px|true|true\u00bb custom_padding_last_edited=\u00bboff|desktop\u00bb border_radii=\u00bbon|6px|6px|6px|6px\u00bb box_shadow_style=\u00bbpreset1&#8243; box_shadow_vertical=\u00bb24px\u00bb box_shadow_blur=\u00bb72px\u00bb box_shadow_spread=\u00bb-12px\u00bb box_shadow_color=\u00bbrgba(0,0,0,0.12)\u00bb global_colors_info=\u00bb{%22gcid-7cadd8b3-5228-48e4-90c4-212d09232f7b%22:%91%22color%22%93}\u00bb][et_pb_blurb title=\u00bbTalleres y Conferencias\u00bb image=\u00bbhttps:\/\/afguayaquil.org.ec\/af\/wp-content\/uploads\/2025\/01\/Conferencias-Alianza-Francesa-Guayaquil-scaled.jpg\u00bb image_icon_width=\u00bb200%\u00bb icon_alignment=\u00bbleft\u00bb content_max_width=\u00bb1100%\u00bb _builder_version=\u00bb4.27.4&#8243; _module_preset=\u00bb203c76fc-aee0-4484-9be1-f0e2ebd81a8f\u00bb header_font=\u00bbParis|600|||||||\u00bb header_text_align=\u00bbleft\u00bb header_text_color=\u00bb#e0261d\u00bb header_font_size=\u00bb24px\u00bb body_font=\u00bbMontserrat-Regular|Source Sans Pro_weight|||||||\u00bb body_text_color=\u00bbrgba(0,0,0,0.64)\u00bb body_font_size=\u00bb13px\u00bb body_line_height=\u00bb1.3em\u00bb body_link_text_color=\u00bb#03045e\u00bb image_icon_custom_margin=\u00bb-11px||-10px||false|false\u00bb image_icon_custom_padding=\u00bb||||false|false\u00bb width=\u00bb98%\u00bb custom_margin=\u00bb|||13px|false|false\u00bb animation=\u00bboff\u00bb header_font_size_tablet=\u00bb15px\u00bb header_font_size_phone=\u00bb13px\u00bb header_font_size_last_edited=\u00bbon|phone\u00bb body_font_size_tablet=\u00bb15px\u00bb body_font_size_phone=\u00bb14px\u00bb body_font_size_last_edited=\u00bbon|desktop\u00bb locked=\u00bboff\u00bb global_colors_info=\u00bb{%22#0e0c19%22:%91%22header_text_color%22,%22header_text_color%22,%22header_text_color%22,%22header_text_color%22,%22header_text_color%22,%22header_text_color%22,%22header_text_color%22,%22header_text_color%22,%22header_text_color%22,%22header_text_color%22,%22header_text_color%22,%22header_text_color%22,%22header_text_color%22,%22header_text_color%22,%22header_text_color%22,%22header_text_color%22,%22header_text_color%22,%22header_text_color%22,%22header_text_color%22,%22header_text_color%22,%22header_text_color%22,%22header_text_color%22,%22header_text_color%22,%22header_text_color%22,%22header_text_color%22,%22header_text_color%22,%22header_text_color%22,%22header_text_color%22,%22header_text_color%22,%22header_text_color%22,%22header_text_color%22,%22header_text_color%22,%22header_text_color%22,%22header_text_color%22,%22header_text_color%22,%22header_text_color%22,%22header_text_color%22,%22header_text_color%22,%22header_text_color%22,%22header_text_color%22,%22header_text_color%22,%22header_text_color%22,%22header_text_color%22,%22header_text_color%22,%22header_text_color%22%93,%22#03045e%22:%91%22icon_color%22,%22icon_color%22,%22icon_color%22,%22icon_color%22,%22icon_color%22,%22icon_color%22,%22icon_color%22,%22icon_color%22,%22icon_color%22%93}\u00bb]<\/p>\n<p>Actividades interactivas y educativas que fomentan el aprendizaje de la lengua y cultura francesa<\/p>\n<p>[\/et_pb_blurb][\/et_pb_column][et_pb_column type=\u00bb1_3&#8243; _builder_version=\u00bb4.24.3&#8243; _module_preset=\u00bb50607da8-57bc-4d4b-aaef-f02e41c2cc4a\u00bb background_color=\u00bb#FFFFFF\u00bb custom_padding=\u00bb30px|39px|30px|10px|true|false\u00bb border_radii=\u00bbon|6px|6px|6px|6px\u00bb box_shadow_style=\u00bbpreset1&#8243; box_shadow_vertical=\u00bb24px\u00bb box_shadow_blur=\u00bb72px\u00bb box_shadow_spread=\u00bb-12px\u00bb box_shadow_color=\u00bbrgba(0,0,0,0.12)\u00bb global_colors_info=\u00bb{%22gcid-7cadd8b3-5228-48e4-90c4-212d09232f7b%22:%91%22color%22,%22color%22%93}\u00bb][et_pb_blurb title=\u00bbFiestas Culturales\u00bb image=\u00bbhttps:\/\/afguayaquil.org.ec\/af\/wp-content\/uploads\/2025\/01\/Fiestas-culturales-Alianza-Francesa-Guayaquil-scaled.jpg\u00bb image_icon_width=\u00bb200%\u00bb icon_alignment=\u00bbleft\u00bb content_max_width=\u00bb1100%\u00bb _builder_version=\u00bb4.27.4&#8243; _module_preset=\u00bb203c76fc-aee0-4484-9be1-f0e2ebd81a8f\u00bb header_font=\u00bbParis|600|||||||\u00bb header_text_align=\u00bbleft\u00bb header_text_color=\u00bb#e0261d\u00bb header_font_size=\u00bb24px\u00bb body_font=\u00bbMontserrat-Regular|Source Sans Pro_weight|||||||\u00bb body_text_color=\u00bbrgba(0,0,0,0.64)\u00bb body_font_size=\u00bb13px\u00bb body_line_height=\u00bb1.3em\u00bb body_link_text_color=\u00bb#03045e\u00bb image_icon_custom_margin=\u00bb-11px||-10px||false|false\u00bb image_icon_custom_padding=\u00bb||||false|false\u00bb width=\u00bb98%\u00bb custom_margin=\u00bb|||13px|false|false\u00bb animation=\u00bboff\u00bb header_font_size_tablet=\u00bb15px\u00bb header_font_size_phone=\u00bb13px\u00bb header_font_size_last_edited=\u00bbon|phone\u00bb body_font_size_tablet=\u00bb15px\u00bb body_font_size_phone=\u00bb14px\u00bb body_font_size_last_edited=\u00bbon|desktop\u00bb locked=\u00bboff\u00bb global_colors_info=\u00bb{%22#0e0c19%22:%91%22header_text_color%22,%22header_text_color%22,%22header_text_color%22,%22header_text_color%22,%22header_text_color%22,%22header_text_color%22,%22header_text_color%22,%22header_text_color%22,%22header_text_color%22,%22header_text_color%22,%22header_text_color%22,%22header_text_color%22,%22header_text_color%22,%22header_text_color%22,%22header_text_color%22,%22header_text_color%22,%22header_text_color%22,%22header_text_color%22,%22header_text_color%22,%22header_text_color%22,%22header_text_color%22,%22header_text_color%22,%22header_text_color%22,%22header_text_color%22,%22header_text_color%22,%22header_text_color%22,%22header_text_color%22,%22header_text_color%22,%22header_text_color%22,%22header_text_color%22,%22header_text_color%22,%22header_text_color%22,%22header_text_color%22,%22header_text_color%22,%22header_text_color%22,%22header_text_color%22,%22header_text_color%22,%22header_text_color%22,%22header_text_color%22,%22header_text_color%22,%22header_text_color%22,%22header_text_color%22,%22header_text_color%22,%22header_text_color%22,%22header_text_color%22%93,%22#03045e%22:%91%22icon_color%22,%22icon_color%22,%22icon_color%22,%22icon_color%22,%22icon_color%22,%22icon_color%22,%22icon_color%22,%22icon_color%22,%22icon_color%22%93}\u00bb]<\/p>\n<p>Celebraciones y festividades tem\u00e1ticas como la Fiesta de la M\u00fasica y el Mes de la Francofon\u00eda, donde la m\u00fasica, la gastronom\u00eda y las tradiciones se unen.<\/p>\n<p>[\/et_pb_blurb][\/et_pb_column][et_pb_column type=\u00bb1_3&#8243; _builder_version=\u00bb4.27.4&#8243; _module_preset=\u00bb50607da8-57bc-4d4b-aaef-f02e41c2cc4a\u00bb background_color=\u00bbRGBA(255,255,255,0)\u00bb custom_padding=\u00bb30px|39px|30px|10px|true|false\u00bb border_radii=\u00bbon|6px|6px|6px|6px\u00bb global_colors_info=\u00bb{%22gcid-7cadd8b3-5228-48e4-90c4-212d09232f7b%22:%91%22color%22,%22color%22%93}\u00bb][\/et_pb_column][\/et_pb_row][\/et_pb_section][et_pb_section fb_built=\u00bb1&#8243; _builder_version=\u00bb4.27.2&#8243; _module_preset=\u00bbdefault\u00bb global_colors_info=\u00bb{}\u00bb da_is_popup=\u00bboff\u00bb da_exit_intent=\u00bboff\u00bb da_has_close=\u00bbon\u00bb da_alt_close=\u00bboff\u00bb da_dark_close=\u00bboff\u00bb da_not_modal=\u00bbon\u00bb da_is_singular=\u00bboff\u00bb da_with_loader=\u00bboff\u00bb da_has_shadow=\u00bbon\u00bb da_disable_devices=\u00bboff|off|off\u00bb][et_pb_row disabled_on=\u00bbon|on|off\u00bb _builder_version=\u00bb4.27.4&#8243; _module_preset=\u00bbdefault\u00bb global_colors_info=\u00bb{}\u00bb][et_pb_column type=\u00bb4_4&#8243; _builder_version=\u00bb4.27.2&#8243; _module_preset=\u00bbdefault\u00bb global_colors_info=\u00bb{}\u00bb][dnxte_text_highlight before_text=\u00bbApoyamos y potenciamos \u00bb highlight_text=\u00bbTalento Art\u00edstico \u00bb highlight_alignment=\u00bbcenter\u00bb stroke_color=\u00bb#e0261d\u00bb stroke_width=\u00bb10px\u00bb dnxt_svg_select=\u00bbzigzag\u00bb _builder_version=\u00bb4.27.2&#8243; _module_preset=\u00bbdefault\u00bb heading_fonts_font=\u00bbParis|500|||||||\u00bb heading_fonts_font_size=\u00bb65px\u00bb animation_fonts_font=\u00bbParis|500|||||||\u00bb animation_fonts_text_color=\u00bb#333333&#8243; animation_fonts_font_size=\u00bb61px\u00bb animation_fonts_line_height=\u00bb1.9em\u00bb width=\u00bb82.3%\u00bb custom_margin=\u00bb||0px|92px|false|false\u00bb global_colors_info=\u00bb{}\u00bb][\/dnxte_text_highlight][\/et_pb_column][\/et_pb_row][et_pb_row disabled_on=\u00bboff|off|on\u00bb _builder_version=\u00bb4.27.4&#8243; _module_preset=\u00bbdefault\u00bb global_colors_info=\u00bb{}\u00bb][et_pb_column type=\u00bb4_4&#8243; _builder_version=\u00bb4.27.2&#8243; _module_preset=\u00bbdefault\u00bb global_colors_info=\u00bb{}\u00bb][dnxte_text_highlight before_text=\u00bbApoyamos y potenciamos \u00bb highlight_text=\u00bbTalento Art\u00edstico \u00bb highlight_alignment=\u00bbcenter\u00bb stroke_color=\u00bb#e0261d\u00bb stroke_width=\u00bb5px\u00bb dnxt_svg_select=\u00bbzigzag\u00bb _builder_version=\u00bb4.27.4&#8243; _module_preset=\u00bbdefault\u00bb heading_fonts_font=\u00bbParis|500|||||||\u00bb heading_fonts_font_size=\u00bb24px\u00bb heading_fonts_line_height=\u00bb1.2em\u00bb animation_fonts_font=\u00bbParis|500|||||||\u00bb animation_fonts_text_color=\u00bb#333333&#8243; animation_fonts_font_size=\u00bb24px\u00bb animation_fonts_line_height=\u00bb1.4em\u00bb custom_margin=\u00bb32px||0px|-14px|false|false\u00bb custom_padding=\u00bb|||0px||\u00bb global_colors_info=\u00bb{}\u00bb][\/dnxte_text_highlight][\/et_pb_column][\/et_pb_row][et_pb_row column_structure=\u00bb3_5,2_5&#8243; disabled_on=\u00bbon|on|off\u00bb _builder_version=\u00bb4.27.4&#8243; _module_preset=\u00bbdefault\u00bb custom_padding=\u00bb5px|||||\u00bb global_colors_info=\u00bb{}\u00bb][et_pb_column type=\u00bb3_5&#8243; _builder_version=\u00bb4.27.2&#8243; _module_preset=\u00bbdefault\u00bb global_colors_info=\u00bb{}\u00bb][et_pb_text _builder_version=\u00bb4.27.4&#8243; _module_preset=\u00bbdefault\u00bb text_font=\u00bbMontserrat-Regular||||||||\u00bb text_text_color=\u00bb#6B6B6B\u00bb text_line_height=\u00bb1.5em\u00bb header_font=\u00bbParis|500|||||||\u00bb header_text_color=\u00bb#333333&#8243; custom_padding=\u00bb0px||0px||false|false\u00bb global_colors_info=\u00bb{}\u00bb]<\/p>\n<h1 data-pm-slice=\"1 1 []\">\u00a1Haga realidad su visi\u00f3n art\u00edstica!<\/h1>\n<p>En nuestra plataforma, valoramos y apoyamos la creatividad de los artistas como usted. Si cuenta con un proyecto art\u00edstico innovador, una idea que inspire o una propuesta que merezca ser escuchada, \u00a1queremos conocerla!<\/p>\n<p>Le invitamos a enviarnos su propuesta y a formar parte de una comunidad que impulsa el arte en todas sus formas. Juntos, podemos darle vida a sus ideas y llevar su talento a nuevas alturas.<\/p>\n<p>[\/et_pb_text][et_pb_button button_url=\u00bbhttps:\/\/afguayaquil.org.ec\/af\/postula-tu-propuesta-artistica\/#\/\u00bb url_new_window=\u00bbon\u00bb button_text=\u00bbM\u00e1s Informaci\u00f3n\u00bb _builder_version=\u00bb4.27.4&#8243; _module_preset=\u00bb1bffc0fc-42a0-49d1-bd9a-ae3ade2d7206&#8243; custom_button=\u00bbon\u00bb button_text_size=\u00bb13px\u00bb button_text_color=\u00bb#FFFFFF\u00bb button_bg_color=\u00bb#03045e\u00bb button_border_width=\u00bb0px\u00bb button_border_radius=\u00bb100px\u00bb button_font=\u00bbMontserrat-Regular||||||||\u00bb custom_margin=\u00bb-2px||9px||false|false\u00bb custom_padding=\u00bb5px|24px|5px|24px|true|true\u00bb locked=\u00bboff\u00bb global_colors_info=\u00bb{%22gcid-36fd78a7-34bc-404d-873c-dafa34efaae5%22:%91%22button_text_color%22,%22button_text_color%22%93}\u00bb custom_padding__hover_enabled=\u00bboff|desktop\u00bb custom_padding__hover=\u00bb|28px||20px|true|false\u00bb][\/et_pb_button][\/et_pb_column][et_pb_column type=\u00bb2_5&#8243; _builder_version=\u00bb4.27.2&#8243; _module_preset=\u00bbdefault\u00bb global_colors_info=\u00bb{}\u00bb][et_pb_image src=\u00bbhttps:\/\/afguayaquil.org.ec\/af\/wp-content\/uploads\/2025\/01\/Talento-artistico-Alianza-Francesa-Guayaquil-2-scaled.jpg\u00bb title_text=\u00bbTalento art\u00edstico- Alianza Francesa Guayaquil 2&#8243; _builder_version=\u00bb4.27.4&#8243; _module_preset=\u00bbdefault\u00bb max_width=\u00bb100%\u00bb border_radii=\u00bbon|9px|9px|9px|9px\u00bb box_shadow_style=\u00bbpreset1&#8243; global_colors_info=\u00bb{}\u00bb][\/et_pb_image][\/et_pb_column][\/et_pb_row][et_pb_row column_structure=\u00bb3_5,2_5&#8243; disabled_on=\u00bboff|off|on\u00bb _builder_version=\u00bb4.27.4&#8243; _module_preset=\u00bbdefault\u00bb custom_padding=\u00bb5px|||||\u00bb global_colors_info=\u00bb{}\u00bb][et_pb_column type=\u00bb3_5&#8243; _builder_version=\u00bb4.27.2&#8243; _module_preset=\u00bbdefault\u00bb global_colors_info=\u00bb{}\u00bb][et_pb_text _builder_version=\u00bb4.27.4&#8243; _module_preset=\u00bbdefault\u00bb text_font=\u00bbMontserrat-Regular||||||||\u00bb text_text_color=\u00bb#6B6B6B\u00bb text_line_height=\u00bb1.5em\u00bb header_font=\u00bbParis|500|||||||\u00bb header_text_color=\u00bb#333333&#8243; header_font_size=\u00bb20px\u00bb custom_padding=\u00bb0px||0px||false|false\u00bb global_colors_info=\u00bb{}\u00bb]<\/p>\n<h1 data-pm-slice=\"1 1 []\">\u00a1Haga realidad su visi\u00f3n art\u00edstica!<\/h1>\n<p>En nuestra plataforma, valoramos y apoyamos la creatividad de los artistas como usted. Si cuenta con un proyecto art\u00edstico innovador, una idea que inspire o una propuesta que merezca ser escuchada, \u00a1queremos conocerla!<\/p>\n<p>Le invitamos a enviarnos su propuesta y a formar parte de una comunidad que impulsa el arte en todas sus formas. Juntos, podemos darle vida a sus ideas y llevar su talento a nuevas alturas.<\/p>\n<p>[\/et_pb_text][et_pb_button button_url=\u00bbhttps:\/\/afguayaquil.org.ec\/af\/postula-tu-propuesta-artistica\/#\/\u00bb url_new_window=\u00bbon\u00bb button_text=\u00bbM\u00e1s Informaci\u00f3n\u00bb _builder_version=\u00bb4.27.4&#8243; _module_preset=\u00bb1bffc0fc-42a0-49d1-bd9a-ae3ade2d7206&#8243; custom_button=\u00bbon\u00bb button_text_size=\u00bb13px\u00bb button_text_color=\u00bb#FFFFFF\u00bb button_bg_color=\u00bb#03045e\u00bb button_border_width=\u00bb0px\u00bb button_border_radius=\u00bb100px\u00bb button_font=\u00bbMontserrat-Regular||||||||\u00bb custom_margin=\u00bb-2px||9px||false|false\u00bb custom_padding=\u00bb5px|24px|5px|24px|true|true\u00bb locked=\u00bboff\u00bb global_colors_info=\u00bb{%22gcid-36fd78a7-34bc-404d-873c-dafa34efaae5%22:%91%22button_text_color%22,%22button_text_color%22%93}\u00bb custom_padding__hover_enabled=\u00bboff|desktop\u00bb custom_padding__hover=\u00bb|28px||20px|true|false\u00bb][\/et_pb_button][\/et_pb_column][et_pb_column type=\u00bb2_5&#8243; _builder_version=\u00bb4.27.2&#8243; _module_preset=\u00bbdefault\u00bb global_colors_info=\u00bb{}\u00bb][\/et_pb_column][\/et_pb_row][\/et_pb_section][et_pb_section fb_built=\u00bb1&#8243; _builder_version=\u00bb4.27.2&#8243; _module_preset=\u00bbdefault\u00bb custom_margin=\u00bb||-2px|||\u00bb custom_padding=\u00bb8px||65px|||\u00bb global_colors_info=\u00bb{}\u00bb da_is_popup=\u00bboff\u00bb da_exit_intent=\u00bboff\u00bb da_has_close=\u00bbon\u00bb da_alt_close=\u00bboff\u00bb da_dark_close=\u00bboff\u00bb da_not_modal=\u00bbon\u00bb da_is_singular=\u00bboff\u00bb da_with_loader=\u00bboff\u00bb da_has_shadow=\u00bbon\u00bb da_disable_devices=\u00bboff|off|off\u00bb][et_pb_row _builder_version=\u00bb4.27.2&#8243; _module_preset=\u00bbdefault\u00bb custom_margin=\u00bb22px|auto||auto||\u00bb global_colors_info=\u00bb{}\u00bb][et_pb_column type=\u00bb4_4&#8243; _builder_version=\u00bb4.27.2&#8243; _module_preset=\u00bbdefault\u00bb global_colors_info=\u00bb{}\u00bb][dnxte_text_mask thumbnail_image_mask=\u00bbhttps:\/\/afguayaquil.org.ec\/af\/wp-content\/uploads\/2024\/11\/INICIO-02.png\u00bb background_image_size=\u00bbinitial\u00bb background_image_position=\u00bbcenter\u00bb text_mask=\u00bbPr\u00f3ximos Eventos\u00bb _builder_version=\u00bb4.27.4&#8243; _module_preset=\u00bbdefault\u00bb text_mask_font=\u00bbParis||||||||\u00bb text_mask_text_align=\u00bbcenter\u00bb link_option_url=\u00bbhttps:\/\/afguayaquil.org.ec\/af\/calendario\/\u00bb link_option_url_new_window=\u00bbon\u00bb box_shadow_style=\u00bbpreset1&#8243; global_colors_info=\u00bb{}\u00bb][\/dnxte_text_mask][decm_event_display recurrence_number=\u00bb3&#8243; show_name=\u00bboff\u00bb show_price=\u00bboff\u00bb show_tag=\u00bboff\u00bb show_weburl=\u00bboff\u00bb event_count=\u00bb3&#8243; open_toggle_background_color=\u00bb#FFFFFF\u00bb month_sep_background_color=\u00bb#FFFFFF\u00bb callout_background_color=\u00bb#b92316&#8243; details_link_color=\u00bb#b92316&#8243; details_icon_color=\u00bb#054bff\u00bb details_icon_size=\u00bb17.5px\u00bb thumbnail_margin=\u00bb|10px|14px||false|false\u00bb callout_margin=\u00bb-2px||10px||false|false\u00bb thumbnail_width=\u00bb327px\u00bb image_aspect_ratio=\u00bb16\/9&#8243; custom_event_link_target=\u00bb_blank\u00bb whole_event_clickable=\u00bbon\u00bb disabled_on=\u00bbon|on|off\u00bb _builder_version=\u00bb4.27.4&#8243; _module_preset=\u00bbdefault\u00bb title_font=\u00bbParis|600|||||||\u00bb title_text_color=\u00bb#b92316&#8243; duration_font=\u00bbMontserrat-Regular||||||||\u00bb duration_font_size=\u00bb12px\u00bb duration_labels_font=\u00bbMontserrat-Regular||||||||\u00bb duration_labels_font_size=\u00bb13px\u00bb excerpt_font=\u00bbMontserrat-Regular||||||||\u00bb callout_date_font=\u00bbParis||||||||\u00bb callout_date_text_color=\u00bb#FFFFFF\u00bb callout_date_font_size=\u00bb26px\u00bb callout_date_line_height=\u00bb1em\u00bb callout_month_font=\u00bbParis||||||||\u00bb callout_month_text_color=\u00bb#FFFFFF\u00bb callout_month_line_height=\u00bb1em\u00bb custom_view_more=\u00bbon\u00bb view_more_text_size=\u00bb12px\u00bb view_more_text_color=\u00bb#FFFFFF\u00bb view_more_bg_color=\u00bb#b92316&#8243; view_more_border_width=\u00bb2px\u00bb view_more_border_color=\u00bb#b92316&#8243; view_more_border_radius=\u00bb7px\u00bb view_more_font=\u00bbMontserrat-Regular|300|||||||\u00bb view_more_icon=\u00bb&#x3d;||divi||400&#8243; view_more_icon_color=\u00bb#FFFFFF\u00bb view_more_alignment=\u00bbleft\u00bb view_more_custom_margin=\u00bb24px|auto|50px|auto|false|false\u00bb view_more_custom_padding=\u00bb1px||0px||false|false\u00bb max_width=\u00bb100%\u00bb height=\u00bb480px\u00bb max_height=\u00bb902px\u00bb custom_margin=\u00bb103px||-5px||false|false\u00bb custom_padding=\u00bb0px||22px||false|false\u00bb box_shadow_style_image_box_shadow=\u00bbpreset1&#8243; global_colors_info=\u00bb{}\u00bb][\/decm_event_display][\/et_pb_column][\/et_pb_row][et_pb_row _builder_version=\u00bb4.27.2&#8243; _module_preset=\u00bbdefault\u00bb custom_margin=\u00bb12px|auto||auto||\u00bb custom_padding=\u00bb15px|||||\u00bb global_colors_info=\u00bb{}\u00bb][et_pb_column type=\u00bb4_4&#8243; _builder_version=\u00bb4.27.2&#8243; _module_preset=\u00bbdefault\u00bb global_colors_info=\u00bb{}\u00bb][et_pb_button button_url=\u00bbhttps:\/\/afguayaquil.org.ec\/af\/calendario\/\u00bb url_new_window=\u00bbon\u00bb button_text=\u00bbIr Al calendario completo \u00bb button_alignment=\u00bbcenter\u00bb disabled_on=\u00bbon|on|off\u00bb _builder_version=\u00bb4.27.4&#8243; custom_button=\u00bbon\u00bb button_text_size=\u00bb15px\u00bb button_text_color=\u00bb#FFFFFF\u00bb button_bg_color=\u00bb#E0261D\u00bb button_border_width=\u00bb0px\u00bb button_border_color=\u00bbRGBA(255,255,255,0)\u00bb button_border_radius=\u00bb27px\u00bb button_letter_spacing=\u00bb1px\u00bb button_font=\u00bbMontserrat-Regular|||on|||||\u00bb button_icon=\u00bb&#x39;||divi||400&#8243; button_icon_color=\u00bb#FFFFFF\u00bb custom_margin=\u00bb-15px|||-36px||\u00bb custom_padding=\u00bb8px|35px|8px|35px|true|true\u00bb button_letter_spacing_hover=\u00bb1px\u00bb global_colors_info=\u00bb{}\u00bb button_text_size__hover_enabled=\u00bboff\u00bb button_one_text_size__hover_enabled=\u00bboff\u00bb button_two_text_size__hover_enabled=\u00bboff\u00bb button_text_color__hover_enabled=\u00bboff\u00bb button_one_text_color__hover_enabled=\u00bboff\u00bb button_two_text_color__hover_enabled=\u00bboff\u00bb button_border_width__hover_enabled=\u00bboff\u00bb button_one_border_width__hover_enabled=\u00bboff\u00bb button_two_border_width__hover_enabled=\u00bboff\u00bb button_border_color__hover_enabled=\u00bboff\u00bb button_one_border_color__hover_enabled=\u00bboff\u00bb button_two_border_color__hover_enabled=\u00bboff\u00bb button_border_radius__hover_enabled=\u00bboff\u00bb button_one_border_radius__hover_enabled=\u00bboff\u00bb button_two_border_radius__hover_enabled=\u00bboff\u00bb button_letter_spacing__hover_enabled=\u00bbon\u00bb button_letter_spacing__hover=\u00bb1px\u00bb button_one_letter_spacing__hover_enabled=\u00bboff\u00bb button_two_letter_spacing__hover_enabled=\u00bboff\u00bb button_bg_color__hover_enabled=\u00bboff\u00bb button_one_bg_color__hover_enabled=\u00bboff\u00bb button_two_bg_color__hover_enabled=\u00bboff\u00bb][\/et_pb_button][\/et_pb_column][\/et_pb_row][et_pb_row disabled_on=\u00bboff|off|on\u00bb _builder_version=\u00bb4.27.4&#8243; _module_preset=\u00bbdefault\u00bb custom_margin=\u00bb-43px|auto|-2px|auto|false|false\u00bb custom_padding=\u00bb18px||5px|||\u00bb global_colors_info=\u00bb{}\u00bb][et_pb_column type=\u00bb4_4&#8243; _builder_version=\u00bb4.27.2&#8243; _module_preset=\u00bbdefault\u00bb global_colors_info=\u00bb{}\u00bb][decm_event_display recurrence_number=\u00bb3&#8243; show_name=\u00bboff\u00bb show_price=\u00bboff\u00bb show_tag=\u00bboff\u00bb show_weburl=\u00bboff\u00bb event_count=\u00bb3&#8243; open_toggle_background_color=\u00bb#FFFFFF\u00bb month_sep_background_color=\u00bb#FFFFFF\u00bb callout_background_color=\u00bb#b92316&#8243; details_link_color=\u00bb#b92316&#8243; details_icon_color=\u00bb#054bff\u00bb details_icon_size=\u00bb17.5px\u00bb thumbnail_margin=\u00bb|20px|14px||false|false\u00bb callout_margin=\u00bb-2px||10px||false|false\u00bb thumbnail_width=\u00bb260px\u00bb image_aspect_ratio=\u00bb16\/9&#8243; custom_event_link_target=\u00bb_blank\u00bb whole_event_clickable=\u00bbon\u00bb disabled_on=\u00bboff|off|on\u00bb _builder_version=\u00bb4.27.4&#8243; _module_preset=\u00bbdefault\u00bb title_font=\u00bbParis|600|||||||\u00bb title_text_color=\u00bb#b92316&#8243; duration_font=\u00bbMontserrat-Regular||||||||\u00bb duration_font_size=\u00bb12px\u00bb duration_labels_font=\u00bbMontserrat-Regular||||||||\u00bb duration_labels_font_size=\u00bb13px\u00bb excerpt_font=\u00bbMontserrat-Regular||||||||\u00bb callout_date_font=\u00bbParis||||||||\u00bb callout_date_text_color=\u00bb#FFFFFF\u00bb callout_date_font_size=\u00bb26px\u00bb callout_date_line_height=\u00bb1em\u00bb callout_month_font=\u00bbParis||||||||\u00bb callout_month_text_color=\u00bb#FFFFFF\u00bb callout_month_line_height=\u00bb1em\u00bb custom_view_more=\u00bbon\u00bb view_more_text_size=\u00bb12px\u00bb view_more_text_color=\u00bb#FFFFFF\u00bb view_more_bg_color=\u00bb#b92316&#8243; view_more_border_width=\u00bb2px\u00bb view_more_border_color=\u00bb#b92316&#8243; view_more_border_radius=\u00bb7px\u00bb view_more_font=\u00bbMontserrat-Regular|300|||||||\u00bb view_more_icon=\u00bb&#x3d;||divi||400&#8243; view_more_icon_color=\u00bb#FFFFFF\u00bb view_more_alignment=\u00bbleft\u00bb view_more_custom_margin=\u00bb24px|auto|50px|auto|false|false\u00bb view_more_custom_padding=\u00bb1px||0px||false|false\u00bb max_width=\u00bb100%\u00bb height=\u00bb427px\u00bb max_height=\u00bb902px\u00bb custom_margin=\u00bb-6px|-31px|75px|-19px|false|false\u00bb custom_padding=\u00bb0px||0px|1px|false|false\u00bb box_shadow_style_image_box_shadow=\u00bbpreset1&#8243; global_colors_info=\u00bb{}\u00bb][\/decm_event_display][et_pb_button button_url=\u00bbhttps:\/\/afguayaquil.org.ec\/af\/calendario\/\u00bb url_new_window=\u00bbon\u00bb button_text=\u00bbIr Al calendario completo \u00bb button_alignment=\u00bbcenter\u00bb disabled_on=\u00bboff|off|on\u00bb _builder_version=\u00bb4.27.4&#8243; custom_button=\u00bbon\u00bb button_text_size=\u00bb12px\u00bb button_text_color=\u00bb#FFFFFF\u00bb button_bg_color=\u00bb#E0261D\u00bb button_border_width=\u00bb0px\u00bb button_border_color=\u00bbRGBA(255,255,255,0)\u00bb button_border_radius=\u00bb10px\u00bb button_letter_spacing=\u00bb1px\u00bb button_font=\u00bbMontserrat-Regular|||on|||||\u00bb button_icon=\u00bb&#x39;||divi||400&#8243; button_icon_color=\u00bb#FFFFFF\u00bb custom_margin=\u00bb839px|||-9px|false|false\u00bb custom_padding=\u00bb8px|35px|8px|35px|true|true\u00bb button_letter_spacing_hover=\u00bb1px\u00bb global_colors_info=\u00bb{}\u00bb button_text_size__hover_enabled=\u00bboff\u00bb button_one_text_size__hover_enabled=\u00bboff\u00bb button_two_text_size__hover_enabled=\u00bboff\u00bb button_text_color__hover_enabled=\u00bboff\u00bb button_one_text_color__hover_enabled=\u00bboff\u00bb button_two_text_color__hover_enabled=\u00bboff\u00bb button_border_width__hover_enabled=\u00bboff\u00bb button_one_border_width__hover_enabled=\u00bboff\u00bb button_two_border_width__hover_enabled=\u00bboff\u00bb button_border_color__hover_enabled=\u00bboff\u00bb button_one_border_color__hover_enabled=\u00bboff\u00bb button_two_border_color__hover_enabled=\u00bboff\u00bb button_border_radius__hover_enabled=\u00bboff\u00bb button_one_border_radius__hover_enabled=\u00bboff\u00bb button_two_border_radius__hover_enabled=\u00bboff\u00bb button_letter_spacing__hover_enabled=\u00bbon\u00bb button_letter_spacing__hover=\u00bb1px\u00bb button_one_letter_spacing__hover_enabled=\u00bboff\u00bb button_two_letter_spacing__hover_enabled=\u00bboff\u00bb button_bg_color__hover_enabled=\u00bboff\u00bb button_one_bg_color__hover_enabled=\u00bboff\u00bb button_two_bg_color__hover_enabled=\u00bboff\u00bb][\/et_pb_button][\/et_pb_column][\/et_pb_row][\/et_pb_section]<\/p>\n","protected":false},"excerpt":{"rendered":"<p>Alianza Francesa Guayaquil<div class=\"et_pb_module dnxte_text_highlight dnxte_text_highlight_0\">\n\t\t\t\t\n\t\t\t\t\n\t\t\t\t\n\t\t\t\t\n\t\t\t\t\n\t\t\t\t\n\t\t\t\t<div class=\"et_pb_module_inner\">\n\t\t\t\t\t<h2 class=\"dnxt-highlight-intro  dnext_highlight_alignment_center\">\n\t\t\t\t\t<span class=\"dnxt-highlight-Btext dnxt-text-heading\">Su conexi\u00f3n con la <\/span>\n\t\t\t\t\t<span class=\"dnxt-text-highlight-animated-wrapper\">\n\t\t\t\t\t\t<span class=\"dnxt-text-highlight dnxt-text-highlight-animated-text\">Cultura Franc\u00f3fona<\/span>\n\t\t\t\t\t\t<span><svg xmlns=\"http:\/\/www.w3.org\/2000\/svg\" viewBox=\"0 0 500 150\" preserveAspectRatio=\"none\"><path d=\"M9.3,127.3c49.3-3,150.7-7.6,199.7-7.4c121.9,0.4,189.9,0.4,282.3,7.2C380.1,129.6,181.2,130.6,70,139 c82.6-2.9,254.2-1,335.9,1.3c-56,1.4-137.2-0.3-197.1,9\"><\/path><\/svg><\/span>\n\t\t\t\t\t<\/span>\n\t\t\t\t\t<span class=\"dnxt-highlight-Atext dnxt-text-heading\"> <\/span>\n\t\t\t<\/h2>\n\t\t\t\t<\/div>\n\t\t\t<\/div>Alianza Francesa<div class=\"et_pb_module dnxte_text_highlight dnxte_text_highlight_1\">\n\t\t\t\t\n\t\t\t\t\n\t\t\t\t\n\t\t\t\t\n\t\t\t\t\n\t\t\t\t\n\t\t\t\t<div class=\"et_pb_module_inner\">\n\t\t\t\t\t<h2 class=\"dnxt-highlight-intro  \">\n\t\t\t\t\t<span class=\"dnxt-highlight-Btext dnxt-text-heading\">\u00bbSu<\/span>\n\t\t\t\t\t<span class=\"dnxt-text-highlight-animated-wrapper\">\n\t\t\t\t\t\t\n\t\t\t\t\t\t<span><svg xmlns=\"http:\/\/www.w3.org\/2000\/svg\" viewBox=\"0 0 500 150\" preserveAspectRatio=\"none\"><path d=\"M7.7,145.6C109,125,299.9,116.2,401,121.3c42.1,2.2,87.6,11.8,87.3,25.7\"><\/path><\/svg><\/span>\n\t\t\t\t\t<\/span>\n\t\t\t\t\t\n\t\t\t<\/h2>\n\t\t\t\t<\/div>\n\t\t\t<\/div><\/p>\n","protected":false},"author":1,"featured_media":0,"parent":0,"menu_order":0,"comment_status":"closed","ping_status":"closed","template":"","meta":{"_et_pb_use_builder":"on","_et_pb_old_content":"","_et_gb_content_width":"","footnotes":""},"class_list":["post-204","page","type-page","status-publish","hentry"],"yoast_head":"<!-- This site is optimized with the Yoast SEO Premium plugin v25.0 (Yoast SEO v27.5) - https:\/\/yoast.com\/product\/yoast-seo-premium-wordpress\/ -->\n<title>Cultura ALianza Francesa Guayaquil<\/title>\n<meta name=\"robots\" content=\"index, follow, max-snippet:-1, max-image-preview:large, max-video-preview:-1\" \/>\n<link rel=\"canonical\" href=\"https:\/\/afguayaquil.org.ec\/af\/cultura-francesa\/\" \/>\n<meta property=\"og:locale\" content=\"es_ES\" \/>\n<meta property=\"og:type\" content=\"article\" \/>\n<meta property=\"og:title\" content=\"Cultura\" \/>\n<meta property=\"og:description\" content=\"Alianza Francesa GuayaquilAlianza Francesa\" \/>\n<meta property=\"og:url\" content=\"https:\/\/afguayaquil.org.ec\/af\/cultura-francesa\/\" \/>\n<meta property=\"og:site_name\" content=\"Alianza Francesa de Guayaquil\" \/>\n<meta property=\"article:publisher\" content=\"https:\/\/www.facebook.com\/afguayaquil?mibextid=ZbWKwL\" \/>\n<meta property=\"article:modified_time\" content=\"2025-05-20T20:40:37+00:00\" \/>\n<meta name=\"twitter:card\" content=\"summary_large_image\" \/>\n<meta name=\"twitter:label1\" content=\"Tiempo de lectura\" \/>\n\t<meta name=\"twitter:data1\" content=\"45 minutos\" \/>\n<script type=\"application\/ld+json\" class=\"yoast-schema-graph\">{\"@context\":\"https:\\\/\\\/schema.org\",\"@graph\":[{\"@type\":\"WebPage\",\"@id\":\"https:\\\/\\\/afguayaquil.org.ec\\\/af\\\/cultura-francesa\\\/\",\"url\":\"https:\\\/\\\/afguayaquil.org.ec\\\/af\\\/cultura-francesa\\\/\",\"name\":\"Cultura ALianza Francesa Guayaquil\",\"isPartOf\":{\"@id\":\"https:\\\/\\\/afguayaquil.org.ec\\\/af\\\/#website\"},\"datePublished\":\"2024-10-24T03:29:50+00:00\",\"dateModified\":\"2025-05-20T20:40:37+00:00\",\"breadcrumb\":{\"@id\":\"https:\\\/\\\/afguayaquil.org.ec\\\/af\\\/cultura-francesa\\\/#breadcrumb\"},\"inLanguage\":\"es\",\"potentialAction\":[{\"@type\":\"ReadAction\",\"target\":[\"https:\\\/\\\/afguayaquil.org.ec\\\/af\\\/cultura-francesa\\\/\"]}]},{\"@type\":\"BreadcrumbList\",\"@id\":\"https:\\\/\\\/afguayaquil.org.ec\\\/af\\\/cultura-francesa\\\/#breadcrumb\",\"itemListElement\":[{\"@type\":\"ListItem\",\"position\":1,\"name\":\"Portada\",\"item\":\"https:\\\/\\\/afguayaquil.org.ec\\\/af\\\/\"},{\"@type\":\"ListItem\",\"position\":2,\"name\":\"Cultura\"}]},{\"@type\":\"WebSite\",\"@id\":\"https:\\\/\\\/afguayaquil.org.ec\\\/af\\\/#website\",\"url\":\"https:\\\/\\\/afguayaquil.org.ec\\\/af\\\/\",\"name\":\"Alianza Francesa de Guayaquil\",\"description\":\"Aprende Frances, cursos de frances, clases de frances, idioma frances, cultura francesa, hablar frances\",\"publisher\":{\"@id\":\"https:\\\/\\\/afguayaquil.org.ec\\\/af\\\/#organization\"},\"alternateName\":\"Cursos de frances\",\"potentialAction\":[{\"@type\":\"SearchAction\",\"target\":{\"@type\":\"EntryPoint\",\"urlTemplate\":\"https:\\\/\\\/afguayaquil.org.ec\\\/af\\\/?s={search_term_string}\"},\"query-input\":{\"@type\":\"PropertyValueSpecification\",\"valueRequired\":true,\"valueName\":\"search_term_string\"}}],\"inLanguage\":\"es\"},{\"@type\":\"Organization\",\"@id\":\"https:\\\/\\\/afguayaquil.org.ec\\\/af\\\/#organization\",\"name\":\"Alianza Francesa de Guayaquil\",\"alternateName\":\"Cursos de frances guayaquil\",\"url\":\"https:\\\/\\\/afguayaquil.org.ec\\\/af\\\/\",\"logo\":{\"@type\":\"ImageObject\",\"inLanguage\":\"es\",\"@id\":\"https:\\\/\\\/afguayaquil.org.ec\\\/af\\\/#\\\/schema\\\/logo\\\/image\\\/\",\"url\":\"https:\\\/\\\/afguayaquil.org.ec\\\/af\\\/wp-content\\\/uploads\\\/2024\\\/10\\\/logoaf.png\",\"contentUrl\":\"https:\\\/\\\/afguayaquil.org.ec\\\/af\\\/wp-content\\\/uploads\\\/2024\\\/10\\\/logoaf.png\",\"width\":125,\"height\":125,\"caption\":\"Alianza Francesa de Guayaquil\"},\"image\":{\"@id\":\"https:\\\/\\\/afguayaquil.org.ec\\\/af\\\/#\\\/schema\\\/logo\\\/image\\\/\"},\"sameAs\":[\"https:\\\/\\\/www.facebook.com\\\/afguayaquil?mibextid=ZbWKwL\",\"https:\\\/\\\/www.instagram.com\\\/afguayaquil?igsh=anE5M2Nyc3g5OTI=\",\"https:\\\/\\\/www.tiktok.com\\\/@afguayaquil?_t=8rcDNvQXJTk&_r=1\"]}]}<\/script>\n<!-- \/ Yoast SEO Premium plugin. -->","yoast_head_json":{"title":"Cultura ALianza Francesa Guayaquil","robots":{"index":"index","follow":"follow","max-snippet":"max-snippet:-1","max-image-preview":"max-image-preview:large","max-video-preview":"max-video-preview:-1"},"canonical":"https:\/\/afguayaquil.org.ec\/af\/cultura-francesa\/","og_locale":"es_ES","og_type":"article","og_title":"Cultura","og_description":"Alianza Francesa GuayaquilAlianza Francesa","og_url":"https:\/\/afguayaquil.org.ec\/af\/cultura-francesa\/","og_site_name":"Alianza Francesa de Guayaquil","article_publisher":"https:\/\/www.facebook.com\/afguayaquil?mibextid=ZbWKwL","article_modified_time":"2025-05-20T20:40:37+00:00","twitter_card":"summary_large_image","twitter_misc":{"Tiempo de lectura":"45 minutos"},"schema":{"@context":"https:\/\/schema.org","@graph":[{"@type":"WebPage","@id":"https:\/\/afguayaquil.org.ec\/af\/cultura-francesa\/","url":"https:\/\/afguayaquil.org.ec\/af\/cultura-francesa\/","name":"Cultura ALianza Francesa Guayaquil","isPartOf":{"@id":"https:\/\/afguayaquil.org.ec\/af\/#website"},"datePublished":"2024-10-24T03:29:50+00:00","dateModified":"2025-05-20T20:40:37+00:00","breadcrumb":{"@id":"https:\/\/afguayaquil.org.ec\/af\/cultura-francesa\/#breadcrumb"},"inLanguage":"es","potentialAction":[{"@type":"ReadAction","target":["https:\/\/afguayaquil.org.ec\/af\/cultura-francesa\/"]}]},{"@type":"BreadcrumbList","@id":"https:\/\/afguayaquil.org.ec\/af\/cultura-francesa\/#breadcrumb","itemListElement":[{"@type":"ListItem","position":1,"name":"Portada","item":"https:\/\/afguayaquil.org.ec\/af\/"},{"@type":"ListItem","position":2,"name":"Cultura"}]},{"@type":"WebSite","@id":"https:\/\/afguayaquil.org.ec\/af\/#website","url":"https:\/\/afguayaquil.org.ec\/af\/","name":"Alianza Francesa de Guayaquil","description":"Aprende Frances, cursos de frances, clases de frances, idioma frances, cultura francesa, hablar frances","publisher":{"@id":"https:\/\/afguayaquil.org.ec\/af\/#organization"},"alternateName":"Cursos de frances","potentialAction":[{"@type":"SearchAction","target":{"@type":"EntryPoint","urlTemplate":"https:\/\/afguayaquil.org.ec\/af\/?s={search_term_string}"},"query-input":{"@type":"PropertyValueSpecification","valueRequired":true,"valueName":"search_term_string"}}],"inLanguage":"es"},{"@type":"Organization","@id":"https:\/\/afguayaquil.org.ec\/af\/#organization","name":"Alianza Francesa de Guayaquil","alternateName":"Cursos de frances guayaquil","url":"https:\/\/afguayaquil.org.ec\/af\/","logo":{"@type":"ImageObject","inLanguage":"es","@id":"https:\/\/afguayaquil.org.ec\/af\/#\/schema\/logo\/image\/","url":"https:\/\/afguayaquil.org.ec\/af\/wp-content\/uploads\/2024\/10\/logoaf.png","contentUrl":"https:\/\/afguayaquil.org.ec\/af\/wp-content\/uploads\/2024\/10\/logoaf.png","width":125,"height":125,"caption":"Alianza Francesa de Guayaquil"},"image":{"@id":"https:\/\/afguayaquil.org.ec\/af\/#\/schema\/logo\/image\/"},"sameAs":["https:\/\/www.facebook.com\/afguayaquil?mibextid=ZbWKwL","https:\/\/www.instagram.com\/afguayaquil?igsh=anE5M2Nyc3g5OTI=","https:\/\/www.tiktok.com\/@afguayaquil?_t=8rcDNvQXJTk&_r=1"]}]}},"_links":{"self":[{"href":"https:\/\/afguayaquil.org.ec\/af\/wp-json\/wp\/v2\/pages\/204","targetHints":{"allow":["GET"]}}],"collection":[{"href":"https:\/\/afguayaquil.org.ec\/af\/wp-json\/wp\/v2\/pages"}],"about":[{"href":"https:\/\/afguayaquil.org.ec\/af\/wp-json\/wp\/v2\/types\/page"}],"author":[{"embeddable":true,"href":"https:\/\/afguayaquil.org.ec\/af\/wp-json\/wp\/v2\/users\/1"}],"replies":[{"embeddable":true,"href":"https:\/\/afguayaquil.org.ec\/af\/wp-json\/wp\/v2\/comments?post=204"}],"version-history":[{"count":222,"href":"https:\/\/afguayaquil.org.ec\/af\/wp-json\/wp\/v2\/pages\/204\/revisions"}],"predecessor-version":[{"id":5910,"href":"https:\/\/afguayaquil.org.ec\/af\/wp-json\/wp\/v2\/pages\/204\/revisions\/5910"}],"wp:attachment":[{"href":"https:\/\/afguayaquil.org.ec\/af\/wp-json\/wp\/v2\/media?parent=204"}],"curies":[{"name":"wp","href":"https:\/\/api.w.org\/{rel}","templated":true}]}}