{"id":2011,"date":"2024-12-11T14:43:19","date_gmt":"2024-12-11T19:43:19","guid":{"rendered":"https:\/\/afguayaquil.org.ec\/af\/?page_id=2011"},"modified":"2025-02-26T16:33:04","modified_gmt":"2025-02-26T21:33:04","slug":"postula-tu-propuesta-artistica","status":"publish","type":"page","link":"https:\/\/afguayaquil.org.ec\/af\/postula-tu-propuesta-artistica\/","title":{"rendered":"Propuestas art\u00edsticas"},"content":{"rendered":"<p>[et_pb_section fb_built=\u00bb1&#8243; _builder_version=\u00bb4.27.4&#8243; _module_preset=\u00bbdefault\u00bb global_colors_info=\u00bb{}\u00bb da_is_popup=\u00bboff\u00bb da_exit_intent=\u00bboff\u00bb da_has_close=\u00bbon\u00bb da_alt_close=\u00bboff\u00bb da_dark_close=\u00bboff\u00bb da_not_modal=\u00bbon\u00bb da_is_singular=\u00bboff\u00bb da_with_loader=\u00bboff\u00bb da_has_shadow=\u00bbon\u00bb da_disable_devices=\u00bboff|off|off\u00bb][et_pb_row disabled_on=\u00bbon|on|off\u00bb _builder_version=\u00bb4.27.4&#8243; _module_preset=\u00bbdefault\u00bb global_colors_info=\u00bb{}\u00bb][et_pb_column type=\u00bb4_4&#8243; _builder_version=\u00bb4.27.4&#8243; _module_preset=\u00bbdefault\u00bb global_colors_info=\u00bb{}\u00bb][et_pb_text _builder_version=\u00bb4.27.4&#8243; _module_preset=\u00bbdefault\u00bb text_font=\u00bbParis|600|||||||\u00bb text_text_color=\u00bb#333333&#8243; text_font_size=\u00bb58px\u00bb text_orientation=\u00bbcenter\u00bb custom_margin=\u00bb||29px|||\u00bb global_colors_info=\u00bb{}\u00bb]<\/p>\n<p>\u00a1Impulsemos juntos el arte!<\/p>\n<p>[\/et_pb_text][\/et_pb_column][\/et_pb_row][et_pb_row disabled_on=\u00bboff|off|on\u00bb _builder_version=\u00bb4.27.4&#8243; _module_preset=\u00bbdefault\u00bb custom_padding=\u00bb34px|||||\u00bb global_colors_info=\u00bb{}\u00bb][et_pb_column type=\u00bb4_4&#8243; _builder_version=\u00bb4.27.4&#8243; _module_preset=\u00bbdefault\u00bb global_colors_info=\u00bb{}\u00bb][et_pb_text _builder_version=\u00bb4.27.4&#8243; _module_preset=\u00bbdefault\u00bb text_font=\u00bbParis|600|||||||\u00bb text_text_color=\u00bb#333333&#8243; text_font_size=\u00bb24px\u00bb text_line_height=\u00bb1.1em\u00bb text_orientation=\u00bbcenter\u00bb custom_margin=\u00bb||-14px|||\u00bb global_colors_info=\u00bb{}\u00bb]<\/p>\n<p>\u00a1Impulsemos juntos el arte!<\/p>\n<p>[\/et_pb_text][\/et_pb_column][\/et_pb_row][et_pb_row column_structure=\u00bb1_2,1_2&#8243; _builder_version=\u00bb4.27.4&#8243; _module_preset=\u00bbdefault\u00bb global_colors_info=\u00bb{}\u00bb][et_pb_column type=\u00bb1_2&#8243; _builder_version=\u00bb4.27.4&#8243; _module_preset=\u00bbdefault\u00bb global_colors_info=\u00bb{}\u00bb][et_pb_text _builder_version=\u00bb4.27.4&#8243; _module_preset=\u00bbdefault\u00bb text_font=\u00bbMontserrat-Regular|500|||||||\u00bb text_text_color=\u00bb#6B6B6B\u00bb text_font_size=\u00bb15px\u00bb text_line_height=\u00bb1.6em\u00bb text_orientation=\u00bbjustified\u00bb global_colors_info=\u00bb{}\u00bb]<\/p>\n<p data-pm-slice=\"1 1 []\">Si usted es un artista con una idea o proyecto que quiere dar a conocer, estamos aqu\u00ed para apoyarle. En la Alianza Francesa Guayaquil, creemos en el poder del arte para transformar, inspirar y conectar.<\/p>\n<p data-pm-slice=\"1 1 []\">Queremos ser parte de su visi\u00f3n y ayudarle a llevar su talento m\u00e1s all\u00e1. Comparta su proyecto con nosotros y trabajemos juntos para impulsarlo, brind\u00e1ndole el espacio, la promoci\u00f3n y el apoyo que merece. Cont\u00e1ctenos hoy mismo y hagamos que su creatividad llegue m\u00e1s lejos.<\/p>\n<p>\u00a1Esperamos con entusiasmo conocer su propuesta!<\/p>\n<p>[\/et_pb_text][\/et_pb_column][et_pb_column type=\u00bb1_2&#8243; _builder_version=\u00bb4.27.4&#8243; _module_preset=\u00bbdefault\u00bb global_colors_info=\u00bb{}\u00bb][et_pb_image src=\u00bbhttps:\/\/afguayaquil.org.ec\/af\/wp-content\/uploads\/2025\/01\/Propuestas-artisticas-postule-su-proyecto-Alianza-Francesa-de-Guayaquil&#8211;scaled.jpg\u00bb title_text=\u00bbPropuestas artisticas postule su proyecto &#8211; Alianza Francesa de Guayaquil\u00bb _builder_version=\u00bb4.27.4&#8243; _module_preset=\u00bbdefault\u00bb width=\u00bb79%\u00bb custom_margin=\u00bb|||26px||\u00bb border_radii=\u00bbon|8px|8px|8px|8px\u00bb global_colors_info=\u00bb{}\u00bb][\/et_pb_image][\/et_pb_column][\/et_pb_row][\/et_pb_section][et_pb_section fb_built=\u00bb1&#8243; _builder_version=\u00bb4.27.4&#8243; _module_preset=\u00bbdefault\u00bb global_colors_info=\u00bb{}\u00bb da_is_popup=\u00bboff\u00bb da_exit_intent=\u00bboff\u00bb da_has_close=\u00bbon\u00bb da_alt_close=\u00bboff\u00bb da_dark_close=\u00bboff\u00bb da_not_modal=\u00bbon\u00bb da_is_singular=\u00bboff\u00bb da_with_loader=\u00bboff\u00bb da_has_shadow=\u00bbon\u00bb da_disable_devices=\u00bboff|off|off\u00bb][et_pb_row disabled_on=\u00bbon|on|off\u00bb _builder_version=\u00bb4.27.4&#8243; _module_preset=\u00bbdefault\u00bb custom_margin=\u00bb-34px|auto||auto||\u00bb global_colors_info=\u00bb{}\u00bb][et_pb_column type=\u00bb4_4&#8243; _builder_version=\u00bb4.27.4&#8243; _module_preset=\u00bbdefault\u00bb global_colors_info=\u00bb{}\u00bb][et_pb_text disabled_on=\u00bbon|on|off\u00bb _builder_version=\u00bb4.27.4&#8243; _module_preset=\u00bbdefault\u00bb text_font=\u00bbParis|600|||||||\u00bb text_text_color=\u00bb#333333&#8243; text_font_size=\u00bb58px\u00bb text_orientation=\u00bbcenter\u00bb custom_margin=\u00bb||29px|||\u00bb global_colors_info=\u00bb{}\u00bb]<\/p>\n<p>Formulario de propuesta de evento<\/p>\n<p>[\/et_pb_text][\/et_pb_column][\/et_pb_row][et_pb_row disabled_on=\u00bboff|off|on\u00bb _builder_version=\u00bb4.27.4&#8243; _module_preset=\u00bbdefault\u00bb custom_margin=\u00bb-34px|auto||auto||\u00bb global_colors_info=\u00bb{}\u00bb][et_pb_column type=\u00bb4_4&#8243; _builder_version=\u00bb4.27.4&#8243; _module_preset=\u00bbdefault\u00bb global_colors_info=\u00bb{}\u00bb][et_pb_text disabled_on=\u00bboff|off|on\u00bb _builder_version=\u00bb4.27.4&#8243; _module_preset=\u00bbdefault\u00bb text_font=\u00bbParis|600|||||||\u00bb text_text_color=\u00bb#333333&#8243; text_font_size=\u00bb30px\u00bb text_line_height=\u00bb1.1em\u00bb text_orientation=\u00bbcenter\u00bb custom_margin=\u00bb20px||29px|||\u00bb global_colors_info=\u00bb{}\u00bb]<\/p>\n<p>Formulario de propuesta de evento<\/p>\n<p>[\/et_pb_text][\/et_pb_column][\/et_pb_row][et_pb_row _builder_version=\u00bb4.27.4&#8243; _module_preset=\u00bbdefault\u00bb global_colors_info=\u00bb{}\u00bb][et_pb_column type=\u00bb4_4&#8243; _builder_version=\u00bb4.27.4&#8243; _module_preset=\u00bbdefault\u00bb global_colors_info=\u00bb{}\u00bb][et_pb_text _builder_version=\u00bb4.27.4&#8243; _module_preset=\u00bbdefault\u00bb text_font=\u00bbMontserrat-Regular|500|||||||\u00bb text_text_color=\u00bb#6B6B6B\u00bb text_font_size=\u00bb15px\u00bb text_line_height=\u00bb1.6em\u00bb text_orientation=\u00bbjustified\u00bb custom_margin=\u00bb-28px|||||\u00bb global_colors_info=\u00bb{}\u00bb]<\/p>\n<p>\u00bfLe gustar\u00eda organizar un evento en la Alianza Francesa de Guayaquil? \u00a1Queremos saber m\u00e1s sobre su idea! Complete este formulario para enviarnos su propuesta.<\/p>\n<p>[\/et_pb_text][\/et_pb_column][\/et_pb_row][et_pb_row column_structure=\u00bb2_5,3_5&#8243; _builder_version=\u00bb4.27.4&#8243; _module_preset=\u00bbdefault\u00bb global_colors_info=\u00bb{}\u00bb][et_pb_column type=\u00bb2_5&#8243; _builder_version=\u00bb4.27.4&#8243; _module_preset=\u00bbdefault\u00bb global_colors_info=\u00bb{}\u00bb][et_pb_image src=\u00bbhttps:\/\/afguayaquil.org.ec\/af\/wp-content\/uploads\/2025\/01\/Formulario-propuesta-artistica-Alianza-Francesa-de-Guayaquil-2024-scaled.jpg\u00bb title_text=\u00bbFormulario propuesta artistica &#8211; Alianza Francesa de Guayaquil 2024&#8243; _builder_version=\u00bb4.27.4&#8243; _module_preset=\u00bbdefault\u00bb custom_margin=\u00bb11px|||||\u00bb border_radii=\u00bbon|9px|9px|9px|9px\u00bb global_colors_info=\u00bb{}\u00bb][\/et_pb_image][et_pb_image src=\u00bbhttps:\/\/afguayaquil.org.ec\/af\/wp-content\/uploads\/2025\/01\/Talento-artistico-Alianza-Francesa-.jpg\u00bb title_text=\u00bbTalento art\u00edstico &#8211; Alianza Francesa\u00bb disabled_on=\u00bbon|off|off\u00bb _builder_version=\u00bb4.27.4&#8243; _module_preset=\u00bbdefault\u00bb custom_margin=\u00bb34px|||||\u00bb border_radii=\u00bbon|9px|9px|9px|9px\u00bb global_colors_info=\u00bb{}\u00bb][\/et_pb_image][et_pb_image src=\u00bbhttps:\/\/afguayaquil.org.ec\/af\/wp-content\/uploads\/2025\/01\/Alianza-Francesa-Guayaquil-Propuesta-artistica-1-scaled.jpg\u00bb title_text=\u00bbAlianza Francesa Guayaquil Propuesta art\u00edstica 1&#8243; disabled_on=\u00bbon|off|off\u00bb _builder_version=\u00bb4.27.4&#8243; _module_preset=\u00bbdefault\u00bb custom_margin=\u00bb31px|||||\u00bb border_radii=\u00bbon|9px|9px|9px|9px\u00bb global_colors_info=\u00bb{}\u00bb][\/et_pb_image][\/et_pb_column][et_pb_column type=\u00bb3_5&#8243; _builder_version=\u00bb4.27.4&#8243; _module_preset=\u00bbdefault\u00bb global_colors_info=\u00bb{}\u00bb][et_pb_contact_form email=\u00bbconvocatorias.culturaafg@gmail.com\u00bb custom_message=\u00bbNombres y apellidos: %%name%% ||et_pb_line_break_holder||||et_pb_line_break_holder||Direcci\u00f3n de correo electr\u00f3nico: %%Email%%||et_pb_line_break_holder||||et_pb_line_break_holder||N\u00famero de Whatsapp: %%N\u00famero_de_whatsapp%%||et_pb_line_break_holder||||et_pb_line_break_holder||Tipo de evento: %%Tipo_de_evento%%||et_pb_line_break_holder||||et_pb_line_break_holder||T\u00edtulo del evento: %%T\u00edtulo_del_evento%%||et_pb_line_break_holder||||et_pb_line_break_holder||Descripci\u00f3n del evento (Describe brevemente en qu\u00e9 consiste el evento y qu\u00e9 lo hace especial) Incluye el objetivo, tem\u00e1tica y actividades principales: %%Descripci\u00f3n_del_evento%%||et_pb_line_break_holder||||et_pb_line_break_holder||Fecha propuesta (Indica las fechas de inicio o finalizaci\u00f3n sugeridas para el evento): %%Fecha_propuesta%%||et_pb_line_break_holder||||et_pb_line_break_holder||Duraci\u00f3n Aproximada \u00bfCu\u00e1nto tiempo durar\u00e1 el evento?: %%Duraci\u00f3n%%||et_pb_line_break_holder||||et_pb_line_break_holder||P\u00fablico Objetivo (\u00bfA qu\u00e9 tipo de p\u00fablico va dirigido el evento?): %%P\u00fablico_Objetivo%%||et_pb_line_break_holder||||et_pb_line_break_holder||Recursos Necesarios (Indica si tu evento requiere alg\u00fan tipo de recurso especial, como equipo de sonido, proyector, espacio amplio, etc.): %%Recursos_Necesarios%%||et_pb_line_break_holder||||et_pb_line_break_holder||Colaboradores o artistas involucrados (Indica si hay alg\u00fan artista, banda o colaborador que participar\u00e1 en el evento): %%Colaboradores%%   ||et_pb_line_break_holder||  ||et_pb_line_break_holder||\u00bfCu\u00e1l es el impacto cultural o educativo de su evento? (Describe brevemente el impacto que crees que el evento tendr\u00e1 en la comunidad): %%Impacto_cultural%%||et_pb_line_break_holder||||et_pb_line_break_holder||Adjuntar material Adicional (Si tienes material como fotos, videos, flyers o documentos relevantes sobre el evento, por favor adj\u00fantalos): %%Adjuntar_Material_Adicional%%||et_pb_line_break_holder||||et_pb_line_break_holder||Comentarios adicionales (Escribe cualquier informaci\u00f3n extra que consideres importante): %%Comentarios_adicionales%%\u00bb success_message=\u00bbSu mensaje, ha sido enviado. Pronto le estaremos contactando\u00bb _builder_version=\u00bb4.27.4&#8243; _module_preset=\u00bbdefault\u00bb _unique_id=\u00bb01732aa8-55bf-4ffe-91aa-61f8247530ac\u00bb form_field_background_color=\u00bb#f2f2f2&#8243; form_field_focus_background_color=\u00bb#FFFFFF\u00bb title_font=\u00bbParis||||||||\u00bb title_font_size=\u00bb38px\u00bb captcha_font=\u00bbMontserrat-Regular||||||||\u00bb form_field_font=\u00bbMontserrat-Regular||||||||\u00bb custom_button=\u00bbon\u00bb button_text_size=\u00bb19px\u00bb button_text_color=\u00bb#FFFFFF\u00bb button_bg_color=\u00bb#e1261d\u00bb button_border_width=\u00bb0px\u00bb button_border_radius=\u00bb7px\u00bb button_font=\u00bbMontserrat-Regular||||||||\u00bb button_icon=\u00bb&#x39;||divi||400&#8243; button_icon_color=\u00bb#FFFFFF\u00bb button_custom_margin=\u00bb||||false|false\u00bb button_custom_padding=\u00bb||||false|false\u00bb max_height=\u00bb1661px\u00bb custom_margin=\u00bb0px||||false|false\u00bb custom_padding=\u00bb11px||0px||false|false\u00bb custom_css_free_form=\u00bb\/* Aplica negrita al patr\u00f3n de mensaje o preguntas *\/||.patron-mensaje {||  font-weight: bold; \/* Texto en negrita *\/||  color: #000; \/* Color del texto (negro) *\/||}||||\/* Estilo para las respuestas *\/||.respuesta {||  font-weight: normal; \/* Texto sin negrita *\/||  color: #333; \/* Color gris oscuro para contraste *\/||}\u00bb border_radii=\u00bbon|7px|7px|7px|7px\u00bb box_shadow_style_button=\u00bbpreset1&#8243; global_colors_info=\u00bb{}\u00bb][et_pb_contact_field field_id=\u00bbName\u00bb field_title=\u00bbNombres y apellidos \u00bb _builder_version=\u00bb4.27.4&#8243; form_field_font=\u00bbMontserrat-Regular||||||||\u00bb global_colors_info=\u00bb{}\u00bb button_text_size__hover_enabled=\u00bboff\u00bb button_one_text_size__hover_enabled=\u00bboff\u00bb button_two_text_size__hover_enabled=\u00bboff\u00bb button_text_color__hover_enabled=\u00bboff\u00bb button_one_text_color__hover_enabled=\u00bboff\u00bb button_two_text_color__hover_enabled=\u00bboff\u00bb button_border_width__hover_enabled=\u00bboff\u00bb button_one_border_width__hover_enabled=\u00bboff\u00bb button_two_border_width__hover_enabled=\u00bboff\u00bb button_border_color__hover_enabled=\u00bboff\u00bb button_one_border_color__hover_enabled=\u00bboff\u00bb button_two_border_color__hover_enabled=\u00bboff\u00bb button_border_radius__hover_enabled=\u00bboff\u00bb button_one_border_radius__hover_enabled=\u00bboff\u00bb button_two_border_radius__hover_enabled=\u00bboff\u00bb button_letter_spacing__hover_enabled=\u00bboff\u00bb button_one_letter_spacing__hover_enabled=\u00bboff\u00bb button_two_letter_spacing__hover_enabled=\u00bboff\u00bb button_bg_color__hover_enabled=\u00bboff\u00bb button_one_bg_color__hover_enabled=\u00bboff\u00bb button_two_bg_color__hover_enabled=\u00bboff\u00bb][\/et_pb_contact_field][et_pb_contact_field field_id=\u00bbEmail\u00bb field_title=\u00bbDirecci\u00f3n de correo electr\u00f3nico\u00bb field_type=\u00bbemail\u00bb _builder_version=\u00bb4.27.4&#8243; form_field_font=\u00bbMontserrat-Regular||||||||\u00bb global_colors_info=\u00bb{}\u00bb button_text_size__hover_enabled=\u00bboff\u00bb button_one_text_size__hover_enabled=\u00bboff\u00bb button_two_text_size__hover_enabled=\u00bboff\u00bb button_text_color__hover_enabled=\u00bboff\u00bb button_one_text_color__hover_enabled=\u00bboff\u00bb button_two_text_color__hover_enabled=\u00bboff\u00bb button_border_width__hover_enabled=\u00bboff\u00bb button_one_border_width__hover_enabled=\u00bboff\u00bb button_two_border_width__hover_enabled=\u00bboff\u00bb button_border_color__hover_enabled=\u00bboff\u00bb button_one_border_color__hover_enabled=\u00bboff\u00bb button_two_border_color__hover_enabled=\u00bboff\u00bb button_border_radius__hover_enabled=\u00bboff\u00bb button_one_border_radius__hover_enabled=\u00bboff\u00bb button_two_border_radius__hover_enabled=\u00bboff\u00bb button_letter_spacing__hover_enabled=\u00bboff\u00bb button_one_letter_spacing__hover_enabled=\u00bboff\u00bb button_two_letter_spacing__hover_enabled=\u00bboff\u00bb button_bg_color__hover_enabled=\u00bboff\u00bb button_one_bg_color__hover_enabled=\u00bboff\u00bb button_two_bg_color__hover_enabled=\u00bboff\u00bb][\/et_pb_contact_field][et_pb_contact_field field_id=\u00bbN\u00famero_de_whatsapp\u00bb field_title=\u00bbN\u00famero de whatsapp\u00bb allowed_symbols=\u00bbnumbers\u00bb fullwidth_field=\u00bbon\u00bb _builder_version=\u00bb4.27.4&#8243; _module_preset=\u00bbdefault\u00bb form_field_font=\u00bbMontserrat-Regular||||||||\u00bb global_colors_info=\u00bb{}\u00bb][\/et_pb_contact_field][et_pb_contact_field field_id=\u00bbTipo_de_evento\u00bb field_title=\u00bbTipo de evento \u00bb field_type=\u00bbselect\u00bb select_options=\u00bb%91{%22value%22:%22Exposici\u00f3n %22,%22checked%22:0,%22dragID%22:0},{%22value%22:%22Concierto%22,%22checked%22:0,%22dragID%22:1},{%22value%22:%22Cineclub%22,%22checked%22:0,%22dragID%22:2},{%22value%22:%22Taller%22,%22checked%22:0,%22dragID%22:3},{%22value%22:%22Conferencia%22,%22checked%22:0,%22dragID%22:4},{%22value%22:%22Festival %22,%22checked%22:0,%22dragID%22:5},{%22value%22:%22Otro%22,%22checked%22:0,%22dragID%22:6}%93&#8243; fullwidth_field=\u00bbon\u00bb _builder_version=\u00bb4.27.4&#8243; _module_preset=\u00bbdefault\u00bb form_field_focus_text_color=\u00bb#6B6B6B\u00bb form_field_font=\u00bbMontserrat-Regular||||||||\u00bb global_colors_info=\u00bb{}\u00bb][\/et_pb_contact_field][et_pb_contact_field field_id=\u00bbT\u00edtulo_del_evento\u00bb field_title=\u00bbT\u00edtulo del evento (Escriba el nombre del evento) Ejemplo: Concierto de jazz, Exposici\u00f3n de arte contempor\u00e1neo, etc.\u00bb field_type=\u00bbtext\u00bb fullwidth_field=\u00bbon\u00bb _builder_version=\u00bb4.27.4&#8243; _module_preset=\u00bbdefault\u00bb form_field_font=\u00bbMontserrat-Regular||||||||\u00bb global_colors_info=\u00bb{}\u00bb][\/et_pb_contact_field][et_pb_contact_field field_id=\u00bbDescripci\u00f3n_del_evento\u00bb field_title=\u00bbDescripci\u00f3n del Evento (Describa brevemente en qu\u00e9 consiste el evento y qu\u00e9 lo hace especial) Incluya el objetivo, tem\u00e1tica y actividades principales.\u00bb field_type=\u00bbtext\u00bb fullwidth_field=\u00bbon\u00bb _builder_version=\u00bb4.27.4&#8243; _module_preset=\u00bbdefault\u00bb form_field_font=\u00bbMontserrat-Regular||||||||\u00bb global_colors_info=\u00bb{}\u00bb][\/et_pb_contact_field][et_pb_contact_field field_id=\u00bbFecha_Propuesta\u00bb field_title=\u00bbFecha Propuesta (Indique las fechas de inicio o finalizaci\u00f3n sugeridas para el evento)\u00bb fullwidth_field=\u00bbon\u00bb _builder_version=\u00bb4.27.4&#8243; _module_preset=\u00bbdefault\u00bb form_field_font=\u00bbMontserrat-Regular||||||||\u00bb global_colors_info=\u00bb{}\u00bb][\/et_pb_contact_field][et_pb_contact_field field_id=\u00bbDuraci\u00f3n\u00bb field_title=\u00bbDuraci\u00f3n Aproximada (\u00bfCu\u00e1nto tiempo durar\u00e1 el evento?)\u00bb fullwidth_field=\u00bbon\u00bb _builder_version=\u00bb4.27.4&#8243; _module_preset=\u00bbdefault\u00bb form_field_font=\u00bbMontserrat-Regular||||||||\u00bb global_colors_info=\u00bb{}\u00bb][\/et_pb_contact_field][et_pb_contact_field field_id=\u00bbP\u00fablico_Objetivo\u00bb field_title=\u00bbP\u00fablico Objetivo (\u00bfA qu\u00e9 tipo de p\u00fablico va dirigido el evento?)\u00bb field_type=\u00bbcheckbox\u00bb checkbox_options=\u00bb%91{%22value%22:%22Ni\u00f1os %22,%22checked%22:0,%22dragID%22:-1},{%22dragID%22:0,%22value%22:%22Jovenes%22,%22checked%22:0},{%22dragID%22:1,%22value%22:%22Adultos%22,%22checked%22:0},{%22dragID%22:2,%22value%22:%22Familia%22,%22checked%22:0},{%22dragID%22:3,%22value%22:%22General%22,%22checked%22:0}%93&#8243; fullwidth_field=\u00bbon\u00bb _builder_version=\u00bb4.27.4&#8243; _module_preset=\u00bbdefault\u00bb form_field_background_color=\u00bb#eeeeee\u00bb form_field_font=\u00bbMontserrat-Regular||||||||\u00bb global_colors_info=\u00bb{}\u00bb][\/et_pb_contact_field][et_pb_contact_field field_id=\u00bbRecursos_Necesarios\u00bb field_title=\u00bbRecursos Necesarios (Indique si su evento requiere alg\u00fan tipo de recurso especial, como equipo de sonido, proyector, espacio amplio, etc.)\u00bb field_type=\u00bbtext\u00bb fullwidth_field=\u00bbon\u00bb _builder_version=\u00bb4.27.4&#8243; _module_preset=\u00bbdefault\u00bb form_field_font=\u00bbMontserrat-Regular||||||||\u00bb global_colors_info=\u00bb{}\u00bb][\/et_pb_contact_field][et_pb_contact_field field_id=\u00bbColaboradores\u00bb field_title=\u00bbColaboradores o Artistas Involucrados (Indique si hay alg\u00fan artista, banda o colaborador que participar\u00e1 en el evento)\u00bb field_type=\u00bbtext\u00bb fullwidth_field=\u00bbon\u00bb _builder_version=\u00bb4.27.4&#8243; _module_preset=\u00bbdefault\u00bb form_field_font=\u00bbMontserrat-Regular||||||||\u00bb global_colors_info=\u00bb{}\u00bb][\/et_pb_contact_field][et_pb_contact_field field_id=\u00bbImpacto_cultural\u00bb field_title=\u00bb\u00bfCu\u00e1l es el impacto cultural o educativo de su evento? (Describe brevemente el impacto que crees que el evento tendr\u00e1 en la comunidad)\u00bb field_type=\u00bbtext\u00bb fullwidth_field=\u00bbon\u00bb _builder_version=\u00bb4.27.4&#8243; _module_preset=\u00bbdefault\u00bb form_field_font=\u00bbMontserrat-Regular||||||||\u00bb global_colors_info=\u00bb{}\u00bb][\/et_pb_contact_field][et_pb_contact_field field_id=\u00bbAdjuntar_material_Adicional\u00bb field_title=\u00bbAdjuntar Material Adicional (Si tienes material como fotos, videos, flyers o documentos relevantes sobre el evento, por favor adj\u00fantalos)\u00bb field_type=\u00bbtext\u00bb fullwidth_field=\u00bbon\u00bb _builder_version=\u00bb4.27.4&#8243; _module_preset=\u00bbdefault\u00bb form_field_font=\u00bbMontserrat-Regular||||||||\u00bb global_colors_info=\u00bb{}\u00bb][\/et_pb_contact_field][et_pb_contact_field field_id=\u00bbComentarios_adicionales\u00bb field_title=\u00bbComentarios adicionales (Escriba cualquier informaci\u00f3n extra que consideres importante)\u00bb field_type=\u00bbtext\u00bb fullwidth_field=\u00bbon\u00bb _builder_version=\u00bb4.27.4&#8243; _module_preset=\u00bbdefault\u00bb form_field_font=\u00bbMontserrat-Regular||||||||\u00bb global_colors_info=\u00bb{}\u00bb][\/et_pb_contact_field][\/et_pb_contact_form][\/et_pb_column][\/et_pb_row][\/et_pb_section]<\/p>\n","protected":false},"excerpt":{"rendered":"<p>\u00a1Impulsemos juntos el arte!\u00a1Impulsemos juntos el arte!Si usted es un artista con una idea o proyecto que quiere dar a conocer, estamos aqu\u00ed para apoyarle. En la Alianza Francesa Guayaquil, [&hellip;]<\/p>\n","protected":false},"author":2,"featured_media":0,"parent":0,"menu_order":0,"comment_status":"closed","ping_status":"closed","template":"","meta":{"_et_pb_use_builder":"on","_et_pb_old_content":"","_et_gb_content_width":"","footnotes":""},"class_list":["post-2011","page","type-page","status-publish","hentry"],"yoast_head":"<!-- This site is optimized with the Yoast SEO Premium plugin v25.0 (Yoast SEO v27.5) - https:\/\/yoast.com\/product\/yoast-seo-premium-wordpress\/ -->\n<title>Postula tu propuesta Artistica<\/title>\n<meta name=\"robots\" content=\"index, follow, max-snippet:-1, max-image-preview:large, max-video-preview:-1\" \/>\n<link rel=\"canonical\" href=\"https:\/\/afguayaquil.org.ec\/af\/postula-tu-propuesta-artistica\/\" \/>\n<meta property=\"og:locale\" content=\"es_ES\" \/>\n<meta property=\"og:type\" content=\"article\" \/>\n<meta property=\"og:title\" content=\"Propuestas art\u00edsticas\" \/>\n<meta property=\"og:description\" content=\"\u00a1Impulsemos juntos el arte!\u00a1Impulsemos juntos el arte!Si usted es un artista con una idea o proyecto que quiere dar a conocer, estamos aqu\u00ed para apoyarle. En la Alianza Francesa Guayaquil, [&hellip;]\" \/>\n<meta property=\"og:url\" content=\"https:\/\/afguayaquil.org.ec\/af\/postula-tu-propuesta-artistica\/\" \/>\n<meta property=\"og:site_name\" content=\"Alianza Francesa de Guayaquil\" \/>\n<meta property=\"article:publisher\" content=\"https:\/\/www.facebook.com\/afguayaquil?mibextid=ZbWKwL\" \/>\n<meta property=\"article:modified_time\" content=\"2025-02-26T21:33:04+00:00\" \/>\n<meta name=\"twitter:card\" content=\"summary_large_image\" \/>\n<script type=\"application\/ld+json\" class=\"yoast-schema-graph\">{\"@context\":\"https:\\\/\\\/schema.org\",\"@graph\":[{\"@type\":\"WebPage\",\"@id\":\"https:\\\/\\\/afguayaquil.org.ec\\\/af\\\/postula-tu-propuesta-artistica\\\/\",\"url\":\"https:\\\/\\\/afguayaquil.org.ec\\\/af\\\/postula-tu-propuesta-artistica\\\/\",\"name\":\"Postula tu propuesta Artistica\",\"isPartOf\":{\"@id\":\"https:\\\/\\\/afguayaquil.org.ec\\\/af\\\/#website\"},\"datePublished\":\"2024-12-11T19:43:19+00:00\",\"dateModified\":\"2025-02-26T21:33:04+00:00\",\"breadcrumb\":{\"@id\":\"https:\\\/\\\/afguayaquil.org.ec\\\/af\\\/postula-tu-propuesta-artistica\\\/#breadcrumb\"},\"inLanguage\":\"es\",\"potentialAction\":[{\"@type\":\"ReadAction\",\"target\":[\"https:\\\/\\\/afguayaquil.org.ec\\\/af\\\/postula-tu-propuesta-artistica\\\/\"]}]},{\"@type\":\"BreadcrumbList\",\"@id\":\"https:\\\/\\\/afguayaquil.org.ec\\\/af\\\/postula-tu-propuesta-artistica\\\/#breadcrumb\",\"itemListElement\":[{\"@type\":\"ListItem\",\"position\":1,\"name\":\"Portada\",\"item\":\"https:\\\/\\\/afguayaquil.org.ec\\\/af\\\/\"},{\"@type\":\"ListItem\",\"position\":2,\"name\":\"Propuestas art\u00edsticas\"}]},{\"@type\":\"WebSite\",\"@id\":\"https:\\\/\\\/afguayaquil.org.ec\\\/af\\\/#website\",\"url\":\"https:\\\/\\\/afguayaquil.org.ec\\\/af\\\/\",\"name\":\"Alianza Francesa de Guayaquil\",\"description\":\"Aprende Frances, cursos de frances, clases de frances, idioma frances, cultura francesa, hablar frances\",\"publisher\":{\"@id\":\"https:\\\/\\\/afguayaquil.org.ec\\\/af\\\/#organization\"},\"alternateName\":\"Cursos de frances\",\"potentialAction\":[{\"@type\":\"SearchAction\",\"target\":{\"@type\":\"EntryPoint\",\"urlTemplate\":\"https:\\\/\\\/afguayaquil.org.ec\\\/af\\\/?s={search_term_string}\"},\"query-input\":{\"@type\":\"PropertyValueSpecification\",\"valueRequired\":true,\"valueName\":\"search_term_string\"}}],\"inLanguage\":\"es\"},{\"@type\":\"Organization\",\"@id\":\"https:\\\/\\\/afguayaquil.org.ec\\\/af\\\/#organization\",\"name\":\"Alianza Francesa de Guayaquil\",\"alternateName\":\"Cursos de frances guayaquil\",\"url\":\"https:\\\/\\\/afguayaquil.org.ec\\\/af\\\/\",\"logo\":{\"@type\":\"ImageObject\",\"inLanguage\":\"es\",\"@id\":\"https:\\\/\\\/afguayaquil.org.ec\\\/af\\\/#\\\/schema\\\/logo\\\/image\\\/\",\"url\":\"https:\\\/\\\/afguayaquil.org.ec\\\/af\\\/wp-content\\\/uploads\\\/2024\\\/10\\\/logoaf.png\",\"contentUrl\":\"https:\\\/\\\/afguayaquil.org.ec\\\/af\\\/wp-content\\\/uploads\\\/2024\\\/10\\\/logoaf.png\",\"width\":125,\"height\":125,\"caption\":\"Alianza Francesa de Guayaquil\"},\"image\":{\"@id\":\"https:\\\/\\\/afguayaquil.org.ec\\\/af\\\/#\\\/schema\\\/logo\\\/image\\\/\"},\"sameAs\":[\"https:\\\/\\\/www.facebook.com\\\/afguayaquil?mibextid=ZbWKwL\",\"https:\\\/\\\/www.instagram.com\\\/afguayaquil?igsh=anE5M2Nyc3g5OTI=\",\"https:\\\/\\\/www.tiktok.com\\\/@afguayaquil?_t=8rcDNvQXJTk&_r=1\"]}]}<\/script>\n<!-- \/ Yoast SEO Premium plugin. -->","yoast_head_json":{"title":"Postula tu propuesta Artistica","robots":{"index":"index","follow":"follow","max-snippet":"max-snippet:-1","max-image-preview":"max-image-preview:large","max-video-preview":"max-video-preview:-1"},"canonical":"https:\/\/afguayaquil.org.ec\/af\/postula-tu-propuesta-artistica\/","og_locale":"es_ES","og_type":"article","og_title":"Propuestas art\u00edsticas","og_description":"\u00a1Impulsemos juntos el arte!\u00a1Impulsemos juntos el arte!Si usted es un artista con una idea o proyecto que quiere dar a conocer, estamos aqu\u00ed para apoyarle. En la Alianza Francesa Guayaquil, [&hellip;]","og_url":"https:\/\/afguayaquil.org.ec\/af\/postula-tu-propuesta-artistica\/","og_site_name":"Alianza Francesa de Guayaquil","article_publisher":"https:\/\/www.facebook.com\/afguayaquil?mibextid=ZbWKwL","article_modified_time":"2025-02-26T21:33:04+00:00","twitter_card":"summary_large_image","schema":{"@context":"https:\/\/schema.org","@graph":[{"@type":"WebPage","@id":"https:\/\/afguayaquil.org.ec\/af\/postula-tu-propuesta-artistica\/","url":"https:\/\/afguayaquil.org.ec\/af\/postula-tu-propuesta-artistica\/","name":"Postula tu propuesta Artistica","isPartOf":{"@id":"https:\/\/afguayaquil.org.ec\/af\/#website"},"datePublished":"2024-12-11T19:43:19+00:00","dateModified":"2025-02-26T21:33:04+00:00","breadcrumb":{"@id":"https:\/\/afguayaquil.org.ec\/af\/postula-tu-propuesta-artistica\/#breadcrumb"},"inLanguage":"es","potentialAction":[{"@type":"ReadAction","target":["https:\/\/afguayaquil.org.ec\/af\/postula-tu-propuesta-artistica\/"]}]},{"@type":"BreadcrumbList","@id":"https:\/\/afguayaquil.org.ec\/af\/postula-tu-propuesta-artistica\/#breadcrumb","itemListElement":[{"@type":"ListItem","position":1,"name":"Portada","item":"https:\/\/afguayaquil.org.ec\/af\/"},{"@type":"ListItem","position":2,"name":"Propuestas art\u00edsticas"}]},{"@type":"WebSite","@id":"https:\/\/afguayaquil.org.ec\/af\/#website","url":"https:\/\/afguayaquil.org.ec\/af\/","name":"Alianza Francesa de Guayaquil","description":"Aprende Frances, cursos de frances, clases de frances, idioma frances, cultura francesa, hablar frances","publisher":{"@id":"https:\/\/afguayaquil.org.ec\/af\/#organization"},"alternateName":"Cursos de frances","potentialAction":[{"@type":"SearchAction","target":{"@type":"EntryPoint","urlTemplate":"https:\/\/afguayaquil.org.ec\/af\/?s={search_term_string}"},"query-input":{"@type":"PropertyValueSpecification","valueRequired":true,"valueName":"search_term_string"}}],"inLanguage":"es"},{"@type":"Organization","@id":"https:\/\/afguayaquil.org.ec\/af\/#organization","name":"Alianza Francesa de Guayaquil","alternateName":"Cursos de frances guayaquil","url":"https:\/\/afguayaquil.org.ec\/af\/","logo":{"@type":"ImageObject","inLanguage":"es","@id":"https:\/\/afguayaquil.org.ec\/af\/#\/schema\/logo\/image\/","url":"https:\/\/afguayaquil.org.ec\/af\/wp-content\/uploads\/2024\/10\/logoaf.png","contentUrl":"https:\/\/afguayaquil.org.ec\/af\/wp-content\/uploads\/2024\/10\/logoaf.png","width":125,"height":125,"caption":"Alianza Francesa de Guayaquil"},"image":{"@id":"https:\/\/afguayaquil.org.ec\/af\/#\/schema\/logo\/image\/"},"sameAs":["https:\/\/www.facebook.com\/afguayaquil?mibextid=ZbWKwL","https:\/\/www.instagram.com\/afguayaquil?igsh=anE5M2Nyc3g5OTI=","https:\/\/www.tiktok.com\/@afguayaquil?_t=8rcDNvQXJTk&_r=1"]}]}},"_links":{"self":[{"href":"https:\/\/afguayaquil.org.ec\/af\/wp-json\/wp\/v2\/pages\/2011","targetHints":{"allow":["GET"]}}],"collection":[{"href":"https:\/\/afguayaquil.org.ec\/af\/wp-json\/wp\/v2\/pages"}],"about":[{"href":"https:\/\/afguayaquil.org.ec\/af\/wp-json\/wp\/v2\/types\/page"}],"author":[{"embeddable":true,"href":"https:\/\/afguayaquil.org.ec\/af\/wp-json\/wp\/v2\/users\/2"}],"replies":[{"embeddable":true,"href":"https:\/\/afguayaquil.org.ec\/af\/wp-json\/wp\/v2\/comments?post=2011"}],"version-history":[{"count":67,"href":"https:\/\/afguayaquil.org.ec\/af\/wp-json\/wp\/v2\/pages\/2011\/revisions"}],"predecessor-version":[{"id":5399,"href":"https:\/\/afguayaquil.org.ec\/af\/wp-json\/wp\/v2\/pages\/2011\/revisions\/5399"}],"wp:attachment":[{"href":"https:\/\/afguayaquil.org.ec\/af\/wp-json\/wp\/v2\/media?parent=2011"}],"curies":[{"name":"wp","href":"https:\/\/api.w.org\/{rel}","templated":true}]}}