{"id":186,"date":"2024-10-23T22:10:32","date_gmt":"2024-10-24T03:10:32","guid":{"rendered":"http:\/\/afguayaquil.org.ec\/af\/?page_id=186"},"modified":"2025-02-11T20:29:06","modified_gmt":"2025-02-12T01:29:06","slug":"nosotros-alianza-francesa-guayaquil","status":"publish","type":"page","link":"https:\/\/afguayaquil.org.ec\/af\/nosotros-alianza-francesa-guayaquil\/","title":{"rendered":"Nosotros"},"content":{"rendered":"<p>[et_pb_section fb_built=\u00bb1&#8243; _builder_version=\u00bb4.27.2&#8243; _module_preset=\u00bbdefault\u00bb background_enable_image=\u00bboff\u00bb background_size=\u00bbcustom\u00bb background_image_width=\u00bb101%\u00bb background_image_height=\u00bb61%\u00bb background_position=\u00bbbottom_right\u00bb background_horizontal_offset=\u00bb45%\u00bb background_vertical_offset=\u00bb73%\u00bb min_height=\u00bb1206.1px\u00bb custom_padding=\u00bb||7px|||\u00bb global_colors_info=\u00bb{}\u00bb][et_pb_row disabled_on=\u00bbon|on|off\u00bb _builder_version=\u00bb4.27.4&#8243; _module_preset=\u00bbdefault\u00bb background_image=\u00bbhttps:\/\/afguayaquil.org.ec\/af\/wp-content\/uploads\/2024\/11\/Alianza-Francesa-centro-Nosotros-04.png\u00bb background_size=\u00bbcustom\u00bb background_image_width=\u00bb102%\u00bb background_image_height=\u00bb140%\u00bb background_position=\u00bbbottom_center\u00bb background_vertical_offset=\u00bb100%\u00bb background_blend=\u00bbsoft-light\u00bb width=\u00bb100%\u00bb max_width=\u00bb2560px\u00bb min_height=\u00bb478.5px\u00bb custom_margin=\u00bb-24px|-507px||-2px|false|false\u00bb custom_padding=\u00bb0px|31px||12px|false|false\u00bb global_colors_info=\u00bb{}\u00bb][et_pb_column type=\u00bb4_4&#8243; _builder_version=\u00bb4.27.2&#8243; _module_preset=\u00bbdefault\u00bb global_colors_info=\u00bb{}\u00bb][et_pb_text _builder_version=\u00bb4.27.2&#8243; _module_preset=\u00bbdefault\u00bb text_font=\u00bbParis|300|||||||\u00bb text_text_color=\u00bb#FFFFFF\u00bb text_font_size=\u00bb77px\u00bb text_line_height=\u00bb0.8em\u00bb width=\u00bb48.1%\u00bb min_height=\u00bb60.8px\u00bb custom_margin=\u00bb223px|||59px|false|false\u00bb custom_padding=\u00bb0px|||||\u00bb animation_style=\u00bbslide\u00bb text_text_shadow_style=\u00bbpreset3&#8243; text_text_shadow_horizontal_length=\u00bb-0.01em\u00bb text_text_shadow_vertical_length=\u00bb-0.03em\u00bb text_text_shadow_blur_strength=\u00bb0.29em\u00bb text_text_shadow_color=\u00bb#000000&#8243; global_colors_info=\u00bb{}\u00bb]<\/p>\n<p>Alianza Francesa Guayaquil<\/p>\n<p>[\/et_pb_text][\/et_pb_column][\/et_pb_row][et_pb_row disabled_on=\u00bboff|off|on\u00bb _builder_version=\u00bb4.27.4&#8243; _module_preset=\u00bbdefault\u00bb background_image=\u00bbhttps:\/\/afguayaquil.org.ec\/af\/wp-content\/uploads\/2024\/11\/Alianza-Francesa-centro-Nosotros-04.png\u00bb background_size=\u00bbcustom\u00bb background_image_width=\u00bb108%\u00bb background_image_height=\u00bb130%\u00bb background_position=\u00bbbottom_center\u00bb background_vertical_offset=\u00bb100%\u00bb background_blend=\u00bbsoft-light\u00bb width=\u00bb100%\u00bb max_width=\u00bb2560px\u00bb min_height=\u00bb189.5px\u00bb custom_margin=\u00bb-5px|-507px||-2px|false|false\u00bb custom_padding=\u00bb0px|31px||12px|false|false\u00bb global_colors_info=\u00bb{}\u00bb][et_pb_column type=\u00bb4_4&#8243; _builder_version=\u00bb4.27.2&#8243; _module_preset=\u00bbdefault\u00bb global_colors_info=\u00bb{}\u00bb][et_pb_text _builder_version=\u00bb4.27.4&#8243; _module_preset=\u00bbdefault\u00bb text_font=\u00bbParis|300|||||||\u00bb text_text_color=\u00bb#FFFFFF\u00bb text_font_size=\u00bb23px\u00bb text_line_height=\u00bb0.8em\u00bb width=\u00bb54.6%\u00bb min_height=\u00bb60.8px\u00bb custom_margin=\u00bb82px|||25px|false|false\u00bb custom_padding=\u00bb4px|0px||||\u00bb animation_style=\u00bbslide\u00bb text_text_shadow_style=\u00bbpreset3&#8243; text_text_shadow_horizontal_length=\u00bb-0.01em\u00bb text_text_shadow_vertical_length=\u00bb-0.03em\u00bb text_text_shadow_blur_strength=\u00bb0.29em\u00bb text_text_shadow_color=\u00bb#000000&#8243; global_colors_info=\u00bb{}\u00bb]<\/p>\n<p>Alianza Francesa Guayaquil<\/p>\n<p>[\/et_pb_text][\/et_pb_column][\/et_pb_row][et_pb_row _builder_version=\u00bb4.27.2&#8243; _module_preset=\u00bbdefault\u00bb custom_margin=\u00bb9px|auto||auto||\u00bb custom_padding=\u00bb24px|||||\u00bb global_colors_info=\u00bb{}\u00bb][et_pb_column type=\u00bb4_4&#8243; _builder_version=\u00bb4.27.2&#8243; _module_preset=\u00bbdefault\u00bb global_colors_info=\u00bb{}\u00bb][dnxte_text_highlight before_text=\u00bbNuestra \u00bb highlight_text=\u00bbHistoria \u00bb highlight_alignment=\u00bbleft\u00bb stroke_color=\u00bb#b92316&#8243; dnxt_svg_select=\u00bbzigzag\u00bb disabled_on=\u00bbon|on|off\u00bb _builder_version=\u00bb4.27.4&#8243; _module_preset=\u00bbdefault\u00bb heading_fonts_font=\u00bbParis||||||||\u00bb heading_fonts_text_color=\u00bb#333333&#8243; heading_fonts_font_size=\u00bb62px\u00bb animation_fonts_font=\u00bbParis||||||||\u00bb animation_fonts_text_color=\u00bb#b92316&#8243; animation_fonts_font_size=\u00bb65px\u00bb global_colors_info=\u00bb{}\u00bb][\/dnxte_text_highlight][dnxte_text_highlight before_text=\u00bbNuestra \u00bb highlight_text=\u00bbHistoria \u00bb highlight_alignment=\u00bbleft\u00bb stroke_color=\u00bb#b92316&#8243; stroke_width=\u00bb6px\u00bb dnxt_svg_select=\u00bbzigzag\u00bb disabled_on=\u00bboff|off|on\u00bb _builder_version=\u00bb4.27.4&#8243; _module_preset=\u00bbdefault\u00bb heading_fonts_font=\u00bbParis||||||||\u00bb heading_fonts_text_color=\u00bb#333333&#8243; heading_fonts_font_size=\u00bb34px\u00bb heading_fonts_line_height=\u00bb0.1em\u00bb animation_fonts_font=\u00bbParis||||||||\u00bb animation_fonts_text_color=\u00bb#b92316&#8243; animation_fonts_font_size=\u00bb34px\u00bb animation_fonts_line_height=\u00bb0.6em\u00bb custom_margin=\u00bb||-10px|||\u00bb global_colors_info=\u00bb{}\u00bb][\/dnxte_text_highlight][\/et_pb_column][\/et_pb_row][et_pb_row column_structure=\u00bb3_5,2_5&#8243; _builder_version=\u00bb4.27.2&#8243; _module_preset=\u00bbdefault\u00bb custom_margin=\u00bb1px|auto||auto||\u00bb custom_padding=\u00bb0px|||||\u00bb global_colors_info=\u00bb{}\u00bb][et_pb_column type=\u00bb3_5&#8243; _builder_version=\u00bb4.27.2&#8243; _module_preset=\u00bbdefault\u00bb global_colors_info=\u00bb{}\u00bb][et_pb_text _builder_version=\u00bb4.27.4&#8243; _module_preset=\u00bbdefault\u00bb text_font=\u00bbMontserrat-Regular||||||||\u00bb text_text_color=\u00bb#474747&#8243; text_font_size=\u00bb16px\u00bb text_line_height=\u00bb1.6em\u00bb width=\u00bb100%\u00bb custom_margin=\u00bb|-244px||||\u00bb custom_padding=\u00bb|0px||||\u00bb global_colors_info=\u00bb{}\u00bb]<\/p>\n<p>La Alianza Francesa de Guayaquil es una asociaci\u00f3n civil de personas naturales y jur\u00eddicas de derecho privado, sin fines de lucro. que se constituy\u00f3 el 10 de marzo del 1958, cuyos estatutos fueron aprobados el 30 de agosto de 1958 por el Ministerio de Educaci\u00f3n P\u00fablica bajo el nombre de Asociaci\u00f3n Amigos de Francia.<\/p>\n<p>Sus estatutos fueron renovados por el Ministerio de Educaci\u00f3n y Cultura (acuerdo N.\u00b0 1423-DAJ-2000) adoptando el nombre de Alianza Francesa de Guayaquil.<\/p>\n<p>[\/et_pb_text][\/et_pb_column][et_pb_column type=\u00bb2_5&#8243; _builder_version=\u00bb4.27.2&#8243; _module_preset=\u00bbdefault\u00bb global_colors_info=\u00bb{}\u00bb][et_pb_image src=\u00bbhttps:\/\/afguayaquil.org.ec\/af\/wp-content\/uploads\/2025\/01\/Nosotros.png\u00bb title_text=\u00bbNuestra historia &#8211; Alianza Francesa Guayaquil\u00bb _builder_version=\u00bb4.27.4&#8243; _module_preset=\u00bbdefault\u00bb custom_margin=\u00bb2px|||||\u00bb border_radii=\u00bbon|7px|7px|7px|7px\u00bb box_shadow_style=\u00bbpreset1&#8243; global_colors_info=\u00bb{}\u00bb][\/et_pb_image][\/et_pb_column][\/et_pb_row][et_pb_row column_structure=\u00bb1_3,2_3&#8243; _builder_version=\u00bb4.27.2&#8243; _module_preset=\u00bbdefault\u00bb custom_margin=\u00bb53px|auto||auto||\u00bb custom_padding=\u00bb24px|||||\u00bb global_colors_info=\u00bb{}\u00bb][et_pb_column type=\u00bb1_3&#8243; _builder_version=\u00bb4.27.2&#8243; _module_preset=\u00bbdefault\u00bb global_colors_info=\u00bb{}\u00bb][et_pb_image src=\u00bbhttps:\/\/afguayaquil.org.ec\/af\/wp-content\/uploads\/2024\/11\/Alianza-Francesa-Guayaquil-Antescedentes.png\u00bb title_text=\u00bbAlianza Francesa Guayaquil Antescedentes\u00bb _builder_version=\u00bb4.27.2&#8243; _module_preset=\u00bbdefault\u00bb width=\u00bb100%\u00bb max_width=\u00bb99%\u00bb min_height=\u00bb246.9px\u00bb height=\u00bb285px\u00bb custom_margin=\u00bb-32px|-114px||4px||\u00bb custom_padding=\u00bb|0px||||\u00bb border_radii=\u00bbon|5px|5px|5px|5px\u00bb box_shadow_style=\u00bbpreset1&#8243; global_colors_info=\u00bb{}\u00bb][\/et_pb_image][\/et_pb_column][et_pb_column type=\u00bb2_3&#8243; _builder_version=\u00bb4.27.2&#8243; _module_preset=\u00bbdefault\u00bb global_colors_info=\u00bb{}\u00bb][et_pb_text disabled_on=\u00bbon|on|off\u00bb _builder_version=\u00bb4.27.4&#8243; _module_preset=\u00bbdefault\u00bb text_font=\u00bbParis|500|||||||\u00bb text_text_color=\u00bb#333333&#8243; text_font_size=\u00bb62px\u00bb width=\u00bb62.6%\u00bb min_height=\u00bb40.8px\u00bb custom_margin=\u00bb|35px||0px|false|false\u00bb custom_padding=\u00bb|||0px||\u00bb global_colors_info=\u00bb{}\u00bb]<\/p>\n<p>Antecedentes<\/p>\n<p>[\/et_pb_text][et_pb_text disabled_on=\u00bboff|off|on\u00bb _builder_version=\u00bb4.27.4&#8243; _module_preset=\u00bbdefault\u00bb text_font=\u00bbParis|500|||||||\u00bb text_text_color=\u00bb#333333&#8243; text_font_size=\u00bb33px\u00bb width=\u00bb100%\u00bb min_height=\u00bb35.8px\u00bb custom_margin=\u00bb|-484px|9px|-1px|false|false\u00bb custom_padding=\u00bb|0px||0px||\u00bb global_colors_info=\u00bb{}\u00bb]<\/p>\n<p>Antecedentes<\/p>\n<p>[\/et_pb_text][et_pb_text _builder_version=\u00bb4.27.4&#8243; _module_preset=\u00bbdefault\u00bb text_font=\u00bbMontserrat-Regular||||||||\u00bb text_text_color=\u00bb#474747&#8243; text_font_size=\u00bb16px\u00bb text_line_height=\u00bb1.6em\u00bb text_orientation=\u00bbjustified\u00bb width=\u00bb99%\u00bb custom_margin=\u00bb-2px|-540px||-1px||\u00bb custom_padding=\u00bb|0px||||\u00bb global_colors_info=\u00bb{}\u00bb]<\/p>\n<p>La Alianza Francesa de Guayaquil se cre\u00f3 fundamentalmente con un af\u00e1n de servicio a la comunidad del Cant\u00f3n Guayaquil, Provincia del Guayas.<\/p>\n<p>La Alianza Francesa de Guayaquil est\u00e1 constituida conforme a los estatutos y los objetivos de la Alianza Francesa fundada en Par\u00eds en 1883, cuya continuidad est\u00e1 asegurada desde el 1 de enero del a\u00f1o 2008 por la Fundaci\u00f3n Alianza Francesa.<\/p>\n<p>[\/et_pb_text][\/et_pb_column][\/et_pb_row][\/et_pb_section][et_pb_section fb_built=\u00bb1&#8243; _builder_version=\u00bb4.27.2&#8243; _module_preset=\u00bbdefault\u00bb background_enable_image=\u00bboff\u00bb background_size=\u00bbcustom\u00bb background_image_width=\u00bb101%\u00bb background_image_height=\u00bb61%\u00bb background_position=\u00bbbottom_right\u00bb background_horizontal_offset=\u00bb45%\u00bb background_vertical_offset=\u00bb73%\u00bb min_height=\u00bb667.1px\u00bb custom_padding=\u00bb44px||44px|0px|true|\u00bb global_colors_info=\u00bb{}\u00bb][et_pb_row column_structure=\u00bb1_2,1_2&#8243; _builder_version=\u00bb4.27.2&#8243; _module_preset=\u00bbdefault\u00bb custom_margin=\u00bb8px|auto||auto||\u00bb custom_padding=\u00bb17px|||||\u00bb global_colors_info=\u00bb{}\u00bb][et_pb_column type=\u00bb1_2&#8243; _builder_version=\u00bb4.27.2&#8243; _module_preset=\u00bbdefault\u00bb global_colors_info=\u00bb{}\u00bb][et_pb_text _builder_version=\u00bb4.27.2&#8243; _module_preset=\u00bbdefault\u00bb text_font=\u00bbParis|500|||||||\u00bb text_text_color=\u00bb#333333&#8243; text_font_size=\u00bb62px\u00bb width=\u00bb79.6%\u00bb min_height=\u00bb40.8px\u00bb global_colors_info=\u00bb{}\u00bb]<\/p>\n<p>Misi\u00f3n<\/p>\n<p>[\/et_pb_text][et_pb_text _builder_version=\u00bb4.27.4&#8243; _module_preset=\u00bbdefault\u00bb text_font=\u00bbMontserrat-Regular||||||||\u00bb text_text_color=\u00bb#474747&#8243; text_font_size=\u00bb16px\u00bb text_line_height=\u00bb1.6em\u00bb width=\u00bb100%\u00bb custom_margin=\u00bb-15px|-475px||||\u00bb custom_padding=\u00bb|0px||||\u00bb global_colors_info=\u00bb{}\u00bb]<\/p>\n<p><span class=\"selectable-text copyable-text false\">Fomentar el inter\u00e9s por la lengua y la cultura francesa en Ecuador, promoviendo el intercambio cultural entre Francia y Ecuador a trav\u00e9s de actividades educativas, art\u00edsticas y recreativas que fortalezcan los lazos de amistad y cooperaci\u00f3n entre ambos pa\u00edses.<\/span><\/p>\n<p>[\/et_pb_text][\/et_pb_column][et_pb_column type=\u00bb1_2&#8243; _builder_version=\u00bb4.27.2&#8243; _module_preset=\u00bbdefault\u00bb global_colors_info=\u00bb{}\u00bb][et_pb_image src=\u00bbhttps:\/\/afguayaquil.org.ec\/af\/wp-content\/uploads\/2024\/11\/freepik__candid-image-photography-natural-textures-highly-r__49820.jpeg\u00bb title_text=\u00bbMisi\u00f3n Alianza Francesa Guayaquil\u00bb _builder_version=\u00bb4.27.4&#8243; _module_preset=\u00bbdefault\u00bb width=\u00bb94.7%\u00bb min_height=\u00bb147.8px\u00bb custom_margin=\u00bb-7px|||||\u00bb border_radii=\u00bbon|5px|5px|5px|5px\u00bb box_shadow_style=\u00bbpreset1&#8243; global_colors_info=\u00bb{}\u00bb][\/et_pb_image][\/et_pb_column][\/et_pb_row][et_pb_row column_structure=\u00bb1_3,2_3&#8243; disabled_on=\u00bbon|on|off\u00bb _builder_version=\u00bb4.27.4&#8243; _module_preset=\u00bbdefault\u00bb custom_margin=\u00bb8px|auto||auto||\u00bb custom_padding=\u00bb14px|||||\u00bb global_colors_info=\u00bb{}\u00bb][et_pb_column type=\u00bb1_3&#8243; _builder_version=\u00bb4.27.4&#8243; _module_preset=\u00bbdefault\u00bb custom_padding=\u00bb|0px||0px|false|false\u00bb global_colors_info=\u00bb{}\u00bb][et_pb_image src=\u00bbhttps:\/\/afguayaquil.org.ec\/af\/wp-content\/uploads\/2024\/11\/freepik__candid-image-photography-natural-textures-highly-r__49821.jpeg\u00bb title_text=\u00bbAlianza Francesa Guayaquil  Visi\u00f3n\u00bb _builder_version=\u00bb4.27.4&#8243; _module_preset=\u00bbdefault\u00bb width=\u00bb138%\u00bb max_width=\u00bb138%\u00bb max_height=\u00bb1177px\u00bb custom_margin=\u00bb12px|-148px||||\u00bb border_radii=\u00bbon|5px|5px|5px|5px\u00bb box_shadow_style=\u00bbpreset1&#8243; global_colors_info=\u00bb{}\u00bb][\/et_pb_image][\/et_pb_column][et_pb_column type=\u00bb2_3&#8243; _builder_version=\u00bb4.27.2&#8243; _module_preset=\u00bbdefault\u00bb global_colors_info=\u00bb{}\u00bb][et_pb_text _builder_version=\u00bb4.27.2&#8243; _module_preset=\u00bbdefault\u00bb text_font=\u00bbParis|500|||||||\u00bb text_text_color=\u00bb#333333&#8243; text_font_size=\u00bb62px\u00bb width=\u00bb74.3%\u00bb min_height=\u00bb40.8px\u00bb custom_margin=\u00bb25px||12px|150px||\u00bb global_colors_info=\u00bb{}\u00bb]<\/p>\n<p>Visi\u00f3n<\/p>\n<p>[\/et_pb_text][et_pb_text _builder_version=\u00bb4.27.4&#8243; _module_preset=\u00bbdefault\u00bb text_font=\u00bbMontserrat-Regular||||||||\u00bb text_text_color=\u00bb#474747&#8243; text_font_size=\u00bb18px\u00bb text_line_height=\u00bb1.6em\u00bb text_orientation=\u00bbjustified\u00bb width=\u00bb74.2%\u00bb custom_margin=\u00bb|-532px||153px||\u00bb custom_padding=\u00bb|0px||||\u00bb global_colors_info=\u00bb{}\u00bb]<\/p>\n<p>La Alianza Francesa de Guayaquil tiene como visi\u00f3n la excelencia acad\u00e9mica y el propender a la cooperaci\u00f3n, intercambio y di\u00e1logo entre Ecuador y Francia fuera de cualquier preocupaci\u00f3n pol\u00edtica o religiosa.<\/p>\n<p>[\/et_pb_text][\/et_pb_column][\/et_pb_row][et_pb_row column_structure=\u00bb3_5,2_5&#8243; disabled_on=\u00bboff|off|on\u00bb _builder_version=\u00bb4.27.4&#8243; _module_preset=\u00bbdefault\u00bb custom_margin=\u00bb8px|auto||auto||\u00bb custom_padding=\u00bb24px|||||\u00bb global_colors_info=\u00bb{}\u00bb][et_pb_column type=\u00bb3_5&#8243; _builder_version=\u00bb4.27.4&#8243; _module_preset=\u00bbdefault\u00bb custom_padding=\u00bb|0px||0px|false|false\u00bb global_colors_info=\u00bb{}\u00bb][et_pb_text _builder_version=\u00bb4.27.2&#8243; _module_preset=\u00bbdefault\u00bb text_font=\u00bbParis|500|||||||\u00bb text_text_color=\u00bb#333333&#8243; text_font_size=\u00bb62px\u00bb width=\u00bb74.3%\u00bb min_height=\u00bb40.8px\u00bb custom_margin=\u00bb||12px|0px||\u00bb global_colors_info=\u00bb{}\u00bb]<\/p>\n<p>Visi\u00f3n<\/p>\n<p>[\/et_pb_text][et_pb_text _builder_version=\u00bb4.27.4&#8243; _module_preset=\u00bbdefault\u00bb text_font=\u00bbMontserrat-Regular||||||||\u00bb text_text_color=\u00bb#474747&#8243; text_font_size=\u00bb19px\u00bb text_line_height=\u00bb1.6em\u00bb text_orientation=\u00bbjustified\u00bb width=\u00bb95.8%\u00bb custom_margin=\u00bb|-532px||2px||\u00bb custom_padding=\u00bb|0px||||\u00bb global_colors_info=\u00bb{}\u00bb]<\/p>\n<p>La Alianza Francesa de Guayaquil tiene como visi\u00f3n la excelencia acad\u00e9mica y el propender a la cooperaci\u00f3n, intercambio y di\u00e1logo entre Ecuador y Francia fuera de cualquier preocupaci\u00f3n pol\u00edtica o religiosa.<\/p>\n<p>[\/et_pb_text][\/et_pb_column][et_pb_column type=\u00bb2_5&#8243; _builder_version=\u00bb4.27.2&#8243; _module_preset=\u00bbdefault\u00bb global_colors_info=\u00bb{}\u00bb][et_pb_image src=\u00bbhttps:\/\/afguayaquil.org.ec\/af\/wp-content\/uploads\/2024\/11\/freepik__candid-image-photography-natural-textures-highly-r__49821.jpeg\u00bb title_text=\u00bbAlianza Francesa Guayaquil  Visi\u00f3n\u00bb _builder_version=\u00bb4.27.4&#8243; _module_preset=\u00bbdefault\u00bb width=\u00bb101.9%\u00bb max_height=\u00bb1019px\u00bb custom_margin=\u00bb|-68px||||\u00bb border_radii=\u00bbon|5px|5px|5px|5px\u00bb box_shadow_style=\u00bbpreset1&#8243; global_colors_info=\u00bb{}\u00bb][\/et_pb_image][\/et_pb_column][\/et_pb_row][et_pb_row column_structure=\u00bb3_5,2_5&#8243; _builder_version=\u00bb4.27.2&#8243; _module_preset=\u00bbdefault\u00bb custom_margin=\u00bb62px|auto||auto||\u00bb custom_padding=\u00bb24px|||||\u00bb global_colors_info=\u00bb{}\u00bb][et_pb_column type=\u00bb3_5&#8243; _builder_version=\u00bb4.27.2&#8243; _module_preset=\u00bbdefault\u00bb global_colors_info=\u00bb{}\u00bb][et_pb_text _builder_version=\u00bb4.27.2&#8243; _module_preset=\u00bbdefault\u00bb text_font=\u00bbParis|500|||||||\u00bb text_text_color=\u00bb#333333&#8243; text_font_size=\u00bb62px\u00bb width=\u00bb100%\u00bb min_height=\u00bb47.8px\u00bb custom_margin=\u00bb|-908px|20px|||\u00bb custom_padding=\u00bb|||0px||\u00bb global_colors_info=\u00bb{}\u00bb]<\/p>\n<p>Objetivos<\/p>\n<p>[\/et_pb_text][et_pb_text _builder_version=\u00bb4.27.4&#8243; _module_preset=\u00bbdefault\u00bb text_font=\u00bbMontserrat-Regular||||||||\u00bb text_font_size=\u00bb15px\u00bb header_font=\u00bbMontserrat-Regular||||||||\u00bb header_text_color=\u00bb#FFFFFF\u00bb width=\u00bb86.3%\u00bb custom_margin=\u00bb|-664px||0px||\u00bb global_colors_info=\u00bb{}\u00bb]<\/p>\n<ul>\n<li>Promover el estudio y aprendizaje del idioma franc\u00e9s mediante cursos de lengua y literatura.<\/li>\n<li>Difundir las culturas francesas y ecuatorianas en todas sus expresiones art\u00edsticas, cient\u00edficas y literarias.<\/li>\n<li>Organizar actividades culturales como conferencias, exposiciones, proyecciones cinematogr\u00e1ficas, presentaciones teatrales, conciertos y encuentros recreativos.<\/li>\n<li>Crear, mantener y actualizar bibliotecas, mediatecas y otros recursos de difusi\u00f3n cultural.<\/li>\n<li>Facilitar el intercambio cultural mediante la visita de personalidades destacadas de ambos pa\u00edses.<\/li>\n<li>Estrechar v\u00ednculos de cooperaci\u00f3n con entidades culturales p\u00fablicas y privadas, fomentando el intercambio cultural entre Francia y Ecuador.<\/li>\n<\/ul>\n<p>[\/et_pb_text][\/et_pb_column][et_pb_column type=\u00bb2_5&#8243; _builder_version=\u00bb4.27.2&#8243; _module_preset=\u00bbdefault\u00bb global_colors_info=\u00bb{}\u00bb][et_pb_image src=\u00bbhttps:\/\/afguayaquil.org.ec\/af\/wp-content\/uploads\/2024\/11\/DSC3591-scaled.jpg\u00bb title_text=\u00bbObjetivos de Alianza Francesa Guayaquil\u00bb disabled_on=\u00bbon|on|off\u00bb _builder_version=\u00bb4.27.4&#8243; _module_preset=\u00bbdefault\u00bb width=\u00bb138.5%\u00bb min_height=\u00bb280.4px\u00bb custom_margin=\u00bb74px|||-102px||\u00bb border_radii=\u00bbon|5px|5px|5px|5px\u00bb box_shadow_style=\u00bbpreset1&#8243; global_colors_info=\u00bb{}\u00bb][\/et_pb_image][\/et_pb_column][\/et_pb_row][et_pb_row disabled_on=\u00bboff|off|on\u00bb _builder_version=\u00bb4.27.4&#8243; _module_preset=\u00bbdefault\u00bb global_colors_info=\u00bb{}\u00bb][et_pb_column type=\u00bb4_4&#8243; _builder_version=\u00bb4.27.4&#8243; _module_preset=\u00bbdefault\u00bb global_colors_info=\u00bb{}\u00bb][et_pb_image src=\u00bbhttps:\/\/afguayaquil.org.ec\/af\/wp-content\/uploads\/2024\/11\/DSC3591-scaled.jpg\u00bb title_text=\u00bbObjetivos de Alianza Francesa Guayaquil\u00bb _builder_version=\u00bb4.27.4&#8243; _module_preset=\u00bbdefault\u00bb width=\u00bb98.6%\u00bb max_width=\u00bb100%\u00bb custom_margin=\u00bb-20px|||0px||\u00bb border_radii=\u00bbon|5px|5px|5px|5px\u00bb box_shadow_style=\u00bbpreset1&#8243; global_colors_info=\u00bb{}\u00bb][\/et_pb_image][\/et_pb_column][\/et_pb_row][\/et_pb_section][et_pb_section fb_built=\u00bb1&#8243; _builder_version=\u00bb4.27.2&#8243; _module_preset=\u00bbdefault\u00bb custom_margin=\u00bb-54px|||||\u00bb custom_padding=\u00bb||62px|||\u00bb global_colors_info=\u00bb{}\u00bb][et_pb_row _builder_version=\u00bb4.27.2&#8243; _module_preset=\u00bbdefault\u00bb custom_margin=\u00bb|auto|35px|auto||\u00bb custom_padding=\u00bb||39px|||\u00bb global_colors_info=\u00bb{}\u00bb][et_pb_column type=\u00bb4_4&#8243; _builder_version=\u00bb4.27.2&#8243; _module_preset=\u00bbdefault\u00bb global_colors_info=\u00bb{}\u00bb][dnxte_text_highlight before_text=\u00bbNuestros \u00bb highlight_text=\u00bbValores\u00bb highlight_alignment=\u00bbcenter\u00bb stroke_color=\u00bb#b92316&#8243; dnxt_svg_select=\u00bbzigzag\u00bb disabled_on=\u00bbon|on|off\u00bb _builder_version=\u00bb4.27.4&#8243; _module_preset=\u00bbdefault\u00bb heading_fonts_font=\u00bbParis||||||||\u00bb heading_fonts_text_color=\u00bb#333333&#8243; heading_fonts_font_size=\u00bb62px\u00bb animation_fonts_font=\u00bbParis||||||||\u00bb animation_fonts_text_color=\u00bb#b92316&#8243; animation_fonts_font_size=\u00bb65px\u00bb animation_fonts_line_height=\u00bb1.2em\u00bb custom_margin=\u00bb||0px|||\u00bb global_colors_info=\u00bb{}\u00bb][\/dnxte_text_highlight][dnxte_text_highlight before_text=\u00bbNuestros \u00bb highlight_text=\u00bbValores\u00bb highlight_alignment=\u00bbcenter\u00bb stroke_color=\u00bb#b92316&#8243; dnxt_svg_select=\u00bbzigzag\u00bb disabled_on=\u00bboff|off|on\u00bb _builder_version=\u00bb4.27.4&#8243; _module_preset=\u00bbdefault\u00bb heading_fonts_font=\u00bbParis||||||||\u00bb heading_fonts_text_color=\u00bb#333333&#8243; heading_fonts_font_size=\u00bb38px\u00bb animation_fonts_font=\u00bbParis||||||||\u00bb animation_fonts_text_color=\u00bb#b92316&#8243; animation_fonts_font_size=\u00bb38px\u00bb animation_fonts_line_height=\u00bb1.2em\u00bb custom_margin=\u00bb31px|||||\u00bb global_colors_info=\u00bb{}\u00bb][\/dnxte_text_highlight][\/et_pb_column][\/et_pb_row][et_pb_row column_structure=\u00bb1_4,1_4,1_4,1_4&#8243; _builder_version=\u00bb4.27.2&#8243; _module_preset=\u00bbdefault\u00bb custom_margin=\u00bb-56px|auto||auto||\u00bb global_colors_info=\u00bb{}\u00bb][et_pb_column type=\u00bb1_4&#8243; _builder_version=\u00bb4.27.2&#8243; _module_preset=\u00bbdefault\u00bb global_colors_info=\u00bb{}\u00bb][et_pb_icon font_icon=\u00bb&#xf007;||fa||900&#8243; icon_color=\u00bb#333333&#8243; _builder_version=\u00bb4.27.2&#8243; _module_preset=\u00bbdefault\u00bb global_colors_info=\u00bb{}\u00bb][\/et_pb_icon][et_pb_blurb title=\u00bbHumanismo\u00bb image_icon_background_color=\u00bb#FFFFFF\u00bb image_icon_width=\u00bb86px\u00bb _builder_version=\u00bb4.27.4&#8243; _module_preset=\u00bbdefault\u00bb header_font=\u00bbParis||||||||\u00bb header_text_align=\u00bbcenter\u00bb header_text_color=\u00bb#474747&#8243; header_font_size=\u00bb21px\u00bb body_font=\u00bbMontserrat-Regular|500|||||||\u00bb body_text_align=\u00bbcenter\u00bb body_text_color=\u00bb#474747&#8243; body_font_size=\u00bb13px\u00bb child_filter_saturate=\u00bb114%\u00bb child_filter_brightness=\u00bb125%\u00bb child_filter_contrast=\u00bb200%\u00bb child_filter_sepia=\u00bb38%\u00bb animation_style=\u00bbfade\u00bb border_color_all_image=\u00bb#FFFFFF\u00bb border_style_all_image=\u00bbgroove\u00bb global_colors_info=\u00bb{}\u00bb icon_color__hover_enabled=\u00bboff|hover\u00bb]<\/p>\n<p>El ser humano es la mayor preocupaci\u00f3n de nuestra instituci\u00f3n\u00a0 en todos sus aspectos: En la Alianza Francesa, su educaci\u00f3n, su bienestar y sus derechos son nuestra prioridad.<\/p>\n<p>[\/et_pb_blurb][\/et_pb_column][et_pb_column type=\u00bb1_4&#8243; _builder_version=\u00bb4.27.2&#8243; _module_preset=\u00bbdefault\u00bb global_colors_info=\u00bb{}\u00bb][et_pb_icon font_icon=\u00bb&#xf5a2;||fa||900&#8243; icon_color=\u00bb#333333&#8243; _builder_version=\u00bb4.27.2&#8243; _module_preset=\u00bbdefault\u00bb global_colors_info=\u00bb{}\u00bb][\/et_pb_icon][et_pb_blurb title=\u00bbExcelencia\u00bb image_icon_background_color=\u00bb#FFFFFF\u00bb image_icon_width=\u00bb86px\u00bb _builder_version=\u00bb4.27.4&#8243; _module_preset=\u00bbdefault\u00bb header_font=\u00bbParis||||||||\u00bb header_text_align=\u00bbcenter\u00bb header_text_color=\u00bb#474747&#8243; header_font_size=\u00bb21px\u00bb body_font=\u00bbMontserrat-Regular|500|||||||\u00bb body_text_align=\u00bbcenter\u00bb body_text_color=\u00bb#474747&#8243; body_font_size=\u00bb13px\u00bb width=\u00bb112%\u00bb custom_margin=\u00bb|||-11px||\u00bb custom_padding=\u00bb|7px||0px||\u00bb child_filter_saturate=\u00bb114%\u00bb child_filter_brightness=\u00bb125%\u00bb child_filter_contrast=\u00bb200%\u00bb child_filter_sepia=\u00bb38%\u00bb animation_style=\u00bbfade\u00bb border_color_all_image=\u00bb#FFFFFF\u00bb border_style_all_image=\u00bbgroove\u00bb global_colors_info=\u00bb{}\u00bb icon_color__hover_enabled=\u00bboff|hover\u00bb]<\/p>\n<p>La Alianza Francesa es la referencia mundial en la ense\u00f1anza del idioma franc\u00e9s, gracias a un personal altamente calificado y acceso a recursos pedag\u00f3gicos exclusivos a nuestra red.<\/p>\n<p>[\/et_pb_blurb][\/et_pb_column][et_pb_column type=\u00bb1_4&#8243; _builder_version=\u00bb4.27.2&#8243; _module_preset=\u00bbdefault\u00bb global_colors_info=\u00bb{}\u00bb][et_pb_icon font_icon=\u00bb&#xf500;||fa||900&#8243; icon_color=\u00bb#333333&#8243; _builder_version=\u00bb4.27.2&#8243; _module_preset=\u00bbdefault\u00bb global_colors_info=\u00bb{}\u00bb][\/et_pb_icon][et_pb_blurb title=\u00bbConvivialidad\u00bb image_icon_background_color=\u00bb#FFFFFF\u00bb image_icon_width=\u00bb86px\u00bb _builder_version=\u00bb4.27.4&#8243; _module_preset=\u00bbdefault\u00bb header_font=\u00bbParis||||||||\u00bb header_text_align=\u00bbcenter\u00bb header_text_color=\u00bb#474747&#8243; header_font_size=\u00bb21px\u00bb body_font=\u00bbMontserrat-Regular|500|||||||\u00bb body_text_align=\u00bbcenter\u00bb body_text_color=\u00bb#474747&#8243; body_font_size=\u00bb13px\u00bb width=\u00bb124%\u00bb custom_margin=\u00bb|||-20px||\u00bb custom_padding=\u00bb|5px||0px||\u00bb child_filter_saturate=\u00bb114%\u00bb child_filter_brightness=\u00bb125%\u00bb child_filter_contrast=\u00bb200%\u00bb child_filter_sepia=\u00bb38%\u00bb animation_style=\u00bbfade\u00bb border_color_all_image=\u00bb#FFFFFF\u00bb border_style_all_image=\u00bbgroove\u00bb global_colors_info=\u00bb{}\u00bb icon_color__hover_enabled=\u00bboff|hover\u00bb]<\/p>\n<p>La Alianza Francesa propone numerosas actividades tales como encuentros con artistas internacionales, talleres, conciertos, en los cuales todos est\u00e1n bienvenidos para compartir momentos especiales.<\/p>\n<p>[\/et_pb_blurb][\/et_pb_column][et_pb_column type=\u00bb1_4&#8243; _builder_version=\u00bb4.27.2&#8243; _module_preset=\u00bbdefault\u00bb global_colors_info=\u00bb{}\u00bb][et_pb_icon font_icon=\u00bb&#xe068;||fa||900&#8243; icon_color=\u00bb#333333&#8243; _builder_version=\u00bb4.27.2&#8243; _module_preset=\u00bbdefault\u00bb global_colors_info=\u00bb{}\u00bb][\/et_pb_icon][et_pb_blurb title=\u00bbRespeto y Tolerancia\u00bb image_icon_background_color=\u00bb#FFFFFF\u00bb image_icon_width=\u00bb86px\u00bb _builder_version=\u00bb4.27.4&#8243; _module_preset=\u00bbdefault\u00bb header_font=\u00bbParis||||||||\u00bb header_text_align=\u00bbcenter\u00bb header_text_color=\u00bb#474747&#8243; header_font_size=\u00bb21px\u00bb body_font=\u00bbMontserrat-Regular|500|||||||\u00bb body_text_align=\u00bbcenter\u00bb body_text_color=\u00bb#474747&#8243; body_font_size=\u00bb13px\u00bb child_filter_saturate=\u00bb114%\u00bb child_filter_brightness=\u00bb125%\u00bb child_filter_contrast=\u00bb200%\u00bb child_filter_sepia=\u00bb38%\u00bb animation_style=\u00bbfade\u00bb border_color_all_image=\u00bb#FFFFFF\u00bb border_style_all_image=\u00bbgroove\u00bb global_colors_info=\u00bb{}\u00bb icon_color__hover_enabled=\u00bboff|hover\u00bb]<\/p>\n<p>La Alianza Francesa es un lugar en el cual cada uno puede tener un espacio para expresarse en total seguridad, tanto f\u00edsica como psicol\u00f3gica, libre de prejuicios y de discriminaci\u00f3n.<\/p>\n<p>[\/et_pb_blurb][\/et_pb_column][\/et_pb_row][\/et_pb_section][et_pb_section fb_built=\u00bb1&#8243; _builder_version=\u00bb4.27.2&#8243; _module_preset=\u00bbdefault\u00bb min_height=\u00bb432.9px\u00bb custom_padding=\u00bb||18px|||\u00bb global_colors_info=\u00bb{}\u00bb][et_pb_row disabled_on=\u00bbon|on|off\u00bb _builder_version=\u00bb4.27.4&#8243; _module_preset=\u00bbdefault\u00bb custom_margin=\u00bb-53px|auto|19px|auto||\u00bb global_colors_info=\u00bb{}\u00bb][et_pb_column type=\u00bb4_4&#8243; _builder_version=\u00bb4.27.2&#8243; _module_preset=\u00bbdefault\u00bb global_colors_info=\u00bb{}\u00bb][et_pb_text _builder_version=\u00bb4.27.2&#8243; _module_preset=\u00bbdefault\u00bb text_font=\u00bbParis|500|||||||\u00bb text_text_color=\u00bb#333333&#8243; text_font_size=\u00bb62px\u00bb text_orientation=\u00bbcenter\u00bb width=\u00bb100%\u00bb min_height=\u00bb40.8px\u00bb global_colors_info=\u00bb{}\u00bb]<\/p>\n<p>Nuestras sedes\u00a0<\/p>\n<p>[\/et_pb_text][\/et_pb_column][\/et_pb_row][et_pb_row _builder_version=\u00bb4.27.2&#8243; _module_preset=\u00bbdefault\u00bb width=\u00bb86.3%\u00bb custom_margin=\u00bb-53px|47px|19px|auto||\u00bb global_colors_info=\u00bb{}\u00bb][et_pb_column type=\u00bb4_4&#8243; _builder_version=\u00bb4.27.2&#8243; _module_preset=\u00bbdefault\u00bb global_colors_info=\u00bb{}\u00bb][et_pb_text disabled_on=\u00bboff|off|on\u00bb _builder_version=\u00bb4.27.4&#8243; _module_preset=\u00bbdefault\u00bb text_font=\u00bbParis|500|||||||\u00bb text_text_color=\u00bb#333333&#8243; text_font_size=\u00bb40px\u00bb width=\u00bb113%\u00bb min_height=\u00bb40.8px\u00bb custom_padding=\u00bb0px|||51px||\u00bb global_colors_info=\u00bb{}\u00bb]<\/p>\n<p>Nuestras sedes<\/p>\n<p>[\/et_pb_text][\/et_pb_column][\/et_pb_row][et_pb_row column_structure=\u00bb1_3,1_3,1_3&#8243; _builder_version=\u00bb4.27.2&#8243; _module_preset=\u00bbdefault\u00bb global_colors_info=\u00bb{}\u00bb][et_pb_column type=\u00bb1_3&#8243; _builder_version=\u00bb4.27.2&#8243; _module_preset=\u00bbdefault\u00bb global_colors_info=\u00bb{}\u00bb][et_pb_image src=\u00bbhttps:\/\/afguayaquil.org.ec\/af\/wp-content\/uploads\/2024\/11\/Alianza-Francesa-Centro&#8211;scaled.jpg\u00bb title_text=\u00bbAlianza Francesa Centro\u00bb _builder_version=\u00bb4.27.2&#8243; _module_preset=\u00bbdefault\u00bb max_width=\u00bb107%\u00bb min_height=\u00bb192.8px\u00bb height=\u00bb231px\u00bb custom_margin=\u00bb|||16px||\u00bb custom_padding=\u00bb|||0px||\u00bb border_radii=\u00bbon|7px|7px|7px|7px\u00bb box_shadow_style=\u00bbpreset1&#8243; global_colors_info=\u00bb{}\u00bb][\/et_pb_image][et_pb_blurb title=\u00bbCentro \u00bb image_icon_background_color=\u00bb#FFFFFF\u00bb image_icon_width=\u00bb86px\u00bb _builder_version=\u00bb4.27.2&#8243; _module_preset=\u00bbdefault\u00bb header_font=\u00bbParis||||||||\u00bb header_text_align=\u00bbcenter\u00bb header_text_color=\u00bb#474747&#8243; header_font_size=\u00bb27px\u00bb header_line_height=\u00bb1.2em\u00bb body_font=\u00bbMontserrat-Regular|500|||||||\u00bb body_text_align=\u00bbcenter\u00bb body_text_color=\u00bb#474747&#8243; body_font_size=\u00bb15px\u00bb body_line_height=\u00bb1em\u00bb custom_margin=\u00bb-10px|||||\u00bb custom_padding=\u00bb|||0px||\u00bb child_filter_saturate=\u00bb114%\u00bb child_filter_brightness=\u00bb125%\u00bb child_filter_contrast=\u00bb200%\u00bb child_filter_sepia=\u00bb38%\u00bb animation_style=\u00bbfade\u00bb border_color_all_image=\u00bb#FFFFFF\u00bb border_style_all_image=\u00bbgroove\u00bb global_colors_info=\u00bb{}\u00bb]<\/p>\n<p>Hurtado\u00a0 436 y Jos\u00e9 Mascote<\/p>\n<p>0968949795<\/p>\n<p>[\/et_pb_blurb][\/et_pb_column][et_pb_column type=\u00bb1_3&#8243; _builder_version=\u00bb4.27.2&#8243; _module_preset=\u00bbdefault\u00bb global_colors_info=\u00bb{}\u00bb][et_pb_image src=\u00bbhttps:\/\/afguayaquil.org.ec\/af\/wp-content\/uploads\/2024\/11\/Alianza-francesa-sede-Samborondon&#8211;scaled.jpg\u00bb title_text=\u00bbAlianza francesa sede Samborondon\u00bb _builder_version=\u00bb4.27.2&#8243; _module_preset=\u00bbdefault\u00bb min_height=\u00bb227.8px\u00bb border_radii=\u00bbon|7px|7px|7px|7px\u00bb box_shadow_style=\u00bbpreset1&#8243; global_colors_info=\u00bb{}\u00bb][\/et_pb_image][et_pb_blurb title=\u00bbSamborond\u00f3n \u00bb image_icon_background_color=\u00bb#FFFFFF\u00bb image_icon_width=\u00bb86px\u00bb _builder_version=\u00bb4.27.4&#8243; _module_preset=\u00bbdefault\u00bb header_font=\u00bbParis||||||||\u00bb header_text_align=\u00bbcenter\u00bb header_text_color=\u00bb#474747&#8243; header_font_size=\u00bb27px\u00bb header_line_height=\u00bb1.2em\u00bb body_font=\u00bbMontserrat-Regular|500|||||||\u00bb body_text_align=\u00bbcenter\u00bb body_text_color=\u00bb#474747&#8243; body_font_size=\u00bb15px\u00bb body_line_height=\u00bb1em\u00bb custom_margin=\u00bb-10px|||||\u00bb child_filter_saturate=\u00bb114%\u00bb child_filter_brightness=\u00bb125%\u00bb child_filter_contrast=\u00bb200%\u00bb child_filter_sepia=\u00bb38%\u00bb animation_style=\u00bbfade\u00bb hover_enabled=\u00bb0&#8243; border_color_all_image=\u00bb#FFFFFF\u00bb border_style_all_image=\u00bbgroove\u00bb global_colors_info=\u00bb{}\u00bb sticky_enabled=\u00bb0&#8243;]<\/p>\n<p>Calle Diana Quintana # 933<\/p>\n<p>0997807922<\/p>\n<p>[\/et_pb_blurb][\/et_pb_column][et_pb_column type=\u00bb1_3&#8243; _builder_version=\u00bb4.27.2&#8243; _module_preset=\u00bbdefault\u00bb global_colors_info=\u00bb{}\u00bb][et_pb_image src=\u00bbhttps:\/\/afguayaquil.org.ec\/af\/wp-content\/uploads\/2024\/11\/Alianza-francesa-sede-Urdesa-scaled.jpg\u00bb title_text=\u00bbAlianza francesa sede Urdesa\u00bb _builder_version=\u00bb4.27.2&#8243; _module_preset=\u00bbdefault\u00bb min_height=\u00bb227.8px\u00bb border_radii=\u00bbon|7px|7px|7px|7px\u00bb box_shadow_style=\u00bbpreset1&#8243; global_colors_info=\u00bb{}\u00bb][\/et_pb_image][et_pb_blurb title=\u00bbUrdesa\u00bb image_icon_background_color=\u00bb#FFFFFF\u00bb image_icon_width=\u00bb86px\u00bb _builder_version=\u00bb4.27.4&#8243; _module_preset=\u00bbdefault\u00bb header_font=\u00bbParis||||||||\u00bb header_text_align=\u00bbcenter\u00bb header_text_color=\u00bb#474747&#8243; header_font_size=\u00bb27px\u00bb header_line_height=\u00bb1.2em\u00bb body_font=\u00bbMontserrat-Regular|500|||||||\u00bb body_text_align=\u00bbcenter\u00bb body_text_color=\u00bb#474747&#8243; body_font_size=\u00bb15px\u00bb body_line_height=\u00bb1em\u00bb custom_margin=\u00bb-10px|||||\u00bb child_filter_saturate=\u00bb114%\u00bb child_filter_brightness=\u00bb125%\u00bb child_filter_contrast=\u00bb200%\u00bb child_filter_sepia=\u00bb38%\u00bb animation_style=\u00bbfade\u00bb hover_enabled=\u00bb0&#8243; border_color_all_image=\u00bb#FFFFFF\u00bb border_style_all_image=\u00bbgroove\u00bb global_colors_info=\u00bb{}\u00bb sticky_enabled=\u00bb0&#8243;]<\/p>\n<p>B\u00e1lsamos 202 y \u00danica<\/p>\n<p>0997807922<\/p>\n<p>[\/et_pb_blurb][\/et_pb_column][\/et_pb_row][\/et_pb_section]<\/p>\n","protected":false},"excerpt":{"rendered":"<p>Alianza Francesa GuayaquilAlianza Francesa Guayaquil<div class=\"et_pb_module dnxte_text_highlight dnxte_text_highlight_0\">\n\t\t\t\t\n\t\t\t\t\n\t\t\t\t\n\t\t\t\t\n\t\t\t\t\n\t\t\t\t\n\t\t\t\t<div class=\"et_pb_module_inner\">\n\t\t\t\t\t<h2 class=\"dnxt-highlight-intro  dnext_highlight_alignment_left\">\n\t\t\t\t\t<span class=\"dnxt-highlight-Btext dnxt-text-heading\">Nuestra <\/span>\n\t\t\t\t\t<span class=\"dnxt-text-highlight-animated-wrapper\">\n\t\t\t\t\t\t<span class=\"dnxt-text-highlight dnxt-text-highlight-animated-text\">Historia <\/span>\n\t\t\t\t\t\t<span><svg xmlns=\"http:\/\/www.w3.org\/2000\/svg\" viewBox=\"0 0 500 150\" preserveAspectRatio=\"none\"><path d=\"M9.3,127.3c49.3-3,150.7-7.6,199.7-7.4c121.9,0.4,189.9,0.4,282.3,7.2C380.1,129.6,181.2,130.6,70,139 c82.6-2.9,254.2-1,335.9,1.3c-56,1.4-137.2-0.3-197.1,9\"><\/path><\/svg><\/span>\n\t\t\t\t\t<\/span>\n\t\t\t\t\t\n\t\t\t<\/h2>\n\t\t\t\t<\/div>\n\t\t\t<\/div><div class=\"et_pb_module dnxte_text_highlight dnxte_text_highlight_1\">\n\t\t\t\t\n\t\t\t\t\n\t\t\t\t\n\t\t\t\t\n\t\t\t\t\n\t\t\t\t\n\t\t\t\t<div class=\"et_pb_module_inner\">\n\t\t\t\t\t<h2 class=\"dnxt-highlight-intro  dnext_highlight_alignment_\u00bbleft\u00bb\">\n\t\t\t\t\t<span class=\"dnxt-highlight-Btext dnxt-text-heading\">\u00bbNuestra<\/span>\n\t\t\t\t\t<span class=\"dnxt-text-highlight-animated-wrapper\">\n\t\t\t\t\t\t<span class=\"dnxt-text-highlight dnxt-text-highlight-animated-text\">\u00bbHistoria<\/span>\n\t\t\t\t\t\t<span><svg xmlns=\"http:\/\/www.w3.org\/2000\/svg\" viewBox=\"0 0 500 150\" preserveAspectRatio=\"none\"><path d=\"M7.7,145.6C109,125,299.9,116.2,401,121.3c42.1,2.2,87.6,11.8,87.3,25.7\"><\/path><\/svg><\/span>\n\t\t\t\t\t<\/span>\n\t\t\t\t\t\n\t\t\t<\/h2>\n\t\t\t\t<\/div>\n\t\t\t<\/div><\/p>\n","protected":false},"author":1,"featured_media":0,"parent":0,"menu_order":0,"comment_status":"closed","ping_status":"closed","template":"","meta":{"_et_pb_use_builder":"on","_et_pb_old_content":"","_et_gb_content_width":"","footnotes":""},"class_list":["post-186","page","type-page","status-publish","hentry"],"yoast_head":"<!-- This site is optimized with the Yoast SEO Premium plugin v25.0 (Yoast SEO v27.5) - https:\/\/yoast.com\/product\/yoast-seo-premium-wordpress\/ -->\n<title>Nosotros Alianza Francesa de Guayaquil<\/title>\n<meta name=\"robots\" content=\"index, follow, max-snippet:-1, max-image-preview:large, max-video-preview:-1\" \/>\n<link rel=\"canonical\" href=\"https:\/\/afguayaquil.org.ec\/af\/nosotros-alianza-francesa-guayaquil\/\" \/>\n<meta property=\"og:locale\" content=\"es_ES\" \/>\n<meta property=\"og:type\" content=\"article\" \/>\n<meta property=\"og:title\" content=\"Nosotros\" \/>\n<meta property=\"og:description\" content=\"Alianza Francesa GuayaquilAlianza Francesa Guayaquil\" \/>\n<meta property=\"og:url\" content=\"https:\/\/afguayaquil.org.ec\/af\/nosotros-alianza-francesa-guayaquil\/\" \/>\n<meta property=\"og:site_name\" content=\"Alianza Francesa de Guayaquil\" \/>\n<meta property=\"article:publisher\" content=\"https:\/\/www.facebook.com\/afguayaquil?mibextid=ZbWKwL\" \/>\n<meta property=\"article:modified_time\" content=\"2025-02-12T01:29:06+00:00\" \/>\n<meta name=\"twitter:card\" content=\"summary_large_image\" \/>\n<meta name=\"twitter:label1\" content=\"Tiempo de lectura\" \/>\n\t<meta name=\"twitter:data1\" content=\"18 minutos\" \/>\n<script type=\"application\/ld+json\" class=\"yoast-schema-graph\">{\"@context\":\"https:\\\/\\\/schema.org\",\"@graph\":[{\"@type\":\"WebPage\",\"@id\":\"https:\\\/\\\/afguayaquil.org.ec\\\/af\\\/nosotros-alianza-francesa-guayaquil\\\/\",\"url\":\"https:\\\/\\\/afguayaquil.org.ec\\\/af\\\/nosotros-alianza-francesa-guayaquil\\\/\",\"name\":\"Nosotros Alianza Francesa de Guayaquil\",\"isPartOf\":{\"@id\":\"https:\\\/\\\/afguayaquil.org.ec\\\/af\\\/#website\"},\"datePublished\":\"2024-10-24T03:10:32+00:00\",\"dateModified\":\"2025-02-12T01:29:06+00:00\",\"breadcrumb\":{\"@id\":\"https:\\\/\\\/afguayaquil.org.ec\\\/af\\\/nosotros-alianza-francesa-guayaquil\\\/#breadcrumb\"},\"inLanguage\":\"es\",\"potentialAction\":[{\"@type\":\"ReadAction\",\"target\":[\"https:\\\/\\\/afguayaquil.org.ec\\\/af\\\/nosotros-alianza-francesa-guayaquil\\\/\"]}]},{\"@type\":\"BreadcrumbList\",\"@id\":\"https:\\\/\\\/afguayaquil.org.ec\\\/af\\\/nosotros-alianza-francesa-guayaquil\\\/#breadcrumb\",\"itemListElement\":[{\"@type\":\"ListItem\",\"position\":1,\"name\":\"Portada\",\"item\":\"https:\\\/\\\/afguayaquil.org.ec\\\/af\\\/\"},{\"@type\":\"ListItem\",\"position\":2,\"name\":\"Nosotros\"}]},{\"@type\":\"WebSite\",\"@id\":\"https:\\\/\\\/afguayaquil.org.ec\\\/af\\\/#website\",\"url\":\"https:\\\/\\\/afguayaquil.org.ec\\\/af\\\/\",\"name\":\"Alianza Francesa de Guayaquil\",\"description\":\"Aprende Frances, cursos de frances, clases de frances, idioma frances, cultura francesa, hablar frances\",\"publisher\":{\"@id\":\"https:\\\/\\\/afguayaquil.org.ec\\\/af\\\/#organization\"},\"alternateName\":\"Cursos de frances\",\"potentialAction\":[{\"@type\":\"SearchAction\",\"target\":{\"@type\":\"EntryPoint\",\"urlTemplate\":\"https:\\\/\\\/afguayaquil.org.ec\\\/af\\\/?s={search_term_string}\"},\"query-input\":{\"@type\":\"PropertyValueSpecification\",\"valueRequired\":true,\"valueName\":\"search_term_string\"}}],\"inLanguage\":\"es\"},{\"@type\":\"Organization\",\"@id\":\"https:\\\/\\\/afguayaquil.org.ec\\\/af\\\/#organization\",\"name\":\"Alianza Francesa de Guayaquil\",\"alternateName\":\"Cursos de frances guayaquil\",\"url\":\"https:\\\/\\\/afguayaquil.org.ec\\\/af\\\/\",\"logo\":{\"@type\":\"ImageObject\",\"inLanguage\":\"es\",\"@id\":\"https:\\\/\\\/afguayaquil.org.ec\\\/af\\\/#\\\/schema\\\/logo\\\/image\\\/\",\"url\":\"https:\\\/\\\/afguayaquil.org.ec\\\/af\\\/wp-content\\\/uploads\\\/2024\\\/10\\\/logoaf.png\",\"contentUrl\":\"https:\\\/\\\/afguayaquil.org.ec\\\/af\\\/wp-content\\\/uploads\\\/2024\\\/10\\\/logoaf.png\",\"width\":125,\"height\":125,\"caption\":\"Alianza Francesa de Guayaquil\"},\"image\":{\"@id\":\"https:\\\/\\\/afguayaquil.org.ec\\\/af\\\/#\\\/schema\\\/logo\\\/image\\\/\"},\"sameAs\":[\"https:\\\/\\\/www.facebook.com\\\/afguayaquil?mibextid=ZbWKwL\",\"https:\\\/\\\/www.instagram.com\\\/afguayaquil?igsh=anE5M2Nyc3g5OTI=\",\"https:\\\/\\\/www.tiktok.com\\\/@afguayaquil?_t=8rcDNvQXJTk&_r=1\"]}]}<\/script>\n<!-- \/ Yoast SEO Premium plugin. -->","yoast_head_json":{"title":"Nosotros Alianza Francesa de Guayaquil","robots":{"index":"index","follow":"follow","max-snippet":"max-snippet:-1","max-image-preview":"max-image-preview:large","max-video-preview":"max-video-preview:-1"},"canonical":"https:\/\/afguayaquil.org.ec\/af\/nosotros-alianza-francesa-guayaquil\/","og_locale":"es_ES","og_type":"article","og_title":"Nosotros","og_description":"Alianza Francesa GuayaquilAlianza Francesa Guayaquil","og_url":"https:\/\/afguayaquil.org.ec\/af\/nosotros-alianza-francesa-guayaquil\/","og_site_name":"Alianza Francesa de Guayaquil","article_publisher":"https:\/\/www.facebook.com\/afguayaquil?mibextid=ZbWKwL","article_modified_time":"2025-02-12T01:29:06+00:00","twitter_card":"summary_large_image","twitter_misc":{"Tiempo de lectura":"18 minutos"},"schema":{"@context":"https:\/\/schema.org","@graph":[{"@type":"WebPage","@id":"https:\/\/afguayaquil.org.ec\/af\/nosotros-alianza-francesa-guayaquil\/","url":"https:\/\/afguayaquil.org.ec\/af\/nosotros-alianza-francesa-guayaquil\/","name":"Nosotros Alianza Francesa de Guayaquil","isPartOf":{"@id":"https:\/\/afguayaquil.org.ec\/af\/#website"},"datePublished":"2024-10-24T03:10:32+00:00","dateModified":"2025-02-12T01:29:06+00:00","breadcrumb":{"@id":"https:\/\/afguayaquil.org.ec\/af\/nosotros-alianza-francesa-guayaquil\/#breadcrumb"},"inLanguage":"es","potentialAction":[{"@type":"ReadAction","target":["https:\/\/afguayaquil.org.ec\/af\/nosotros-alianza-francesa-guayaquil\/"]}]},{"@type":"BreadcrumbList","@id":"https:\/\/afguayaquil.org.ec\/af\/nosotros-alianza-francesa-guayaquil\/#breadcrumb","itemListElement":[{"@type":"ListItem","position":1,"name":"Portada","item":"https:\/\/afguayaquil.org.ec\/af\/"},{"@type":"ListItem","position":2,"name":"Nosotros"}]},{"@type":"WebSite","@id":"https:\/\/afguayaquil.org.ec\/af\/#website","url":"https:\/\/afguayaquil.org.ec\/af\/","name":"Alianza Francesa de Guayaquil","description":"Aprende Frances, cursos de frances, clases de frances, idioma frances, cultura francesa, hablar frances","publisher":{"@id":"https:\/\/afguayaquil.org.ec\/af\/#organization"},"alternateName":"Cursos de frances","potentialAction":[{"@type":"SearchAction","target":{"@type":"EntryPoint","urlTemplate":"https:\/\/afguayaquil.org.ec\/af\/?s={search_term_string}"},"query-input":{"@type":"PropertyValueSpecification","valueRequired":true,"valueName":"search_term_string"}}],"inLanguage":"es"},{"@type":"Organization","@id":"https:\/\/afguayaquil.org.ec\/af\/#organization","name":"Alianza Francesa de Guayaquil","alternateName":"Cursos de frances guayaquil","url":"https:\/\/afguayaquil.org.ec\/af\/","logo":{"@type":"ImageObject","inLanguage":"es","@id":"https:\/\/afguayaquil.org.ec\/af\/#\/schema\/logo\/image\/","url":"https:\/\/afguayaquil.org.ec\/af\/wp-content\/uploads\/2024\/10\/logoaf.png","contentUrl":"https:\/\/afguayaquil.org.ec\/af\/wp-content\/uploads\/2024\/10\/logoaf.png","width":125,"height":125,"caption":"Alianza Francesa de Guayaquil"},"image":{"@id":"https:\/\/afguayaquil.org.ec\/af\/#\/schema\/logo\/image\/"},"sameAs":["https:\/\/www.facebook.com\/afguayaquil?mibextid=ZbWKwL","https:\/\/www.instagram.com\/afguayaquil?igsh=anE5M2Nyc3g5OTI=","https:\/\/www.tiktok.com\/@afguayaquil?_t=8rcDNvQXJTk&_r=1"]}]}},"_links":{"self":[{"href":"https:\/\/afguayaquil.org.ec\/af\/wp-json\/wp\/v2\/pages\/186","targetHints":{"allow":["GET"]}}],"collection":[{"href":"https:\/\/afguayaquil.org.ec\/af\/wp-json\/wp\/v2\/pages"}],"about":[{"href":"https:\/\/afguayaquil.org.ec\/af\/wp-json\/wp\/v2\/types\/page"}],"author":[{"embeddable":true,"href":"https:\/\/afguayaquil.org.ec\/af\/wp-json\/wp\/v2\/users\/1"}],"replies":[{"embeddable":true,"href":"https:\/\/afguayaquil.org.ec\/af\/wp-json\/wp\/v2\/comments?post=186"}],"version-history":[{"count":113,"href":"https:\/\/afguayaquil.org.ec\/af\/wp-json\/wp\/v2\/pages\/186\/revisions"}],"predecessor-version":[{"id":6192,"href":"https:\/\/afguayaquil.org.ec\/af\/wp-json\/wp\/v2\/pages\/186\/revisions\/6192"}],"wp:attachment":[{"href":"https:\/\/afguayaquil.org.ec\/af\/wp-json\/wp\/v2\/media?parent=186"}],"curies":[{"name":"wp","href":"https:\/\/api.w.org\/{rel}","templated":true}]}}